{"id":814,"date":"2019-07-11T08:23:35","date_gmt":"2019-07-11T08:23:35","guid":{"rendered":"https:\/\/www.swissfoundations.ch\/sektor\/politik-recht\/"},"modified":"2026-03-12T13:22:10","modified_gmt":"2026-03-12T13:22:10","slug":"politique-droit","status":"publish","type":"sector","link":"https:\/\/www.swissfoundations.ch\/fr\/secteur\/politique-droit\/","title":{"rendered":"Politique &#038; droit"},"content":{"rendered":"<section id=\"content-field-block_543e825887b191325775191039dd5212\" class=\"container single-part\">\n        <div class=\"row\">\n            <div class=\"col-lg-12 content-wrap global\">\n                <div class=\"the-content\">\n                    <h1>D\u00e9clarations et prises de position<\/h1>\n<p>En Suisse, les fondations donatrices s\u2019engagent avec force et innovation pour le bien commun.<\/p>\n<p>Cr\u00e9\u00e9e en 2001 \u00e0 l&rsquo;initiative de onze fondations, SwissFoundations regroupe les fondations donatrices suisses d&rsquo;utilit\u00e9 publique et leur donne une voix forte et ind\u00e9pendante. R\u00e9seau actif et vou\u00e9 \u00e0 l&rsquo;innovation, SwissFoundations promeut le partage d&rsquo;exp\u00e9riences, la transparence et le professionnalisme dans le secteur suisse des fondations d&rsquo;utilit\u00e9 publique.<\/p>\n                <\/div>\n            <\/div>\n        <\/div>\n    <\/section><section id=\"statements-block_51c201a35e534c5b4a014cbb88bda179\" class=\"container single-part\">\n        <div class=\"row\">\n            <div class=\"col-lg-12 content-wrap global\">\n                <div class=\"additional-info-block\">\n                    <div class=\"items-list\">\n                                                    <div>\n                                <time class=\"txt\">27. f\u00e9vrier 2026<\/time>\n                                <a href=\"https:\/\/www.swissfoundations.ch\/wp-content\/uploads\/2019\/07\/SwissFoundations_Prise-de-position_Motion-24.4514-Renforcement-du-caractere-dutilite-publique-des-organisations-exonerees-dimpot.pdf\" target=\"_blank\"\n                                   class=\"h2 title\">Prise de position concernant la motion 24.4514 \u00ab Renforcement du caract\u00e8re d&rsquo;utilit\u00e9 publique des organisations exon\u00e9r\u00e9es d&rsquo;imp\u00f4ts \u00bb<\/a>\n                                <p class=\"title-small description\">Prise de position compl\u00e9mentaire de SwissFoundations du 27 f\u00e9vrier 2026 concernant la motion 24.4514 \u00ab Renforcement du caract\u00e8re d&rsquo;utilit\u00e9 publique des organisations exon\u00e9r\u00e9es d&rsquo;imp\u00f4ts \u00bb<\/p>\n                                                                    <a class=\"title-small link\" href=\"https:\/\/www.swissfoundations.ch\/wp-content\/uploads\/2019\/07\/SwissFoundations_Prise-de-position_Motion-24.4514-Renforcement-du-caractere-dutilite-publique-des-organisations-exonerees-dimpot.pdf\"\n                                       target=\"_blank\">pdf<\/a>\n                                                            <\/div>\n                                                    <div>\n                                <time class=\"txt\">22. septembre 2023<\/time>\n                                <a href=\"https:\/\/www.swissfoundations.ch\/wp-content\/uploads\/2019\/07\/FR_Stellungnahme_Kulturbotschaft-2025-2028401.pdf\" target=\"_blank\"\n                                   class=\"h2 title\">Message culture 2025 &#8211; 2028<\/a>\n                                <p class=\"title-small description\">Prise de position du Cercle de travail Art et Culture de SwissFoundations sur le projet mis en consultation.<\/p>\n                                                                    <a class=\"title-small link\" href=\"https:\/\/www.swissfoundations.ch\/wp-content\/uploads\/2019\/07\/FR_Stellungnahme_Kulturbotschaft-2025-2028401.pdf\"\n                                       target=\"_blank\">pdf<\/a>\n                                                            <\/div>\n                                                    <div>\n                                <time class=\"txt\">19. septembre 2023<\/time>\n                                <a href=\"https:\/\/www.swissfoundations.ch\/wp-content\/uploads\/2019\/07\/Prise-de-position-SF-IDC-2025-2028-final-FR.pdf\" target=\"_blank\"\n                                   class=\"h2 title\">Message sur la coop\u00e9ration internationale 2025 &#8211; 2028<\/a>\n                                <p class=\"title-small description\">Les fondations r\u00e9unies au sein du Cercle de travail International Development and Cooperation (IDC) de SwissFoundations y sont globalement favorables. La pr\u00e9sente prise de position se concentre sur les domaines et les objectifs que le groupe de travail juge particuli\u00e8rement importants.<\/p>\n                                                                    <a class=\"title-small link\" href=\"https:\/\/www.swissfoundations.ch\/wp-content\/uploads\/2019\/07\/Prise-de-position-SF-IDC-2025-2028-final-FR.pdf\"\n                                       target=\"_blank\">pdf<\/a>\n                                                            <\/div>\n                                                    <div>\n                                <time class=\"txt\">19. avril 2022<\/time>\n                                <a href=\"https:\/\/www.swissfoundations.ch\/wp-content\/uploads\/2019\/07\/Stellungnahme-SwissFoundations_Schweizer-Trust_f-2.pdf\" target=\"_blank\"\n                                   class=\"h2 title\">Prise de position de SwissFoundations sur le trust suisse : le trust suisse doit \u00eatre ins\u00e9r\u00e9 harmonieusement dans l&rsquo;ordre juridique existant<\/a>\n                                <p class=\"title-small description\">Prise de position de SwissFoundations sur le trust suisse : le trust suisse doit \u00eatre ins\u00e9r\u00e9 harmonieusement dans l\u2019ordre juridique existant. <\/p>\n                                                                    <a class=\"title-small link\" href=\"https:\/\/www.swissfoundations.ch\/wp-content\/uploads\/2019\/07\/Stellungnahme-SwissFoundations_Schweizer-Trust_f-2.pdf\"\n                                       target=\"_blank\">pdf<\/a>\n                                                            <\/div>\n                                                    <div>\n                                <time class=\"txt\">15. novembre 2021<\/time>\n                                <a href=\"https:\/\/www.swissfoundations.ch\/wp-content\/uploads\/2019\/07\/SF_Eingabe_PaIv_Luginbu\u0308hl_RKNR_2021_FR.pdf\" target=\"_blank\"\n                                   class=\"h2 title\">Requ\u00eate de SwissFoundations: 14.470 Iv.Pa. Luginb\u00fchl (Commission des Affaires Juridiques CN)<\/a>\n                                <p class=\"title-small description\">Requ\u00eate de SwissFoundations, l\u2019association des fondations donatrices suisses: 14.470 Iv.Pa. Luginbu\u0308hl. Renforcer l\u2019attractivit\u00e9 de la Suisse pour les fondations<\/p>\n                                                                    <a class=\"title-small link\" href=\"https:\/\/www.swissfoundations.ch\/wp-content\/uploads\/2019\/07\/SF_Eingabe_PaIv_Luginbu\u0308hl_RKNR_2021_FR.pdf\"\n                                       target=\"_blank\">pdf<\/a>\n                                                            <\/div>\n                                                    <div>\n                                <time class=\"txt\">7. octobre 2021<\/time>\n                                <a href=\"https:\/\/www.swissfoundations.ch\/wp-content\/uploads\/2019\/07\/SF_Stellungnahme_VDSG_2021_FR_final.pdf\" target=\"_blank\"\n                                   class=\"h2 title\">Prise de position concernant l\u2019ordonnance relative \u00e0 la loi f\u00e9d\u00e9rale sur la protection des donn\u00e9es (OLPD)<\/a>\n                                <p class=\"title-small description\">Prise de position de SwissFoundations, l\u2019association des fondations donatrices  suisses: consultation  concernant  l\u2019ordonnance  relative  \u00e0 la loi f\u00e9d\u00e9rale sur la protection des donn\u00e9es (OLPD)<\/p>\n                                                                    <a class=\"title-small link\" href=\"https:\/\/www.swissfoundations.ch\/wp-content\/uploads\/2019\/07\/SF_Stellungnahme_VDSG_2021_FR_final.pdf\"\n                                       target=\"_blank\">pdf<\/a>\n                                                            <\/div>\n                                                    <div>\n                                <time class=\"txt\">10. septembre 2021<\/time>\n                                <a href=\"https:\/\/www.swissfoundations.ch\/wp-content\/uploads\/2019\/07\/SF_Stellungnahme_PaIv_Luginbuhl_NR_2021_FR.pdf\" target=\"_blank\"\n                                   class=\"h2 title\">Prise de position de SwissFoundations: 14.470 Iv.Pa. Luginb\u00fchl (Session du Conseil national)<\/a>\n                                <p class=\"title-small description\">Prise de position de SwissFoundations, l\u2019association des fondations<br \/>\r\ndonatrices suisses: 14.470 Iv.Pa. Luginb\u00fchl. Renforcer l\u2019attractivit\u00e9<br \/>\r\nde la Suisse pour les fondations<\/p>\n                                                                    <a class=\"title-small link\" href=\"https:\/\/www.swissfoundations.ch\/wp-content\/uploads\/2019\/07\/SF_Stellungnahme_PaIv_Luginbuhl_NR_2021_FR.pdf\"\n                                       target=\"_blank\">pdf<\/a>\n                                                            <\/div>\n                                                    <div>\n                                <time class=\"txt\">1. juin 2021<\/time>\n                                <a href=\"https:\/\/www.swissfoundations.ch\/wp-content\/uploads\/2021\/06\/SF_Prise-de-position_Motion-Noser_sr_2021_FR_final.pdf\" target=\"_blank\"\n                                   class=\"h2 title\">Prise de position de SwissFoundations: 20.4162 Motion Noser (Session du Conseil des Etats)<\/a>\n                                <p class=\"title-small description\">Prise de position de SwissFoundations, l\u2019association des fondations donatrices suisses: 20.4162 Motion Noser \u00abL\u2019exon\u00e9ration fiscale pour utilit\u00e9 publique des personnes morales qui poursuivent des objectifs politiques est-elle justifi\u00e9e?\u00bb<br \/>\r\n<\/p>\n                                                                    <a class=\"title-small link\" href=\"https:\/\/www.swissfoundations.ch\/wp-content\/uploads\/2021\/06\/SF_Prise-de-position_Motion-Noser_sr_2021_FR_final.pdf\"\n                                       target=\"_blank\">pdf<\/a>\n                                                            <\/div>\n                                                    <div>\n                                <time class=\"txt\">1. juin 2021<\/time>\n                                <a href=\"https:\/\/www.swissfoundations.ch\/wp-content\/uploads\/2021\/06\/SF_Prise-de-position_PaIv_Luginb\u00fchl_SR_2021_FR_final.pdf\" target=\"_blank\"\n                                   class=\"h2 title\">Prise de position de SwissFoundations: 14.470 Iv.Pa. Luginb\u00fchl (Session du Conseil des Etats)<\/a>\n                                <p class=\"title-small description\">Prise de position de SwissFoundations, l\u2019association des fondations donatrices suisses : 14.470 Iv.Pa. Luginb\u00fchl. Renforcer l\u2019attractivit\u00e9 de la Suisse pour les fondations<\/p>\n                                                                    <a class=\"title-small link\" href=\"https:\/\/www.swissfoundations.ch\/wp-content\/uploads\/2021\/06\/SF_Prise-de-position_PaIv_Luginb\u00fchl_SR_2021_FR_final.pdf\"\n                                       target=\"_blank\">pdf<\/a>\n                                                            <\/div>\n                                                    <div>\n                                <time class=\"txt\">12. avril 2021<\/time>\n                                <a href=\"https:\/\/www.swissfoundations.ch\/wp-content\/uploads\/2019\/07\/SF_Stellungnahme_Motion-Noser_waksr_2021_FR_final.pdf\" target=\"_blank\"\n                                   class=\"h2 title\">Prise de position de SwissFoundations: 20.4162 Motion Noser<\/a>\n                                <p class=\"title-small description\">Prise de position de SwissFoundations: 20.4162 Motion Noser \u00abL\u2019exon\u00e9ration fiscale pour utilit\u00e9 publique des personnes morales qui poursuivent des objectifs politiques est-elle justifi\u00e9e?\u00bb<\/p>\n                                                                    <a class=\"title-small link\" href=\"https:\/\/www.swissfoundations.ch\/wp-content\/uploads\/2019\/07\/SF_Stellungnahme_Motion-Noser_waksr_2021_FR_final.pdf\"\n                                       target=\"_blank\">pdf<\/a>\n                                                            <\/div>\n                                                    <div>\n                                <time class=\"txt\">17. f\u00e9vrier 2021<\/time>\n                                <a href=\"https:\/\/www.swissfoundations.ch\/wp-content\/uploads\/2019\/07\/SF_Prise-de-positions_SNE2030_FR.pdf\" target=\"_blank\"\n                                   class=\"h2 title\">Strat\u00e9gie pour le d\u00e9veloppement durable 2030<\/a>\n                                <p class=\"title-small description\">Prise de position de SwissFoundations, l\u2019association des fondations donatrices suisses, relative \u00e0 la Strat\u00e9gie pour le d\u00e9veloppement durable 2030<\/p>\n                                                                    <a class=\"title-small link\" href=\"https:\/\/www.swissfoundations.ch\/wp-content\/uploads\/2019\/07\/SF_Prise-de-positions_SNE2030_FR.pdf\"\n                                       target=\"_blank\">pdf<\/a>\n                                                            <\/div>\n                                                    <div>\n                                <time class=\"txt\">12. f\u00e9vrier 2021<\/time>\n                                <a href=\"https:\/\/www.swissfoundations.ch\/wp-content\/uploads\/2019\/07\/SF_Prise-de-position_PaIv_Luginb\u00fchl_RKSR_2021_FR-1.pdf\" target=\"_blank\"\n                                   class=\"h2 title\">Prise de position sur la r\u00e9duction de l&rsquo;initiative parlementaire Luginb\u00fchl<\/a>\n                                <p class=\"title-small description\">Prise de position de SwissFoundations, l\u2019association des fondations donatrices suisses : 14.470 Iv.Pa. Luginb\u00fchl. Renforcer l\u2019attractivit\u00e9 de la Suisse pour les fondations<\/p>\n                                                                    <a class=\"title-small link\" href=\"https:\/\/www.swissfoundations.ch\/wp-content\/uploads\/2019\/07\/SF_Prise-de-position_PaIv_Luginb\u00fchl_RKSR_2021_FR-1.pdf\"\n                                       target=\"_blank\">pdf<\/a>\n                                                            <\/div>\n                                                    <div>\n                                <time class=\"txt\">8. mai 2020<\/time>\n                                <a href=\"https:\/\/www.swissfoundations.ch\/wp-content\/uploads\/2019\/07\/Stellungnahme-WBK_final_fr.pdf\" target=\"_blank\"\n                                   class=\"h2 title\">Prise de position sur le Message culture (encouragement de la culture pour la p\u00e9riode 2021 \u00e0 2024) \u00e0 la CSEC-N<\/a>\n                                <p class=\"title-small description\">Prise de position du \u00abCercle de travail Art et culture\u00bb de SwissFoundations<\/p>\n                                                                    <a class=\"title-small link\" href=\"https:\/\/www.swissfoundations.ch\/wp-content\/uploads\/2019\/07\/Stellungnahme-WBK_final_fr.pdf\"\n                                       target=\"_blank\">pdf<\/a>\n                                                            <\/div>\n                                                    <div>\n                                <time class=\"txt\">5. mars 2020<\/time>\n                                <a href=\"https:\/\/www.swissfoundations.ch\/wp-content\/uploads\/2019\/07\/SF_Prise_de_position_Initiative_Luginbuhl_5.3.2020.pdf\" target=\"_blank\"\n                                   class=\"h2 title\">Prise de position de SwissFoundations: 14.470 IV. PA. Luginb\u00fchl<\/a>\n                                <p class=\"title-small description\">Prise de position de SwissFoundations: 14.470 IV. PA. Luginb\u00fchl \u00ab\u00a0Renforcer l&rsquo;attractivit\u00e9 de la Suisse pour les fondations\u00a0\u00bb<\/p>\n                                                                    <a class=\"title-small link\" href=\"https:\/\/www.swissfoundations.ch\/wp-content\/uploads\/2019\/07\/SF_Prise_de_position_Initiative_Luginbuhl_5.3.2020.pdf\"\n                                       target=\"_blank\">pdf<\/a>\n                                                            <\/div>\n                                                    <div>\n                                <time class=\"txt\">30. janvier 2020<\/time>\n                                <a href=\"https:\/\/www.swissfoundations.ch\/wp-content\/uploads\/2019\/07\/Prise-de-position-30.01.2020.pdf\" target=\"_blank\"\n                                   class=\"h2 title\">Avant-projet d\u2019adaptation de la pratique LTVA<\/a>\n                                <p class=\"title-small description\">Cette prise de position sur l&rsquo;avant-projet d&rsquo;adaptation de la pratique LTVA a \u00e9t\u00e9 r\u00e9dig\u00e9e en collaboration avec les fondations membres des Cercles de travail International development and cooperation et Corporate foundations. <\/p>\n                                                                    <a class=\"title-small link\" href=\"https:\/\/www.swissfoundations.ch\/wp-content\/uploads\/2019\/07\/Prise-de-position-30.01.2020.pdf\"\n                                       target=\"_blank\">pdf<\/a>\n                                                            <\/div>\n                                                    <div>\n                                <time class=\"txt\">26. ao\u00fbt 2019<\/time>\n                                <a href=\"https:\/\/www.swissfoundations.ch\/wp-content\/uploads\/2019\/07\/Prise-de-position-du-Cercle-de-travail-IDC-26.08.2019.pdf\" target=\"_blank\"\n                                   class=\"h2 title\">Message sur la coop\u00e9ration internationale 2021 &#8211; 2024<\/a>\n                                <p class=\"title-small description\">Les fondations r\u00e9unies au sein du Cercle de travail International Development and Cooperation (IDC) de SwissFoundations y sont globalement favorables. La pr\u00e9sente prise de position se concentre sur les domaines et les objectifs que le groupe de travail juge particuli\u00e8rement importants.<\/p>\n                                                                    <a class=\"title-small link\" href=\"https:\/\/www.swissfoundations.ch\/wp-content\/uploads\/2019\/07\/Prise-de-position-du-Cercle-de-travail-IDC-26.08.2019.pdf\"\n                                       target=\"_blank\">pdf<\/a>\n                                                            <\/div>\n                                                    <div>\n                                <time class=\"txt\">11. juin 2019<\/time>\n                                <a href=\"https:\/\/www.swissfoundations.ch\/wp-content\/uploads\/2019\/07\/SF_Prise_de_Position_OEAR_11.6.2019.pdf\" target=\"_blank\"\n                                   class=\"h2 title\">R\u00e9vision de l&rsquo;OEAR<\/a>\n                                <p class=\"title-small description\">La suppression des exemptions existant pr\u00e9c\u00e9demment sous la pression de l&rsquo;OCDE constitue une menace consid\u00e9rable pour la tradition caritative de notre pays et l&rsquo;attrait de la Suisse en tant qu\u2019emplacement de choix pour les fondations. C&rsquo;est donc avec v\u00e9h\u00e9mence et fermet\u00e9 que SwissFoundations s&rsquo;oppose \u00e0 l\u2019institution d&rsquo;une obligation de rendre compte pour les fondations donatrices d&rsquo;utilit\u00e9 publique.<\/p>\n                                                                    <a class=\"title-small link\" href=\"https:\/\/www.swissfoundations.ch\/wp-content\/uploads\/2019\/07\/SF_Prise_de_Position_OEAR_11.6.2019.pdf\"\n                                       target=\"_blank\">pdf<\/a>\n                                                            <\/div>\n                                                    <div>\n                                <time class=\"txt\">13. mai 2019<\/time>\n                                <a href=\"https:\/\/www.swissfoundations.ch\/wp-content\/uploads\/2019\/07\/Prise_de_position_SF_Initiative_Luginbu\u0308hl_26.03.19.pdf\" target=\"_blank\"\n                                   class=\"h2 title\">Renforcer l&rsquo;attractivit\u00e9 de la Suisse pour les fondations<\/a>\n                                <p class=\"title-small description\">En principe, SwissFoundations adopte une posture retenue \u00e0 l&rsquo;\u00e9gard des changements l\u00e9gislatifs et fiscaux concernant les fondations. SwissFoundations s&rsquo;engage pour la p\u00e9rennisation et la modernisation de la libert\u00e9 des fondateurs et de l&rsquo;implantation des fondations. Cependant, nous ne sommes pas convaincus que la voie l\u00e9gislative soit la plus appropri\u00e9e pour cela. L&rsquo;engagement philanthropique exige, aujourd&rsquo;hui plus que jamais, de la flexibilit\u00e9. Dans un monde en constante mutation, SwissFoundations s&rsquo;engage donc avant tout pour une mise en \u0153uvre souple et pragmatique dans la pratique et ne voit qu&rsquo;un besoin d&rsquo;action tr\u00e8s limit\u00e9 de modifier la l\u00e9gislation actuelle.<\/p>\n                                                                    <a class=\"title-small link\" href=\"https:\/\/www.swissfoundations.ch\/wp-content\/uploads\/2019\/07\/Prise_de_position_SF_Initiative_Luginbu\u0308hl_26.03.19.pdf\"\n                                       target=\"_blank\">pdf<\/a>\n                                                            <\/div>\n                                                    <div>\n                                <time class=\"txt\">16. ao\u00fbt 2017<\/time>\n                                <a href=\"\" target=\"_blank\"\n                                   class=\"h2 title\">La commission des affaires juridiques du Conseil des Etats d\u00e9cide de nouveau de soutenir l&rsquo;initiative Luginb\u00fchl<\/a>\n                                <p class=\"title-small description\">La Commission des affaires juridiques du Conseil des Etats a d\u00e9cid\u00e9 le 15 ao\u00fbt 2017 de maintenir sa d\u00e9cision de donner suite \u00e0 l\u2019initiative parlementaire Luginb\u00fchl, contrairement \u00e0 son homologue du Conseil national. SwissFoundations recommande de rejeter l&rsquo;initiative. En raison de la discordance entre les deux Commissions des affaires juridiques, l&rsquo;initiative sera trait\u00e9e lors d&rsquo;une prochaine \u00e9tape au conseil des Etats. SwissFoundations continue de suivre ce dossier de pr\u00e8s.<\/p>\n                                                            <\/div>\n                                                    <div>\n                                <time class=\"txt\">9. ao\u00fbt 2017<\/time>\n                                <a href=\"https:\/\/www.swissfoundations.ch\/wp-content\/uploads\/2019\/07\/PrisePosition_SF_ParlIni_Luginbu\u0308hl_28.7.20107_final.pdf\" target=\"_blank\"\n                                   class=\"h2 title\">SwissFoundations recommande de rejeter l&rsquo;initiative Luginb\u00fchl<\/a>\n                                <p class=\"title-small description\">Contrairement \u00e0 son homologue du Conseil des Etats, la Commission juridique du Conseil national ne juge pas n\u00e9cessaire de modifier la l\u00e9gislation applicable aux fondations: elle a d\u00e9cid\u00e9, par 13 voix contre 6, de ne pas approuver l\u2019initiative parlementaire Luginb\u00fchl visant \u00e0 renforcer l&rsquo;attractivit\u00e9 de la Suisse pour les fondations. C\u2019est maintenant aux Conseillers f\u00e9d\u00e9raux de se prononcer sur l\u2019avenir de cette initiative.<\/p>\n                                                                    <a class=\"title-small link\" href=\"https:\/\/www.swissfoundations.ch\/wp-content\/uploads\/2019\/07\/PrisePosition_SF_ParlIni_Luginbu\u0308hl_28.7.20107_final.pdf\"\n                                       target=\"_blank\">pdf<\/a>\n                                                            <\/div>\n                                                    <div>\n                                <time class=\"txt\">16. d\u00e9cembre 2016<\/time>\n                                <a href=\"https:\/\/www.swissfoundations.ch\/wp-content\/uploads\/2019\/07\/FATF_Risikoanalyse_Sektor_16_03_03f_0.pdf\" target=\"_blank\"\n                                   class=\"h2 title\">SwissFoundations \u00e0 l&rsquo;audition du GAFI<\/a>\n                                <p class=\"title-small description\">Le Groupe d\u2019action financi\u00e8re (GAFI) a pour but la lutte contre le blanchiment de capitaux et le financement du terrorisme et \u00e9labore des recommandations \u00e0 cet effet. La recommandation 8 s&rsquo;adresse aux organisations \u00e0 but non lucratif qui sont consid\u00e9r\u00e9es par le GAFI comme un groupe \u00abparticuli\u00e8rement vuln\u00e9rable \u00bb. En tant que membre de la \u00ab\u00a0Global Coalition of NPO on FATF\u00a0\u00bb, SwissFoundations lutte contre le renforcement de la recommandation 8.<\/p>\n                                                                    <a class=\"title-small link\" href=\"https:\/\/www.swissfoundations.ch\/wp-content\/uploads\/2019\/07\/FATF_Risikoanalyse_Sektor_16_03_03f_0.pdf\"\n                                       target=\"_blank\">pdf<\/a>\n                                                            <\/div>\n                                                    <div>\n                                <time class=\"txt\">7. octobre 2014<\/time>\n                                <a href=\"https:\/\/www.swissfoundations.ch\/wp-content\/uploads\/2019\/07\/Prise-de-position-concernant-la-consultation-sur-la-Swiss-GAAP-RPC-21-\u00e9tablissement-des-comptes-d\u2019organisations-\u00e0-but-non-lucratif-NPO-.pdf\" target=\"_blank\"\n                                   class=\"h2 title\">Prise de position dans le cadre de la proc\u00e9dure de consultation Swiss GAAP FER21<\/a>\n                                <p class=\"title-small description\">SwissFoundations a pris position dans le cadre de  la proc\u00e9dure de consultation pour la \u00ab Swiss GAAP RPC 21 \u00e9tablissement des comptes de NPO \u00bb ouverte par la fondation pour les recommandations relatives \u00e0 la pr\u00e9sentation des comptes. Vous pouvez t\u00e9l\u00e9charger les consid\u00e9rations d\u00e9taill\u00e9es de notre association en cliquant sur le lien ci-dessous.<\/p>\n                                                                    <a class=\"title-small link\" href=\"https:\/\/www.swissfoundations.ch\/wp-content\/uploads\/2019\/07\/Prise-de-position-concernant-la-consultation-sur-la-Swiss-GAAP-RPC-21-\u00e9tablissement-des-comptes-d\u2019organisations-\u00e0-but-non-lucratif-NPO-.pdf\"\n                                       target=\"_blank\">pdf<\/a>\n                                                            <\/div>\n                                                    <div>\n                                <time class=\"txt\">16. septembre 2014<\/time>\n                                <a href=\"https:\/\/www.swissfoundations.ch\/wp-content\/uploads\/2019\/07\/Prise-de-position-concernant-le-message-sur-l\u2019encouragement-de-la-culture-pour-la-p\u00e9riode-2016\u20132019-.pdf\" target=\"_blank\"\n                                   class=\"h2 title\">Message culture 2016-2019<\/a>\n                                <p class=\"title-small description\">Le Conseil f\u00e9d\u00e9ral a ouvert le 28.5.2014 la proc\u00e9dure de consultation sur le Message concernant l&rsquo;encouragement de la culture pour les ann\u00e9es 2016 \u00e0 2019 (Message culture). Le Message culture d\u00e9finit le objectifs, les mesures et les cr\u00e9dits qui sont allou\u00e9s aux institutions culturelles de la Conf\u00e9d\u00e9ration pour une p\u00e9riode de quatre ans.<\/p>\n                                                                    <a class=\"title-small link\" href=\"https:\/\/www.swissfoundations.ch\/wp-content\/uploads\/2019\/07\/Prise-de-position-concernant-le-message-sur-l\u2019encouragement-de-la-culture-pour-la-p\u00e9riode-2016\u20132019-.pdf\"\n                                       target=\"_blank\">pdf<\/a>\n                                                            <\/div>\n                                                    <div>\n                                <time class=\"txt\">5. ao\u00fbt 2014<\/time>\n                                <a href=\"https:\/\/www.swissfoundations.ch\/wp-content\/uploads\/2019\/07\/Efficacit\u00e9-professionnalisme-et-transparence-dans-le-secteur-des-fondations-.pdf\" target=\"_blank\"\n                                   class=\"h2 title\">SwissFoundations publie une prise de position politique<\/a>\n                                <p class=\"title-small description\">Dans le cadre des diff\u00e9rents efforts tendant \u00e0 poursuivre le d\u00e9veloppement du secteur des fondations en Suisse, le comit\u00e9 directeur de SwissFoundations a adopt\u00e9 un document de position avec trois exigences visant \u00e0 assurer durablement l\u2019efficacit\u00e9, le professionnalisme et la transparence du secteur suisse des fondations.<br \/>\r\n<\/p>\n                                                                    <a class=\"title-small link\" href=\"https:\/\/www.swissfoundations.ch\/wp-content\/uploads\/2019\/07\/Efficacit\u00e9-professionnalisme-et-transparence-dans-le-secteur-des-fondations-.pdf\"\n                                       target=\"_blank\">pdf<\/a>\n                                                            <\/div>\n                                                    <div>\n                                <time class=\"txt\">11. mars 2013<\/time>\n                                <a href=\"https:\/\/www.swissfoundations.ch\/wp-content\/uploads\/2019\/07\/Prise-de-position-au-sujet-de-linterpellation-de-Luc-Recordon-Statuts-des-membres-des-conseils-de-fondation-12.4063.pdf\" target=\"_blank\"\n                                   class=\"h2 title\">Interpellation du Luc Recordon sur les statut des membres des conseils de fondation <\/a>\n                                <p class=\"title-small description\">Luc Recordon, Conseil d&rsquo;Etats et les cosignataires Anita Fetz, Felix Gutzwiler, Werner Luginb\u00fchl et Urs Schwaller, invitent le Conseil f\u00e9d\u00e9ral \u00e0 exposer si et dans quelle mesure il estime que les membres des conseils de fondation doivent pouvoir \u00eatre r\u00e9mun\u00e9r\u00e9s pour leur activit\u00e9 et pour la responsabilit\u00e9 qu&rsquo;ils encourent, compte tenu de leurs comp\u00e9tences.<\/p>\n                                                                    <a class=\"title-small link\" href=\"https:\/\/www.swissfoundations.ch\/wp-content\/uploads\/2019\/07\/Prise-de-position-au-sujet-de-linterpellation-de-Luc-Recordon-Statuts-des-membres-des-conseils-de-fondation-12.4063.pdf\"\n                                       target=\"_blank\">pdf<\/a>\n                                                            <\/div>\n                                                    <div>\n                                <time class=\"txt\">22. novembre 2010<\/time>\n                                <a href=\"https:\/\/www.swissfoundations.ch\/wp-content\/uploads\/2019\/07\/Prise-de-position-du-Cercle-de-travail-Culture-de-SF-en-allemand.pdf\" target=\"_blank\"\n                                   class=\"h2 title\">Message culture 2012 &#8211; 2015<\/a>\n                                <p class=\"title-small description\">La loi sur l&rsquo;encouragement de la culture a \u00e9t\u00e9 adopt\u00e9e par le Parlement en d\u00e9cembre 2009. Cette loi cadre pr\u00e9voit l&rsquo;\u00e9laboration d&rsquo;un message financier qui pr\u00e9cise les axes strat\u00e9giques de la politique culturelle de la Conf\u00e9d\u00e9ration pour quatre ans. Le Conseil f\u00e9d\u00e9ral soumet au Parlement ce \u00ab message culture \u00bb, v\u00e9ritable carnet de route de notre politique culturelle, ainsi que le budget n\u00e9cessaire \u00e0 sa mise en \u0153uvre.<\/p>\n                                                                    <a class=\"title-small link\" href=\"https:\/\/www.swissfoundations.ch\/wp-content\/uploads\/2019\/07\/Prise-de-position-du-Cercle-de-travail-Culture-de-SF-en-allemand.pdf\"\n                                       target=\"_blank\">pdf<\/a>\n                                                            <\/div>\n                                                    <div>\n                                <time class=\"txt\">20. d\u00e9cembre 2010<\/time>\n                                <a href=\"https:\/\/www.swissfoundations.ch\/wp-content\/uploads\/2019\/07\/Stellungnahme-von-SwissFoundations-zur-Gesetzesrevision-\u00fcber-die-BVG-und-Stiftungsaufsicht-.pdf\" target=\"_blank\"\n                                   class=\"h2 title\">R\u00e9vision de la loi sur la surveillance LPP et des fondations<\/a>\n                                <p class=\"title-small description\">Le Parlement a adopt\u00e9 la r\u00e9forme structurelle de la pr\u00e9voyance professionnelle le 19 mars 2010. Les autorit\u00e9s cantonales de surveillance LPP et des fondations prendront par cons\u00e9quent la forme d\u2019\u00e9tablissements ind\u00e9pendants. A ce jour, SwissFoundations a pris position sur les r\u00e9visions de lois des cantons de Zurich et de B\u00e2le-Ville.<\/p>\n                                                                    <a class=\"title-small link\" href=\"https:\/\/www.swissfoundations.ch\/wp-content\/uploads\/2019\/07\/Stellungnahme-von-SwissFoundations-zur-Gesetzesrevision-\u00fcber-die-BVG-und-Stiftungsaufsicht-.pdf\"\n                                       target=\"_blank\">pdf<\/a>\n                                                            <\/div>\n                                                    <div>\n                                <time class=\"txt\">17. f\u00e9vrier 2010<\/time>\n                                <a href=\"https:\/\/www.swissfoundations.ch\/wp-content\/uploads\/2019\/07\/Prise-de-position_SF_WS2009_0_0.pdf\" target=\"_blank\"\n                                   class=\"h2 title\">Motion de la CER du Conseil national pour la cr\u00e9ation d&rsquo;un registre national et am\u00e9lioration des bases statistiques (Motion 09.3971)<\/a>\n                                <p class=\"title-small description\">Le Conseil des Etats a refus\u00e9 la motion de la CER du Conseil National le 1er mars 2010. La motion visant la cr\u00e9ation d&rsquo;un registre national et une am\u00e9lioration des bases statistiques a \u00e9t\u00e9 d\u00e9pos\u00e9 par la CER dans le cadre du traitement de la Motion Luginb\u00fchl en octobre 2009 et a \u00e9t\u00e9 accept\u00e9 par le Conseil National le 10 d\u00e9cembre 2009.<\/p>\n                                                                    <a class=\"title-small link\" href=\"https:\/\/www.swissfoundations.ch\/wp-content\/uploads\/2019\/07\/Prise-de-position_SF_WS2009_0_0.pdf\"\n                                       target=\"_blank\">pdf<\/a>\n                                                            <\/div>\n                                                    <div>\n                                <time class=\"txt\">17. novembre 2009<\/time>\n                                <a href=\"\" target=\"_blank\"\n                                   class=\"h2 title\">Motion du conseiller aux Etats Werner Lugbinb\u00fchl visant \u00e0 renforcer l&rsquo;attractivit\u00e9 de la Suisse pour les fondations (Motion 09.3344)<\/a>\n                                <p class=\"title-small description\">La motion Luginb\u00fchl a \u00e9t\u00e9 accept\u00e9 le 10 d\u00e9cembre 2009 par le Conseil National et le 1 mars 2010 par le Conseil des Etats. La version actuelle de la motion n&rsquo;exige plus l&rsquo;examen d&rsquo;une quote-part de distribution minimale, celui-ci ayant \u00e9t\u00e9 remplac\u00e9 par un mandat d&rsquo;\u00e9tude de la r\u00e9vision des organes de surveillance des fondations. La conseill\u00e8re f\u00e9d\u00e9rale Widmer-Schlumpf d\u00e9cidera prochainement si ces travaux seront confi\u00e9s \u00e0 des experts externes ou \u00e0 l&rsquo;administration dans un mandat de gestion interne.<\/p>\n                                                            <\/div>\n                                            <\/div>\n\n                    <a class=\"h2 link show-all\" href=\"#show-all\">\u2193 Tout voir<\/a>\n                <\/div>\n            <\/div>\n        <\/div>\n    <\/section><section id=\"content-field-block_938353a4ed8ad667d62f0c9fb74e452d\" class=\"container single-part\">\n        <div class=\"row\">\n            <div class=\"col-lg-12 content-wrap global\">\n                <div class=\"the-content\">\n                    <h1>R\u00e9gime l\u00e9gal<\/h1>\n<p>La Suisse b\u00e9n\u00e9fice d\u2019un h\u00e9ritage lib\u00e9ral en termes de conditions-cadres juridiques et fiscales pour la cr\u00e9ation d\u2019une fondation d\u2019utilit\u00e9 publique. La fondation dot\u00e9e d\u2019une personnalit\u00e9 juridique est r\u00e9gie par les articles 80 \u00e0 88 du Code civil suisse (CC). La derni\u00e8re r\u00e9vision du droit suisse des fondations est entr\u00e9e en vigueur le 1er janvier 2024. Les nouvelles dispositions pr\u00e9voient que le fondateur peut pr\u00e9voir une r\u00e9serve sur les changements organisationnels de la fondation dans les statuts (art. 86a CC), une simplification des modifications accessoires de l\u2019acte de fondation (art. 86b CC) et la lev\u00e9e de l\u2019exigence de la forme authentique pour des modifications de l\u2019acte de fondation (art. 86c CC). Enfin, il est pr\u00e9vu \u00e0 l\u2019art. 84 al. 3 CC une base l\u00e9gale pour toute plainte aupr\u00e8s de l\u2019autorit\u00e9 de surveillance des fondations.<\/p>\n                <\/div>\n            <\/div>\n        <\/div>\n    <\/section><section id=\"accordion-block_ac029762636d36dbe75942dbc11a9aa1\" class=\"container single-part\">\n\n        <div class=\"row\">\n            <div class=\"col-lg-12 content-wrap global\">\n                <div class=\"accordion-g-wrap\">\n                    \n                        <div class=\"item\">\n                            <p class=\"h2 title\">Exon\u00e9ration fiscale<i><\/i><\/p>\n                            <div class=\"title-small text\"><p>Fondations et associations sont exon\u00e9r\u00e9es d\u2019imp\u00f4t pour autant que leur but soit reconnu d\u2019utilit\u00e9 publique par les autorit\u00e9s fiscales. Une activit\u00e9 est reconnue d\u2019utilit\u00e9 publique quand d\u2019une part elle sert l\u2019int\u00e9r\u00eat public et quand d\u2019autre part elle est fournie de mani\u00e8re d\u00e9sint\u00e9ress\u00e9e. Certaines autorit\u00e9s fiscales ajoutent encore une autre condition: celle du travail b\u00e9n\u00e9vole des membres du conseil de fondation. Or, comme le mentionne le Swiss Foundation Code 2021, \u201cl\u2019exigence du b\u00e9n\u00e9volat n\u2019est ni \u00e9tay\u00e9e de fa\u00e7on plausible, ni prescrite par la loi, ni m\u00eame logiquement fond\u00e9e\u201d.<\/p>\n<p>Le l\u00e9gislateur l\u2019a bien compris puisque le nouvel article 84b CC (en vigueur depuis le 01.01.2023), en exigeant une d\u00e9claration annuelle des r\u00e9mun\u00e9rations globales vers\u00e9es aux membres du conseil de fondation et de la direction, reconna\u00eet express\u00e9ment la possibilit\u00e9 d\u2019une telle r\u00e9mun\u00e9ration.<\/p>\n<p>En janvier 2024, l\u2019autorit\u00e9 fiscale du canton de Vaud a rappel\u00e9 s\u2019en tenir au principe du b\u00e9n\u00e9volat, tout en pr\u00e9cisant les conditions admises pour une r\u00e9mun\u00e9ration dans certains cas (<em>Directives en mati\u00e8re d\u2019indemnisation des membres d\u2019organes d\u2019entit\u00e9s exon\u00e9r\u00e9es d\u2019imp\u00f4ts en raison de leur but de pure utilit\u00e9 publique (PUP) du 29 janvier 2024<\/em>).<\/p>\n<p>L\u2019autorit\u00e9 fiscale zurichoise par contre a effectu\u00e9 un total revirement de sa pratique au d\u00e9but de l\u2019hiver 2024, afin notamment de promouvoir la place philanthropique de ce canton. Des indemnit\u00e9s ad\u00e9quates sont admises et le b\u00e9n\u00e9volat n\u2019est plus consid\u00e9r\u00e9 comme la r\u00e8gle (<em>Praxishinweis Steuerbefreiung wegen Gemeinn\u00fctzigkeit du 1er f\u00e9vrier 2024<\/em>)<em>.<\/em><\/p>\n<p>Une fondation d\u2019utilit\u00e9 publique au b\u00e9n\u00e9fice d\u2019une exon\u00e9ration fiscale d\u2019imp\u00f4t est enti\u00e8rement dispens\u00e9e des imp\u00f4ts suivants:<\/p>\n<ul>\n<li>imp\u00f4t sur la fortune et le revenu (imp\u00f4t sur le capital et le b\u00e9n\u00e9fice),<\/li>\n<li>droits sur les successions et les donations (n\u2019existent pas dans tous les cantons),<\/li>\n<li>droits de mutation (pas dans tous les cantons),<\/li>\n<li>imp\u00f4t sur les revenus immobiliers lorsque le bien immobilier sert directement le but d\u2019utilit\u00e9 publique (pas dans les cantons de Berne, du Jura, de Fribourg)<\/li>\n<\/ul>\n<\/div>\n                        <\/div>\n\n                    \n                        <div class=\"item\">\n                            <p class=\"h2 title\">Surveillance des fondations<i><\/i><\/p>\n                            <div class=\"title-small text\"><p>Les fondations d&rsquo;utilit\u00e9 publique sont soumises de par la loi \u00e0 une surveillance \u00e9tatique. Celle-ci sert avant tout \u00e0 garantir et \u00e0 pr\u00e9server le but de la fondation ainsi qu&rsquo;\u00e0 v\u00e9rifier que celle-ci est conforme \u00e0 la loi. Les fondations peuvent \u00eatre plac\u00e9es sous la surveillance d&rsquo;une commune, d&rsquo;un canton ou de la Conf\u00e9d\u00e9ration. Le crit\u00e8re d&rsquo;attribution est g\u00e9n\u00e9ralement le lieu et la port\u00e9e de l&rsquo;activit\u00e9 de la fondation. Ainsi, les fondations actives au niveau national ou international sont soumises \u00e0 la surveillance f\u00e9d\u00e9rale, tandis que les fondations actives au niveau r\u00e9gional sont soumises \u00e0 la surveillance cantonale. Les fondations sont tenues de remettre chaque ann\u00e9e \u00e0 l&rsquo;autorit\u00e9 de surveillance un rapport d&rsquo;activit\u00e9 r\u00e9vis\u00e9 et une annexe.<\/p>\n<p>Pour une liste des autorit\u00e9s de surveillances suisses: <a href=\"https:\/\/www.konferenz-bvg-aufsicht-stiftungen.ch\/konferenz\/adressen-und-kontakt\">https:\/\/www.konferenz-bvg-aufsicht-stiftungen.ch\/konferenz\/adressen-und-kontakt<\/a><\/p>\n<\/div>\n                        <\/div>\n\n                    \n                        <div class=\"item\">\n                            <p class=\"h2 title\">R\u00e9mun\u00e9ration des membres du conseil de fondation<i><\/i><\/p>\n                            <div class=\"title-small text\"><p>De nombreuses autorit\u00e9s fiscales cantonales exigent encore actuellement que les membres du conseil de fondation travaillent b\u00e9n\u00e9volement, c\u2019est-\u00e0-dire qu\u2019ils ne soient pas r\u00e9mun\u00e9r\u00e9s, et lient cette condition \u00e0 l\u2019exon\u00e9ration fiscale de la fondation. C\u2019est le cas par exemple de l\u2019autorit\u00e9 fiscale vaudoise, comme elle l\u2019a rappel\u00e9 en janvier 2024 (v. ci-dessus), tout en pr\u00e9cisant les crit\u00e8res d\u2019\u00e9valuation de telles indemnit\u00e9s.<\/p>\n<p>&nbsp;<\/p>\n<p>Le Swiss Foundation Code 2021 s\u2019oppose \u00e0 cette vue, notamment car le b\u00e9n\u00e9volat a ses limites, n\u2019est pas exig\u00e9 par la loi suisse et peut constituer un frein \u00e0 la recherche de membres de conseil comp\u00e9tents et professionnels. La recommandation 7 du SFC pr\u00e9voit \u00e9galement une r\u00e9mun\u00e9ration ad\u00e9quate : <em>\u00ab Les membres du conseil de fondation sont \u00e9quitablement indemnis\u00e9s s\u2019ils ne souhaitent pas oeuvrer \u00e0 titre b\u00e9n\u00e9vole et pour autant que les moyens de la fondation le permettent.<\/em><\/p>\n<p>&nbsp;<\/p>\n<p>La pratique montre toutefois que la r\u00e9mun\u00e9ration des membres des conseils de fondation est tout \u00e0 fait courante, mais \u00e0 un niveau tr\u00e8s bas par rapport \u00e0 la r\u00e9mun\u00e9ration des membres des conseils d&rsquo;administration des entreprises priv\u00e9es ou publiques de m\u00eame taille<em> (Honorierungsstudie f\u00fcr Schweizer F\u00f6rderstiftungen 2023, \u00e9tude initi\u00e9e par SwissFoundations et men\u00e9e par le Center for Philanthropy Studies (CEPS) de l\u2019Universit\u00e9 de B\u00e2le en collaboration avec le Rochester Bern de l\u2019Universit\u00e9 de Berne<\/em>).<\/p>\n<p>&nbsp;<\/p>\n<p>Le fait que toute fondation doive d\u00e9clarer annuellement les r\u00e9mun\u00e9rations vers\u00e9es aux membres de leur conseil de fondation et \u00e0 leur direction \u00e0 l\u2019autorit\u00e9 de surveillance selon l\u2019art. 84b CC (d\u00e8s le 01.01.2023), montre que de tels versements sont maintenant admis. L\u2019autorit\u00e9 f\u00e9d\u00e9rale de surveillance \u00e0 Berne a d\u2019ailleurs pr\u00e9cis\u00e9 en mars 2024, son interpr\u00e9tation de cette disposition (<em>M\u00e9mento de l\u2019Autorit\u00e9 f\u00e9d\u00e9rale de surveillance relatif \u00e0 la d\u00e9claration des indemnit\u00e9s du conseil de fondation et de la direction du 1er mars 2024<\/em>).<\/p>\n<p>&nbsp;<\/p>\n<p>Comme \u00e9voqu\u00e9 plus haut, l\u2019autorit\u00e9 fiscale zurichoise a totalement chang\u00e9 de paradigme et admet une r\u00e9mun\u00e9ration \u201cad\u00e9quate\u201d des membres de conseils de fondation et de la direction (<em>Praxishinweis Steuerbefreiung wegen Gemeinn\u00fctzigkeit du 1er f\u00e9vrier 2024<\/em>): \u201cUne indemnisation appropri\u00e9e des organes de la personne morale ne s&rsquo;oppose pas \u00e0 une exon\u00e9ration fiscale en raison de l&rsquo;utilit\u00e9 publique.\u201d<\/p>\n<p>&nbsp;<\/p>\n<p>SwissFoundations suivra attentivement l\u2019\u00e9volution des pratiques des autres autorit\u00e9s de surveillance et fiscales cantonales, suite \u00e0 ces changements.<\/p>\n<\/div>\n                        <\/div>\n\n                    \n                        <div class=\"item\">\n                            <p class=\"h2 title\">Q&#038;R sur l&rsquo;adaptation des pratiques fiscales zurichoise et vaudoise (en acc\u00e8s exclusif avec login membre)<i><\/i><\/p>\n                            <div class=\"title-small text\">\n<\/div>\n                        <\/div>\n\n                    \n\n                <\/div>\n\n            <\/div>\n        <\/div>\n    <\/section><div id=\"downloads-block_4b8a7e2b7dc910b9c85c5833f7dcdcce\"\n         class=\"downloads-g-wrap container downloads\">\n        <div class=\"row\">\n\n                            <div class=\"col-small col-small-md plate\">\n                    <p class=\"h1 title\">T\u00e9l\u00e9chargements<\/p>\n                <\/div>\n            \n            <div class=\"col-lg-6 col-md-12 download-content-wrap\">\n                <ul>\n                                        <li>\n                        <a href=\"https:\/\/www.swissfoundations.ch\/wp-content\/uploads\/2021\/06\/9783727277948.pdf\" download>\n                            <div class=\"title-ico\">\n                                <i class=\"pdf\"><\/i>\n                                <span>SwissFoundations Code<\/span>\n                            <\/div>\n                            <div class=\"download \">\n                                                                <i>T\u00e9l\u00e9charger<\/i>\n                            <\/div>\n                        <\/a>\n                    <\/li>\n\n\n                                        <li>\n                        <a href=\"https:\/\/www.swissfoundations.ch\/wp-content\/uploads\/2019\/07\/Directives_indemnites_PUP_2024.01.29.pdf\" download>\n                            <div class=\"title-ico\">\n                                <i class=\"pdf\"><\/i>\n                                <span>Directives en mati\u00e8re d\u2019indemnisation des membres d\u2019organes d\u2019entit\u00e9s exon\u00e9r\u00e9es d\u2019imp\u00f4ts en raison de leur but de pure utilit\u00e9 publique (PUP) 29.01.2024<\/span>\n                            <\/div>\n                            <div class=\"download \">\n                                                                <i>T\u00e9l\u00e9charger<\/i>\n                            <\/div>\n                        <\/a>\n                    <\/li>\n\n\n                                        <li>\n                        <a href=\"https:\/\/www.swissfoundations.ch\/wp-content\/uploads\/2019\/07\/zstb-nr-61-1.pdf\" download>\n                            <div class=\"title-ico\">\n                                <i class=\"pdf\"><\/i>\n                                <span>Praxishinweis Steuerbefreiung wegen Gemeinn\u00fctzigkeit 01.02.2024<\/span>\n                            <\/div>\n                            <div class=\"download \">\n                                                                <i>T\u00e9l\u00e9charger<\/i>\n                            <\/div>\n                        <\/a>\n                    <\/li>\n\n\n                                        <li>\n                        <a href=\"https:\/\/www.swissfoundations.ch\/wp-content\/uploads\/2019\/07\/20240301_memento_declaration_indemnites_conseil_de_fondation_et_direction.pdf\" download>\n                            <div class=\"title-ico\">\n                                <i class=\"pdf\"><\/i>\n                                <span>M\u00e9mento de l\u2019Autorit\u00e9 f\u00e9d\u00e9rale de surveillance relatif \u00e0 la d\u00e9claration des indemnit\u00e9s du conseil de fondation et de la direction 01.03.2024<\/span>\n                            <\/div>\n                            <div class=\"download \">\n                                                                <i>T\u00e9l\u00e9charger<\/i>\n                            <\/div>\n                        <\/a>\n                    <\/li>\n\n\n                                        <li>\n                        <a href=\"#denied\" download>\n                            <div class=\"title-ico\">\n                                <i class=\"pdf\"><\/i>\n                                <span>Legal Letter No. 4 &#8211; Gouvernance dans les fondations<\/span>\n                            <\/div>\n                            <div class=\"download access-need\">\n                                <i>Connectez-vous pour<\/i>                                <i>T\u00e9l\u00e9charger<\/i>\n                            <\/div>\n                        <\/a>\n                    <\/li>\n\n\n                                        <li>\n                        <a href=\"#denied\" download>\n                            <div class=\"title-ico\">\n                                <i class=\"pdf\"><\/i>\n                                <span>Legal Letter No. 3 &#8211; Gestion des risques li\u00e9s au blanchiment d&#039;argent et au financement du terrorisme dans les fondations d&#039;utilit\u00e9 publique en Suisse<\/span>\n                            <\/div>\n                            <div class=\"download access-need\">\n                                <i>Connectez-vous pour<\/i>                                <i>T\u00e9l\u00e9charger<\/i>\n                            <\/div>\n                        <\/a>\n                    <\/li>\n\n\n                                        <li>\n                        <a href=\"#denied\" download>\n                            <div class=\"title-ico\">\n                                <i class=\"pdf\"><\/i>\n                                <span>Legal Letter No. 2 &#8211; Responsabilit\u00e9 des membres du conseil de fondation et assurance Directors &amp; Officers (D&amp;O)<\/span>\n                            <\/div>\n                            <div class=\"download access-need\">\n                                <i>Connectez-vous pour<\/i>                                <i>T\u00e9l\u00e9charger<\/i>\n                            <\/div>\n                        <\/a>\n                    <\/li>\n\n\n                                        <li>\n                        <a href=\"#denied\" download>\n                            <div class=\"title-ico\">\n                                <i class=\"pdf\"><\/i>\n                                <span>Legal Letter No. 1 &#8211; To-Do-Liste pour 2025<\/span>\n                            <\/div>\n                            <div class=\"download access-need\">\n                                <i>Connectez-vous pour<\/i>                                <i>T\u00e9l\u00e9charger<\/i>\n                            <\/div>\n                        <\/a>\n                    <\/li>\n\n\n                                    <\/ul>\n            <\/div>\n            <div class=\"login-to-access\">\n                <div class=\"login-required-wrap\">\n                    <form id=\"login-down\" class=\"login-form form-styles ajax-auth\" action=\"login\" method=\"post\" data-redirect=\"https:\/\/www.swissfoundations.ch\/fr\/secteur\/politique-droit\/\">\n                        <h1 class=\"h1 title\">Login<\/h1>\n\n                        <input type=\"hidden\" id=\"security\" name=\"security\" value=\"4e32ffc60b\" \/><input type=\"hidden\" name=\"_wp_http_referer\" value=\"\/fr\/wp-json\/wp\/v2\/sector\/814\" \/>                        <div class=\"field-wrap\">\n\n                            <input id=\"username\" type=\"text\" class=\"h2 required\" name=\"username\"\n                                   placeholder=\"E-mail\">\n                        <\/div>\n                        <div class=\"field-wrap\">\n                            <input id=\"password\" type=\"password\" class=\"h2 required\" name=\"password\"\n                                   placeholder=\"Mot de passe\">\n                        <\/div>\n                        <div class=\"actions-wrap\">\n                            <a class=\"pw-reset\"\n                               href=\"https:\/\/www.swissfoundations.ch\/passwort-vergessen\/\">Mot de passe oubli\u00e9? <\/a>\n                            <input class=\"submit_button\" type=\"submit\" value=\"\u2192Login\">\n                        <\/div>\n                        <p class=\"form-status\"><\/p>\n                        <div class=\"no-account-text\">\n                            <p>Pas encore de compte?                                <a href=\"https:\/\/www.swissfoundations.ch\/fr\/login-inscription\/\">Les membres peuvent s\u2019enregistrer ici<\/a>\n                            <\/p>\n                        <\/div>\n                    <\/form>\n                <\/div>\n                <div class=\"login-additional-info-wrap\">\n    <div class=\"data-wrap\">\n        <p class=\"h2\">Les avantages des membres:<\/p>\n        <div class=\"title-small text\">\n            <ol>\n                <li>Informations actuelles<\/li>\n                <li>R\u00e9seau<\/li>\n                <li>Communication et plaidoyer<\/li>\n                <li>Conseil<\/li>\n                <li>Formation continue<\/li>\n            <\/ol>\n            <a class=\"h2 btn\" href=\"https:\/\/www.swissfoundations.ch\/fr\/a-propos\/devenir-membre\/\">Devenir membre<\/a>\n        <\/div>\n    <\/div>\n<\/div>            <\/div>\n        <\/div>\n    <\/div><div id=\"links-block_e5d116e1b28af8912adb9979dfc50b5f\"\n             class=\"container links-g-wrap \">\n\n        <div class=\"row\">\n\n            <div class=\"col-lg-6 plate\">\n\n                <p class=\"h2 title\">Liens et informations<\/p>\n            <\/div>\n            <div class=\"col-lg-6\">\n\n                \n    <ul class=\"even\">\n                                    <li><a class=\"h3 title\"\n                       href=\"https:\/\/philea.eu\/\" target=\"_blank\">Philanthropy Europe Association<\/a>\n                <\/li>\n                                                <li><a class=\"h3 title\"\n                       href=\"https:\/\/www.ius.uzh.ch\/de\/research\/units\/stiftungsrecht.html\" target=\"_blank\">Zentrum f\u00fcr Stiftungsrecht UZH<\/a>\n                <\/li>\n                                                <li><a class=\"h3 title\"\n                       href=\"https:\/\/www.unige.ch\/philanthropie\/fr\/\" target=\"_blank\">Geneva Center for Philanthropy<\/a>\n                <\/li>\n                                        <li class=\"all-link\"><a class=\"h3 all\"\n                                            href=\"#\">\u2193 \u2193 Tout voir<\/a>\n                    <\/li>\n                                                <li><a class=\"h3 title\"\n                       href=\"https:\/\/www.efc.be\/knowledge-hub\/legal-and-fiscal-country-profiles\/\" target=\"_blank\">EU Legal Country Profiles<\/a>\n                <\/li>\n                    \n\n    <\/ul>\n\n\n            <\/div>\n        <\/div>\n\n    <\/div><div id=\"other-pages-links-block_1d457f6a2485a6281e8fda3654eced3e\" class=\"container other-pages-g-wrap\">\n        <div class=\"row\">\n            \n            <div class=\"col-small col-small-md plate\">\n                <p class=\"h1 title\">En savoir plus sur le secteur<\/p>\n            <\/div>\n\n            <div class=\"col-rest\">\n                <ul>\n                    \n                        <li><a href=\"https:\/\/www.swissfoundations.ch\/fr\/secteur\/faits-chiffres\/\"  class=\"h2 title\">Faits &#038; chiffres<\/a><\/li>\n                    \n                        <li><a href=\"https:\/\/www.swissfoundations.ch\/fr\/secteur\/swissfoundations-legal-council\/\"  class=\"h2 title\">SwissFoundations Legal Council<\/a><\/li>\n                    \n                        <li><a href=\"https:\/\/www.swissfoundations.ch\/fr\/secteur\/glossaire\/\"  class=\"h2 title\">Glossaire des fondations<\/a><\/li>\n                    \n                        <li><a href=\"https:\/\/www.swissfoundations.ch\/fr\/secteur\/trouver-fondation\/\"  class=\"h2 title\">Trouver la bonne fondation<\/a><\/li>\n                                    <\/ul>\n            <\/div>\n        <\/div>\n    <\/div>","protected":false},"excerpt":{"rendered":"","protected":false},"featured_media":5900,"template":"","class_list":["post-814","sector","type-sector","status-publish","has-post-thumbnail","hentry"],"acf":[],"yoast_head":"<!-- This site is optimized with the Yoast SEO plugin v24.2 - https:\/\/yoast.com\/wordpress\/plugins\/seo\/ -->\n<title>Politique &amp; droit - SwissFoundations<\/title>\n<meta name=\"robots\" content=\"index, follow, max-snippet:-1, max-image-preview:large, max-video-preview:-1\" \/>\n<link rel=\"canonical\" href=\"https:\/\/www.swissfoundations.ch\/fr\/secteur\/politique-droit\/\" \/>\n<meta property=\"og:locale\" content=\"fr_FR\" \/>\n<meta property=\"og:type\" content=\"article\" \/>\n<meta property=\"og:title\" content=\"Politique &amp; droit - SwissFoundations\" \/>\n<meta property=\"og:url\" content=\"https:\/\/www.swissfoundations.ch\/fr\/secteur\/politique-droit\/\" \/>\n<meta property=\"og:site_name\" content=\"SwissFoundations\" \/>\n<meta property=\"article:modified_time\" content=\"2026-03-12T13:22:10+00:00\" \/>\n<meta property=\"og:image\" content=\"https:\/\/www.swissfoundations.ch\/wp-content\/uploads\/2019\/11\/Recht-Politik.jpg\" \/>\n\t<meta property=\"og:image:width\" content=\"700\" \/>\n\t<meta property=\"og:image:height\" content=\"525\" \/>\n\t<meta property=\"og:image:type\" content=\"image\/jpeg\" \/>\n<meta name=\"twitter:card\" content=\"summary_large_image\" \/>\n<meta name=\"twitter:label1\" content=\"Dur\u00e9e de lecture estim\u00e9e\" \/>\n\t<meta name=\"twitter:data1\" content=\"1 minute\" \/>\n<script type=\"application\/ld+json\" class=\"yoast-schema-graph\">{\"@context\":\"https:\/\/schema.org\",\"@graph\":[{\"@type\":\"WebPage\",\"@id\":\"https:\/\/www.swissfoundations.ch\/fr\/secteur\/politique-droit\/\",\"url\":\"https:\/\/www.swissfoundations.ch\/fr\/secteur\/politique-droit\/\",\"name\":\"Politique & droit - SwissFoundations\",\"isPartOf\":{\"@id\":\"https:\/\/www.swissfoundations.ch\/fr\/#website\"},\"primaryImageOfPage\":{\"@id\":\"https:\/\/www.swissfoundations.ch\/fr\/secteur\/politique-droit\/#primaryimage\"},\"image\":{\"@id\":\"https:\/\/www.swissfoundations.ch\/fr\/secteur\/politique-droit\/#primaryimage\"},\"thumbnailUrl\":\"https:\/\/www.swissfoundations.ch\/wp-content\/uploads\/2019\/11\/Recht-Politik.jpg\",\"datePublished\":\"2019-07-11T08:23:35+00:00\",\"dateModified\":\"2026-03-12T13:22:10+00:00\",\"breadcrumb\":{\"@id\":\"https:\/\/www.swissfoundations.ch\/fr\/secteur\/politique-droit\/#breadcrumb\"},\"inLanguage\":\"fr-FR\",\"potentialAction\":[{\"@type\":\"ReadAction\",\"target\":[\"https:\/\/www.swissfoundations.ch\/fr\/secteur\/politique-droit\/\"]}]},{\"@type\":\"ImageObject\",\"inLanguage\":\"fr-FR\",\"@id\":\"https:\/\/www.swissfoundations.ch\/fr\/secteur\/politique-droit\/#primaryimage\",\"url\":\"https:\/\/www.swissfoundations.ch\/wp-content\/uploads\/2019\/11\/Recht-Politik.jpg\",\"contentUrl\":\"https:\/\/www.swissfoundations.ch\/wp-content\/uploads\/2019\/11\/Recht-Politik.jpg\",\"width\":700,\"height\":525},{\"@type\":\"BreadcrumbList\",\"@id\":\"https:\/\/www.swissfoundations.ch\/fr\/secteur\/politique-droit\/#breadcrumb\",\"itemListElement\":[{\"@type\":\"ListItem\",\"position\":1,\"name\":\"Home\",\"item\":\"https:\/\/www.swissfoundations.ch\/fr\/\"},{\"@type\":\"ListItem\",\"position\":2,\"name\":\"Politique &#038; droit\"}]},{\"@type\":\"WebSite\",\"@id\":\"https:\/\/www.swissfoundations.ch\/fr\/#website\",\"url\":\"https:\/\/www.swissfoundations.ch\/fr\/\",\"name\":\"SwissFoundations\",\"description\":\"rderstiftungen setzen sich in der Schweiz mit Kraft und Innovation f\u00fcr das Gemeinwohl ein. Mit SwissFoundations haben sie seit 2001 einen starken Partner an der Seite.&lt;br&gt;Als Gemeinschaftsinitiative von Schweizer Stiftungen gegr\u00fcndet, vertritt SwissFoundations deren Anliegen gegen\u00fcber \u00d6ffentlichkeit, Politik und Beh\u00f6rden und setzt sich f\u00fcr die nachhaltige St\u00e4rkung privaten Stiftungsengagements ein.\",\"potentialAction\":[{\"@type\":\"SearchAction\",\"target\":{\"@type\":\"EntryPoint\",\"urlTemplate\":\"https:\/\/www.swissfoundations.ch\/fr\/?s={search_term_string}\"},\"query-input\":{\"@type\":\"PropertyValueSpecification\",\"valueRequired\":true,\"valueName\":\"search_term_string\"}}],\"inLanguage\":\"fr-FR\"}]}<\/script>\n<!-- \/ Yoast SEO plugin. -->","yoast_head_json":{"title":"Politique & droit - SwissFoundations","robots":{"index":"index","follow":"follow","max-snippet":"max-snippet:-1","max-image-preview":"max-image-preview:large","max-video-preview":"max-video-preview:-1"},"canonical":"https:\/\/www.swissfoundations.ch\/fr\/secteur\/politique-droit\/","og_locale":"fr_FR","og_type":"article","og_title":"Politique & droit - SwissFoundations","og_url":"https:\/\/www.swissfoundations.ch\/fr\/secteur\/politique-droit\/","og_site_name":"SwissFoundations","article_modified_time":"2026-03-12T13:22:10+00:00","og_image":[{"width":700,"height":525,"url":"https:\/\/www.swissfoundations.ch\/wp-content\/uploads\/2019\/11\/Recht-Politik.jpg","type":"image\/jpeg"}],"twitter_card":"summary_large_image","twitter_misc":{"Dur\u00e9e de lecture estim\u00e9e":"1 minute"},"schema":{"@context":"https:\/\/schema.org","@graph":[{"@type":"WebPage","@id":"https:\/\/www.swissfoundations.ch\/fr\/secteur\/politique-droit\/","url":"https:\/\/www.swissfoundations.ch\/fr\/secteur\/politique-droit\/","name":"Politique & droit - SwissFoundations","isPartOf":{"@id":"https:\/\/www.swissfoundations.ch\/fr\/#website"},"primaryImageOfPage":{"@id":"https:\/\/www.swissfoundations.ch\/fr\/secteur\/politique-droit\/#primaryimage"},"image":{"@id":"https:\/\/www.swissfoundations.ch\/fr\/secteur\/politique-droit\/#primaryimage"},"thumbnailUrl":"https:\/\/www.swissfoundations.ch\/wp-content\/uploads\/2019\/11\/Recht-Politik.jpg","datePublished":"2019-07-11T08:23:35+00:00","dateModified":"2026-03-12T13:22:10+00:00","breadcrumb":{"@id":"https:\/\/www.swissfoundations.ch\/fr\/secteur\/politique-droit\/#breadcrumb"},"inLanguage":"fr-FR","potentialAction":[{"@type":"ReadAction","target":["https:\/\/www.swissfoundations.ch\/fr\/secteur\/politique-droit\/"]}]},{"@type":"ImageObject","inLanguage":"fr-FR","@id":"https:\/\/www.swissfoundations.ch\/fr\/secteur\/politique-droit\/#primaryimage","url":"https:\/\/www.swissfoundations.ch\/wp-content\/uploads\/2019\/11\/Recht-Politik.jpg","contentUrl":"https:\/\/www.swissfoundations.ch\/wp-content\/uploads\/2019\/11\/Recht-Politik.jpg","width":700,"height":525},{"@type":"BreadcrumbList","@id":"https:\/\/www.swissfoundations.ch\/fr\/secteur\/politique-droit\/#breadcrumb","itemListElement":[{"@type":"ListItem","position":1,"name":"Home","item":"https:\/\/www.swissfoundations.ch\/fr\/"},{"@type":"ListItem","position":2,"name":"Politique &#038; droit"}]},{"@type":"WebSite","@id":"https:\/\/www.swissfoundations.ch\/fr\/#website","url":"https:\/\/www.swissfoundations.ch\/fr\/","name":"SwissFoundations","description":"rderstiftungen setzen sich in der Schweiz mit Kraft und Innovation f\u00fcr das Gemeinwohl ein. Mit SwissFoundations haben sie seit 2001 einen starken Partner an der Seite.&lt;br&gt;Als Gemeinschaftsinitiative von Schweizer Stiftungen gegr\u00fcndet, vertritt SwissFoundations deren Anliegen gegen\u00fcber \u00d6ffentlichkeit, Politik und Beh\u00f6rden und setzt sich f\u00fcr die nachhaltige St\u00e4rkung privaten Stiftungsengagements ein.","potentialAction":[{"@type":"SearchAction","target":{"@type":"EntryPoint","urlTemplate":"https:\/\/www.swissfoundations.ch\/fr\/?s={search_term_string}"},"query-input":{"@type":"PropertyValueSpecification","valueRequired":true,"valueName":"search_term_string"}}],"inLanguage":"fr-FR"}]}},"_links":{"self":[{"href":"https:\/\/www.swissfoundations.ch\/fr\/wp-json\/wp\/v2\/sector\/814","targetHints":{"allow":["GET"]}}],"collection":[{"href":"https:\/\/www.swissfoundations.ch\/fr\/wp-json\/wp\/v2\/sector"}],"about":[{"href":"https:\/\/www.swissfoundations.ch\/fr\/wp-json\/wp\/v2\/types\/sector"}],"version-history":[{"count":53,"href":"https:\/\/www.swissfoundations.ch\/fr\/wp-json\/wp\/v2\/sector\/814\/revisions"}],"predecessor-version":[{"id":68061,"href":"https:\/\/www.swissfoundations.ch\/fr\/wp-json\/wp\/v2\/sector\/814\/revisions\/68061"}],"wp:featuredmedia":[{"embeddable":true,"href":"https:\/\/www.swissfoundations.ch\/fr\/wp-json\/wp\/v2\/media\/5900"}],"wp:attachment":[{"href":"https:\/\/www.swissfoundations.ch\/fr\/wp-json\/wp\/v2\/media?parent=814"}],"curies":[{"name":"wp","href":"https:\/\/api.w.org\/{rel}","templated":true}]}}