{"id":46328,"date":"2024-01-22T15:02:05","date_gmt":"2024-01-22T15:02:05","guid":{"rendered":"https:\/\/www.swissfoundations.ch\/sektor\/digitalisierung\/"},"modified":"2026-03-10T14:45:04","modified_gmt":"2026-03-10T14:45:04","slug":"digitalisation","status":"publish","type":"sector","link":"https:\/\/www.swissfoundations.ch\/fr\/secteur\/digitalisation\/","title":{"rendered":"Initiative sectorielle : Digitalisation"},"content":{"rendered":"<section id=\"content-field-block_7cb89cfc41ed310df2f75cf2ba568a9f\" class=\"container single-part\">\n        <div class=\"row\">\n            <div class=\"col-lg-12 content-wrap global\">\n                <div class=\"the-content\">\n                    <h1>La digitalisation dans le secteur des fondations :<br \/>\ntrois champs d\u2019action<\/h1>\n<p>La digitalisation est un sujet qui nous occupe au quotidien et qui continuera d&rsquo;influencer notre travail \u00e0 l&rsquo;avenir. C&rsquo;est pourquoi SwissFoundations a \u00e9labor\u00e9 un Action Paper sur la digitalisation, que nous souhaitons partager avec vous.<\/p>\n<p>Ce document d\u00e9finit <strong>trois champs d&rsquo;action<\/strong> pour les fondations, d\u00e9velopp\u00e9s en collaboration avec un sounding board compos\u00e9 de membres et de repr\u00e9sentant\u00b7e\u00b7s de Spheriq. Ces trois champs d&rsquo;action couvrent <em>les principes responsables, l&rsquo;infrastructure et les comp\u00e9tences d&rsquo;action<\/em>.<\/p>\n<p>Cet Action Paper est une base de discussion et invite les membres \u00e0 explorer ensemble les opportunit\u00e9s, les effets et les risques de la digitalisation.<strong>\u00a0<a class=\"\" href=\"https:\/\/www.swissfoundations.ch\/wp-content\/uploads\/2024\/01\/SwissFoundations_Digitalisation_Trois-champs-daction.pdf\" target=\"_blank\" rel=\"noopener\">Vers l\u00b4Action Paper<\/a><\/strong><\/p>\n<p>_________________________________<\/p>\n<p class=\"wp-block-heading\" style=\"text-align: left;\"><strong>#Infrastructure: Coop\u00e9ration avec spheriq<\/strong><\/p>\n<p class=\"wp-block-heading\" style=\"text-align: left;\">Le lancement officiel de la coop\u00e9ration entre SwissFoundations et <a class=\"\" href=\"https:\/\/spheriq.ch\/\" target=\"_blank\" rel=\"noopener\">spheriq<\/a> a eu lieu en septembre 2023. Dans ce cadre, les possibilit\u00e9s digitales de la philanthropie seront explor\u00e9es en tenant compte des besoins et des retours des membres de SwissFoundations. Les membres de SwissFoundations b\u00e9n\u00e9ficient pendant la phase pilote, qui s\u2019\u00e9tendra jusqu\u2019\u00e0 fin 2026, de l\u2019utilisation gratuite de tous les outils digitaux de spheriq et ont l\u2019opportunit\u00e9 de jouer un r\u00f4le actif dans le d\u00e9veloppement des possibilit\u00e9s digitales offertes par la plateforme.<\/p>\n<p class=\"wp-block-heading\" style=\"text-align: left;\">Dans le cadre de diff\u00e9rents <strong><a class=\"\" href=\"https:\/\/www.swissfoundations.ch\/fr\/actualites\/prets-digital-partez-les-utilisateurs-partagent-leurs-experiences-avec-loffre-de-stiftungschweiz\/\" target=\"_blank\" rel=\"noopener\">cas d&rsquo;utilisateurs<\/a><\/strong>, les membres font part de leurs exp\u00e9riences de premi\u00e8re main.<\/p>\n<p>Acc\u00e8s exclusif pour les membres de SwissFoundations:\u00a0S&rsquo;inscrire maintenant sur <a class=\"\" href=\"https:\/\/spheriq.ch\/\" target=\"_blank\" rel=\"noopener\">spheriq.ch<\/a><\/p>\n<p class=\"wp-block-heading\" style=\"text-align: left;\"><strong>Niveau d&rsquo;abonnement \u00ab\u00a0Partner\u00a0\u00bb<\/strong> : pour les membres de SwissFoundations, toutes les offres du niveau d&rsquo;abonnement \u00ab\u00a0Partenaire\u00a0\u00bb sur spheriq.ch sont gratuites. L&rsquo;utilisation de l&rsquo;outil de <a class=\"\" href=\"https:\/\/stiftungschweiz.ch\/fr\/fonctions\/gestion-des-demandes-et-des-subventions\/\" target=\"_blank\" rel=\"noopener\">gestion des demandes<\/a> en fait \u00e9galement partie. Vous trouverez <a class=\"\" href=\"https:\/\/stiftungschweiz.ch\/fr\/prix\/\" target=\"_blank\" rel=\"noopener\">ici<\/a> un aper\u00e7u de tout ce qui est inclus dans l&rsquo;abonnement.<\/p>\n<p class=\"wp-block-heading\" style=\"text-align: left;\"><strong>R\u00e9seaux pour les membres de SwissFoundations :<\/strong> Les Cercles de travail &amp; tables rondes sont des formats d\u2019\u00e9change exclusifs pour les membres de SwissFoundations, dans lesquels ils peuvent discuter des d\u00e9fis et des th\u00e8mes actuels du monde de la philanthropie, nouer des contacts et se former. La fonction r\u00e9seau sur spheriq offre d\u00e9sormais \u00e0 nos cercles de travail la possibilit\u00e9 d&rsquo;\u00e9changer des informations digitales en plus des r\u00e9unions. D\u00e9sormais, ils sont donc aussi digitaux ! Rejoignez les r\u00e9seaux d\u00e8s maintenant :<\/p>\n<p class=\"wp-block-heading\" style=\"text-align: left;\"><a href=\"https:\/\/stiftungen.stiftungschweiz.ch\/netzwerk\/sf_membres_romands\" target=\"_blank\" rel=\"noreferrer noopener\">Membres Romands de SwissFoundations<\/a><br \/>\n<a href=\"https:\/\/stiftungen.stiftungschweiz.ch\/netzwerk\/sf_ak_bildung_ct_formation\" target=\"_blank\" rel=\"noreferrer noopener\">CT Formation<\/a><br \/>\n<a href=\"https:\/\/stiftungen.stiftungschweiz.ch\/netzwerk\/sf_ak_finanzen_ct_finances\" target=\"_blank\" rel=\"noreferrer noopener\">CT Finances<\/a><br \/>\n<a href=\"https:\/\/stiftungen.stiftungschweiz.ch\/netzwerk\/sf_kunst_kultur_art_culture\" target=\"_blank\" rel=\"noreferrer noopener\">CT Art &amp; Culture<\/a><br \/>\n<a href=\"https:\/\/stiftungen.stiftungschweiz.ch\/netzwerk\/sf_ak_soziales_ct_sociale\" target=\"_blank\" rel=\"noreferrer noopener\">CT Action Sociale<\/a><br \/>\n<a href=\"https:\/\/stiftungen.stiftungschweiz.ch\/netzwerk\/sf_corporate_foundations_wg\" target=\"_blank\" rel=\"noreferrer noopener\">Corporate Foundations Working Group<\/a><br \/>\n<a href=\"https:\/\/stiftungen.stiftungschweiz.ch\/netzwerk\/sf_eswg\" target=\"_blank\" rel=\"noreferrer noopener\">Environment &amp; Sustainability Working Group (ESWG)\u00a0<\/a><br \/>\n<a href=\"https:\/\/stiftungen.stiftungschweiz.ch\/netzwerk\/sf_international_wg\" target=\"_blank\" rel=\"noreferrer noopener\">International Development &amp; Cooperation Working Group<\/a><br \/>\n<a href=\"https:\/\/stiftungen.stiftungschweiz.ch\/netzwerk\/sf_impact_working_group\" target=\"_blank\" rel=\"noreferrer noopener\">Impact Working Group<\/a><br \/>\n<a href=\"https:\/\/stiftungen.stiftungschweiz.ch\/netzwerk\/sf_research_working_group\" target=\"_blank\" rel=\"noreferrer noopener\">Research Working Group<\/a><br \/>\n<a href=\"https:\/\/stiftungen.stiftungschweiz.ch\/netzwerk\/sf_rt_alter_age\" target=\"_blank\" rel=\"noreferrer noopener\">Round Table Alter<\/a><br \/>\n<a href=\"https:\/\/stiftungen.stiftungschweiz.ch\/netzwerk\/sf_rt_friends_of_education\" target=\"_blank\" rel=\"noreferrer noopener\">Round Table Friends of Education<\/a><\/p>\n<p class=\"wp-block-heading\" style=\"text-align: left;\"><strong>Des r\u00e9seaux pour toutes les fondations donatrices :<\/strong> En plus des r\u00e9seaux exclusifs pour les membres sur spheriq, SwissFoundations propose actuellement deux autres r\u00e9seaux auxquels toutes les fondations donatrices peuvent adh\u00e9rer : <a class=\"\" href=\"https:\/\/stiftungen.stiftungschweiz.ch\/netzwerk\/smaller_foundations\" target=\"_blank\" rel=\"noopener\">Le r\u00e9seau pour les fondations (donatrices) de petite taille<\/a> et <a class=\"\" href=\"https:\/\/stiftungen.stiftungschweiz.ch\/netzwerk\/dachstiftungen_fondations_abri\" target=\"_blank\" rel=\"noopener\">le r\u00e9seau pour les fondations abritantes<\/a>, au sein desquels les fondations concern\u00e9es (et les personnes int\u00e9ress\u00e9es) peuvent \u00e9changer des informations pratiques sur des th\u00e8mes sp\u00e9cifiques. SwissFoundations mod\u00e8re les \u00e9changes et publie des contenus s\u00e9lectionn\u00e9s au cas par cas.<\/p>\n<p>&nbsp;<\/p>\n                <\/div>\n            <\/div>\n        <\/div>\n    <\/section><section id=\"accordion-block_03ee5195a7b8063502d31ca11901a42c\" class=\"container single-part\">\n\n        <div class=\"row\">\n            <div class=\"col-lg-12 content-wrap global\">\n                <div class=\"accordion-g-wrap\">\n                    \n                        <div class=\"item\">\n                            <p class=\"h2 title\">Vision &#8211; Coop\u00e9ration &#8211; Action !<i><\/i><\/p>\n                            <div class=\"title-small text\"><p><strong>Vision<br \/>\n<\/strong>Dans le secteur de la philanthropie, la progression de la digitalisation entra\u00eenera dans les prochaines ann\u00e9es une importante incitation \u00e0 agir dans ce domaine pour tous ses acteurs. Comme dans d&rsquo;autres domaines de la soci\u00e9t\u00e9, la digitalisation entra\u00eenera \u00e9galement des changements d\u00e9terminants dans le secteur des fondations. En tant que voix des fondations donatrices suisses, SwissFoundations participe activement, aux c\u00f4t\u00e9s de ses membres, \u00e0 la conception et au d\u00e9veloppement de cette \u00e9volution.<\/p>\n<p><strong>Coop\u00e9ration<br \/>\n<\/strong>SwissFoundations, l&rsquo;association des fondations donatrices suisses, et <u><a class=\"\" href=\"https:\/\/spheriq.ch\/\" target=\"_blank\" rel=\"noopener\">spheriq.ch<\/a><\/u>, le portail suisse en ligne consacr\u00e9 au monde de l&rsquo;utilit\u00e9 publique, s&rsquo;engagent dans une collaboration pionni\u00e8re pour le renforcement du secteur des fondations en Suisse. Dans le cadre de cette coop\u00e9ration, les organisations explorent les possibilit\u00e9s digitales de la philanthropie. Vous trouverez toutes les actualit\u00e9s \u00e0 ce sujet <a href=\"https:\/\/www.swissfoundations.ch\/fr\/tag\/stiftungschweiz-fr\/\">ici<\/a> ou au bas de cette page.<\/p>\n<p><strong>Action<br \/>\n<\/strong>Les membres de SwissFoundations b\u00e9n\u00e9ficient pendant la phase pilote, qui s\u2019\u00e9tendra jusqu&rsquo;\u00e0 fin 2026, d&rsquo;une utilisation <em>gratuite<\/em> de tous les outils digitaux propos\u00e9s par <u>spheriq.ch<\/u>\u00a0et ont l&rsquo;occasion de jouer un r\u00f4le actif dans le d\u00e9veloppement de ces nouvelles possibilit\u00e9s digitales. Les avantages pour les membres sont visibles dans l&rsquo;abonnement <a class=\"\" href=\"https:\/\/stiftungschweiz.ch\/fr\/prix\/\" target=\"_blank\" rel=\"noopener\">Partner<\/a>. Ils comprennent, outre la recherche illimit\u00e9e, la cr\u00e9ation de leurs propres r\u00e9seaux, l&rsquo;acc\u00e8s aux r\u00e9seaux de soutien et de SwissFoundations et l&rsquo;utilisation gratuite du nouvel outil de gestion des demandes. Vous trouverez tous les d\u00e9tails dans l&rsquo;aper\u00e7u sur cette page.<\/p>\n<\/div>\n                        <\/div>\n\n                    \n                        <div class=\"item\">\n                            <p class=\"h2 title\">Quel est l&rsquo;objectif du partenariat avec spheriq ?<i><\/i><\/p>\n                            <div class=\"title-small text\"><p>Contrairement \u00e0 de nombreux autres secteurs, le secteur des fondations a encore la possibilit\u00e9 de participer activement \u00e0 la digitalisation et de l&rsquo;utiliser comme instrument pour renforcer des activit\u00e9s de soutien ax\u00e9es sur les r\u00e9sultats. Utilis\u00e9e \u00e0 bon escient, la digitalisation offre cinq opportunit\u00e9s majeures pour le secteur des fondations :<\/p>\n<p>&nbsp;<\/p>\n<ol>\n<li><strong>Une collaboration accrue :<\/strong> la digitalisation offre avant tout une opportunit\u00e9 de collaboration accrue et de mise en commun des ressources et des forces, tant entre les fondations donatrices qu&rsquo;au sein du secteur dans son ensemble.<\/li>\n<li><strong>Un meilleur partage des connaissances :<\/strong> la digitalisation facilite le partage et l&rsquo;inspiration au-del\u00e0 des fronti\u00e8res entre les acteurs, les secteurs et les pays. Les choses \u00e0 faire, \u00e0 ne pas faire et les meilleures pratiques peuvent \u00eatre facilement accessibles et discut\u00e9es ensemble.<\/li>\n<li><strong>Une transparence accrue :<\/strong> l&rsquo;utilisation d&rsquo;outils digitaux apporte plus de transparence et de tra\u00e7abilit\u00e9 dans les activit\u00e9s de financement et renforce la \u00ab\u00a0licence to operate\u00a0\u00bb, y compris vis-\u00e0-vis des autorit\u00e9s nationales et internationales (GAFI, EAR).<\/li>\n<li><strong>Efficacit\u00e9 accrue :<\/strong> l&rsquo;automatisation de certaines t\u00e2ches et le soutien apport\u00e9 par les outils de travail digitaux cr\u00e9ent des processus internes plus l\u00e9gers et plus rapides.<\/li>\n<li><strong>Une activit\u00e9 de financement plus efficace<\/strong> : l&rsquo;utilisation et l&rsquo;\u00e9valuation des donn\u00e9es permettent d&rsquo;une part d&rsquo;optimiser l&rsquo;attribution des fonds et, d&rsquo;autre part, l&rsquo;analyse des donn\u00e9es permet d&rsquo;identifier rapidement les tendances et les \u00e9volutions pertinentes et d&rsquo;orienter l&rsquo;activit\u00e9 de financement de mani\u00e8re proactive.<\/li>\n<\/ol>\n<\/div>\n                        <\/div>\n\n                    \n                        <div class=\"item\">\n                            <p class=\"h2 title\">Pour quelles raisons spheriq et SwissFoundations \u00e9tablissent-elles ce partenariat ?<i><\/i><\/p>\n                            <div class=\"title-small text\"><p>Utilis\u00e9e \u00e0 bon escient, la digitalisation offre au secteur des fondations suisses une opportunit\u00e9 unique d&rsquo;avoir un impact encore plus important. SwissFoundations s&rsquo;est donc fix\u00e9e pour objectif, d&rsquo;ici fin 2026, d&rsquo;exploiter le potentiel de la digitalisation pour le secteur et de l&rsquo;utiliser de mani\u00e8re optimale. Pour ce faire, l&rsquo;association s&rsquo;associe \u00e0 la plateforme spheriq dans le cadre d&rsquo;un partenariat novateur et teste avec ses membres la mani\u00e8re dont les outils digitaux et l&rsquo;intelligence artificielle peuvent \u00eatre utilis\u00e9s pour soutenir le changement social de mani\u00e8re encore plus efficace et adapt\u00e9e aux besoins. Le partenariat avec spheriq permet \u00e0 SwissFoundations et \u00e0 ses membres d&rsquo;utiliser des solutions digitales sur mesure qui rendent leur travail plus efficace et renforcent leur position dans le secteur.<\/p>\n<\/div>\n                        <\/div>\n\n                    \n                        <div class=\"item\">\n                            <p class=\"h2 title\">Quels sont les avantages de spheriq pour les fondations donatrices ?<i><\/i><\/p>\n                            <div class=\"title-small text\"><p>Spheriq offre un grand nombre de ressources, d&rsquo;outils et de r\u00e9seaux sp\u00e9cialement con\u00e7us pour les fondations donatrices. Il s&rsquo;agit notamment de :<\/p>\n<ul>\n<li><strong>Outil de gestion des demandes :<\/strong> Spheriq contient un outil int\u00e9gr\u00e9 de gestion des demandes qui permet des processus de financement all\u00e9g\u00e9s et efficaces. En tant que membre de SwissFoundations, vous b\u00e9n\u00e9ficiez d&rsquo;un acc\u00e8s gratuit et pouvez le tester \u00e0 tout moment sans engagement.<\/li>\n<li><strong>Meilleure mise en r\u00e9seau via des r\u00e9seaux s\u00e9lectionn\u00e9s :<\/strong> l&rsquo;offre de r\u00e9seaux facilite la collaboration dans l&rsquo;espace virtuel (analogue \u00e0 un LinkedIn pour la philanthropie). Vous pouvez rejoindre des r\u00e9seaux existants (par exemple ceux des cercles de travail de SwissFoundations) ou en cr\u00e9er de nouveaux, nouer des contacts et \u00e9changer des informations th\u00e9matiques. La confidentialit\u00e9 peut \u00eatre adapt\u00e9e selon les besoins (par exemple \u00ab\u00a0priv\u00e9 et non visible\u00a0\u00bb, \u00ab\u00a0visible uniquement par les membres\u00a0\u00bb ou \u00ab\u00a0public\u00a0\u00bb).<\/li>\n<li><strong>Meilleure vue d&rsquo;ensemble de tous les acteurs et th\u00e8mes philanthropiques :<\/strong> Spheriq permet une recherche et un aper\u00e7u simples d&rsquo;autres acteurs et de divers th\u00e8mes pertinents au secteur philanthropique.<\/li>\n<li><strong>Formation continue et connaissances :<\/strong> pas \u00e0 pas vers une meilleure connaissance de la philanthropie &#8211; spheriq, SwissFoundations et d&rsquo;autres organisations partenaires proposent sur la plateforme divers webinaires et workshops en ligne.<\/li>\n<li><strong>Des publications :<\/strong> Savoir-faire pr\u00e9sent\u00e9 de mani\u00e8re compr\u00e9hensible et inspirante dans des fiches d&rsquo;information, des whitepapers et dans le magazine sectoriel \u00ab\u00a0The Philanthropist\u00a0\u00bb.<\/li>\n<li><strong>Perspectives &#8211; Outils d&rsquo;IA pour une promotion plus efficace :<\/strong> Spheriq \u00e9labore actuellement des outils d&rsquo;IA permettant d&rsquo;aider les processus de promotion et une r\u00e9partition plus efficace des ressources.<\/li>\n<\/ul>\n<\/div>\n                        <\/div>\n\n                    \n                        <div class=\"item\">\n                            <p class=\"h2 title\">Combien co\u00fbte spheriq pour les membres de SwissFoundations ?<i><\/i><\/p>\n                            <div class=\"title-small text\"><p>Pendant la phase pilote de trois ans (jusqu&rsquo;en d\u00e9cembre 2026), l&rsquo;acc\u00e8s \u00e0 la plateforme spheriq est gratuit pour les membres de SwissFoundations au niveau \u00ab\u00a0Partner\u00a0\u00bb (niveau le plus \u00e9lev\u00e9, contre-valeur CHF 1650.-\/an). Si la plateforme fait ses preuves pour nos membres, un acc\u00e8s gratuit leur sera offert au-del\u00e0 de la phase pilote.<\/p>\n<\/div>\n                        <\/div>\n\n                    \n                        <div class=\"item\">\n                            <p class=\"h2 title\">Que se passe-t-il apr\u00e8s la phase pilote de trois ans ?<i><\/i><\/p>\n                            <div class=\"title-small text\"><p>Avant la fin de la phase pilote de trois ans, une \u00e9valuation conjointe sera men\u00e9e afin de d\u00e9terminer l&rsquo;efficacit\u00e9 du partenariat et la r\u00e9alisation de l&rsquo;objectif commun consistant \u00e0 mettre la digitalisation au profit des fondations donatrices suisses. Sur la base de ces r\u00e9sultats, il sera d\u00e9cid\u00e9 si le partenariat doit \u00eatre poursuivi et, le cas \u00e9ch\u00e9ant, comment il peut \u00eatre d\u00e9velopp\u00e9. Cela pourrait inclure l&rsquo;int\u00e9gration de nouvelles fonctionnalit\u00e9s, la mise \u00e0 l&rsquo;\u00e9chelle de la collaboration ou le d\u00e9veloppement de nouveaux projets.<\/p>\n<\/div>\n                        <\/div>\n\n                    \n                        <div class=\"item\">\n                            <p class=\"h2 title\">Comment s&rsquo;inscrire ?<i><\/i><\/p>\n                            <div class=\"title-small text\"><p>Suivez pas \u00e0 pas la proc\u00e9dure d&rsquo;inscription sur spheriq. Attention : \u00e0 l&rsquo;\u00e9tape \u00ab\u00a0Trouvez votre organisation\u00a0\u00bb, il est imp\u00e9ratif de s&rsquo;associer \u00e0 la fondation membre de SwissFoundations afin de profiter directement de l&rsquo;offre gratuite de partenariat sur spheriq.<\/p>\n<p>Si vous avez des questions, veuillez vous adresser sur spheriq.ch via la fonction de chat.<\/p>\n<\/div>\n                        <\/div>\n\n                    \n\n                <\/div>\n\n            <\/div>\n        <\/div>\n    <\/section><div class=\"container\">\r\n  <div class=\"info_block\">\r\n    <p class=\"info_block_title\">Contact<\/p>\r\n    <p class=\"info_block_desc\"><p>Pour toute question relative au partenariat et \u00e0 certaines offres (p. ex. r\u00e9seaux de cercles de travail), veuillez vous adresser \u00e0 Rahel Staubli, <a href=\"mailto:staubli@swissfoundations.ch\">staubli@swissfoundations.ch<\/a>.<\/p>\n<p>Pour le support technique, veuillez vous connecter \u00e0 spheriq.ch via la fonction de chat.<\/p>\n<\/p>\r\n  <\/div>\r\n<\/div><div class=\"container news-g-wrap\">\r\n    \r\n\r\n        \r\n\r\n            \r\n            <div class=\"row\">\r\n\r\n                <a class=\"col-lg-6 col-md-12 plate\" href=\"https:\/\/www.swissfoundations.ch\/fr\/actualites\/\">\r\n                    <p class=\"h1 title\">Actualit\u00e9s<\/p>\r\n                    <span class=\"h2\">\u2192 Tout voir<\/span>\r\n                <\/a>\r\n\r\n                <article id=\"post-68668\" class=\"col-lg-6 col-md-12 px0 news-item\">\r\n                    \n<a href=\"https:\/\/www.swissfoundations.ch\/fr\/actualites\/willkommen-bienvenue-welcome\/\" class=\"img-wrap\" title=\"Wir heissen neun Neumitglieder willkommen!\">\n    <img loading=\"lazy\" decoding=\"async\" width=\"288\" height=\"432\"\n         src=\"https:\/\/www.swissfoundations.ch\/wp-content\/uploads\/2026\/04\/wal_172619-blossoms-6991112-288x432.jpg\"\n         srcset=\"https:\/\/www.swissfoundations.ch\/wp-content\/uploads\/2026\/04\/wal_172619-blossoms-6991112-288x432.jpg 1x, https:\/\/www.swissfoundations.ch\/wp-content\/uploads\/2026\/04\/wal_172619-blossoms-6991112-576x864.jpg 2x\"\n         alt=\"\">\n<\/a>\n<div class=\"content-wrap\">\n    <ul class=\"categories\"><li><a href=\"https:\/\/www.swissfoundations.ch\/fr\/tag\/mitglieder-fr\/\" rel=\"tag\">Mitglieder<\/a><\/li><\/ul>    <a href=\"https:\/\/www.swissfoundations.ch\/fr\/actualites\/willkommen-bienvenue-welcome\/\" class=\"data-wrap\"\n       title=\"Wir heissen neun Neumitglieder willkommen!\">\n\n        <h1 class=\"h2 title\">Wir heissen neun Neumitglieder willkommen!<\/h1>\n        <time class=\"hidden\" datetime=\"2026-04-21T12:35:21+00:00\"\n              itemprop=\"datePublished\">21. avril 2026<\/time>\n        <span class=\"txt date\">\u2192 Suite<\/span>\n    <\/a>\n<\/div>                <\/article><!-- #post-68668 -->\r\n\r\n            <\/div>\r\n\r\n            <div class=\"row\">\r\n\r\n        \r\n\r\n        \r\n\r\n            \r\n            \r\n            <article id=\"post-68513\" class=\"col-lg-6 col-md-12 px0 news-item\">\r\n                \n<a href=\"https:\/\/www.swissfoundations.ch\/fr\/actualites\/new-publication-from-modern-grantmaking\/\" class=\"img-wrap\" title=\"New publication from Modern Grantmaking\">\n    <img loading=\"lazy\" decoding=\"async\" width=\"288\" height=\"432\"\n         src=\"https:\/\/www.swissfoundations.ch\/wp-content\/uploads\/2026\/04\/Modern-Grantmaking-Writes_News-quer-288x432.png\"\n         srcset=\"https:\/\/www.swissfoundations.ch\/wp-content\/uploads\/2026\/04\/Modern-Grantmaking-Writes_News-quer-288x432.png 1x, https:\/\/www.swissfoundations.ch\/wp-content\/uploads\/2026\/04\/Modern-Grantmaking-Writes_News-quer.png 2x\"\n         alt=\"\">\n<\/a>\n<div class=\"content-wrap\">\n    <ul class=\"categories\"><li><a href=\"https:\/\/www.swissfoundations.ch\/fr\/tag\/publication\/\" rel=\"tag\">Publication<\/a><\/li><\/ul>    <a href=\"https:\/\/www.swissfoundations.ch\/fr\/actualites\/new-publication-from-modern-grantmaking\/\" class=\"data-wrap\"\n       title=\"New publication from Modern Grantmaking\">\n\n        <h1 class=\"h2 title\">New publication from Modern Grantmaking<\/h1>\n        <time class=\"hidden\" datetime=\"2026-04-17T06:22:23+00:00\"\n              itemprop=\"datePublished\">17. avril 2026<\/time>\n        <span class=\"txt date\">\u2192 Suite<\/span>\n    <\/a>\n<\/div>            <\/article><!-- #post-68513 -->\r\n\r\n        \r\n\r\n        \r\n\r\n            \r\n            \r\n            <article id=\"post-67869\" class=\"col-lg-6 col-md-12 px0 news-item\">\r\n                \n<a href=\"https:\/\/www.swissfoundations.ch\/fr\/actualites\/swissfoundations-prend-position-sur-la-motion-24-4514-renforcement-du-caractere-dutilite-publique-des-organisations-exonerees-dimpot\/\" class=\"img-wrap\" title=\"SwissFoundations prend position sur la motion 24.4514 \u00ab\u202fRenforcement du caract\u00e8re d\u2019utilit\u00e9 publique des organisations exon\u00e9r\u00e9es d\u2019imp\u00f4t\u202f\u00bb\">\n    <img loading=\"lazy\" decoding=\"async\" width=\"288\" height=\"432\"\n         src=\"https:\/\/www.swissfoundations.ch\/wp-content\/uploads\/2024\/06\/transparenz_quer-288x432.png\"\n         srcset=\"https:\/\/www.swissfoundations.ch\/wp-content\/uploads\/2024\/06\/transparenz_quer-288x432.png 1x, https:\/\/www.swissfoundations.ch\/wp-content\/uploads\/2024\/06\/transparenz_quer.png 2x\"\n         alt=\"\">\n<\/a>\n<div class=\"content-wrap\">\n    <ul class=\"categories\"><li><a href=\"https:\/\/www.swissfoundations.ch\/fr\/tag\/advocacy-fr-2\/\" rel=\"tag\">Advocacy<\/a><\/li><\/ul>    <a href=\"https:\/\/www.swissfoundations.ch\/fr\/actualites\/swissfoundations-prend-position-sur-la-motion-24-4514-renforcement-du-caractere-dutilite-publique-des-organisations-exonerees-dimpot\/\" class=\"data-wrap\"\n       title=\"SwissFoundations prend position sur la motion 24.4514 \u00ab\u202fRenforcement du caract\u00e8re d\u2019utilit\u00e9 publique des organisations exon\u00e9r\u00e9es d\u2019imp\u00f4t\u202f\u00bb\">\n\n        <h1 class=\"h2 title\">SwissFoundations prend position sur la motion 24.4514 \u00ab\u202fRenforcement du caract\u00e8re d\u2019utilit\u00e9 publique des organisations exon\u00e9r\u00e9es d\u2019imp\u00f4t\u202f\u00bb<\/h1>\n        <time class=\"hidden\" datetime=\"2026-03-09T08:22:21+00:00\"\n              itemprop=\"datePublished\">9. mars 2026<\/time>\n        <span class=\"txt date\">\u2192 Suite<\/span>\n    <\/a>\n<\/div>            <\/article><!-- #post-67869 -->\r\n\r\n        \r\n\r\n                <\/div>\r\n    <\/div>","protected":false},"excerpt":{"rendered":"","protected":false},"featured_media":50099,"template":"","class_list":["post-46328","sector","type-sector","status-publish","has-post-thumbnail","hentry"],"acf":[],"yoast_head":"<!-- This site is optimized with the Yoast SEO plugin v24.2 - https:\/\/yoast.com\/wordpress\/plugins\/seo\/ -->\n<title>Initiative sectorielle : Digitalisation - SwissFoundations<\/title>\n<meta name=\"robots\" content=\"index, follow, max-snippet:-1, max-image-preview:large, max-video-preview:-1\" \/>\n<link rel=\"canonical\" href=\"https:\/\/www.swissfoundations.ch\/fr\/secteur\/digitalisation\/\" \/>\n<meta property=\"og:locale\" content=\"fr_FR\" \/>\n<meta property=\"og:type\" content=\"article\" \/>\n<meta property=\"og:title\" content=\"Initiative sectorielle : Digitalisation - SwissFoundations\" \/>\n<meta property=\"og:url\" content=\"https:\/\/www.swissfoundations.ch\/fr\/secteur\/digitalisation\/\" \/>\n<meta property=\"og:site_name\" content=\"SwissFoundations\" \/>\n<meta property=\"article:modified_time\" content=\"2026-03-10T14:45:04+00:00\" \/>\n<meta property=\"og:image\" content=\"https:\/\/www.swissfoundations.ch\/wp-content\/uploads\/2024\/05\/SF_News-quer-1440x692-1-scaled.jpg\" \/>\n\t<meta property=\"og:image:width\" content=\"2560\" \/>\n\t<meta property=\"og:image:height\" content=\"1230\" \/>\n\t<meta property=\"og:image:type\" content=\"image\/jpeg\" \/>\n<meta name=\"twitter:card\" content=\"summary_large_image\" \/>\n<meta name=\"twitter:label1\" content=\"Dur\u00e9e de lecture estim\u00e9e\" \/>\n\t<meta name=\"twitter:data1\" content=\"1 minute\" \/>\n<script type=\"application\/ld+json\" class=\"yoast-schema-graph\">{\"@context\":\"https:\/\/schema.org\",\"@graph\":[{\"@type\":\"WebPage\",\"@id\":\"https:\/\/www.swissfoundations.ch\/fr\/secteur\/digitalisation\/\",\"url\":\"https:\/\/www.swissfoundations.ch\/fr\/secteur\/digitalisation\/\",\"name\":\"Initiative sectorielle : Digitalisation - SwissFoundations\",\"isPartOf\":{\"@id\":\"https:\/\/www.swissfoundations.ch\/fr\/#website\"},\"primaryImageOfPage\":{\"@id\":\"https:\/\/www.swissfoundations.ch\/fr\/secteur\/digitalisation\/#primaryimage\"},\"image\":{\"@id\":\"https:\/\/www.swissfoundations.ch\/fr\/secteur\/digitalisation\/#primaryimage\"},\"thumbnailUrl\":\"https:\/\/www.swissfoundations.ch\/wp-content\/uploads\/2024\/05\/SF_News-quer-1440x692-1-scaled.jpg\",\"datePublished\":\"2024-01-22T15:02:05+00:00\",\"dateModified\":\"2026-03-10T14:45:04+00:00\",\"breadcrumb\":{\"@id\":\"https:\/\/www.swissfoundations.ch\/fr\/secteur\/digitalisation\/#breadcrumb\"},\"inLanguage\":\"fr-FR\",\"potentialAction\":[{\"@type\":\"ReadAction\",\"target\":[\"https:\/\/www.swissfoundations.ch\/fr\/secteur\/digitalisation\/\"]}]},{\"@type\":\"ImageObject\",\"inLanguage\":\"fr-FR\",\"@id\":\"https:\/\/www.swissfoundations.ch\/fr\/secteur\/digitalisation\/#primaryimage\",\"url\":\"https:\/\/www.swissfoundations.ch\/wp-content\/uploads\/2024\/05\/SF_News-quer-1440x692-1-scaled.jpg\",\"contentUrl\":\"https:\/\/www.swissfoundations.ch\/wp-content\/uploads\/2024\/05\/SF_News-quer-1440x692-1-scaled.jpg\",\"width\":2560,\"height\":1230},{\"@type\":\"BreadcrumbList\",\"@id\":\"https:\/\/www.swissfoundations.ch\/fr\/secteur\/digitalisation\/#breadcrumb\",\"itemListElement\":[{\"@type\":\"ListItem\",\"position\":1,\"name\":\"Home\",\"item\":\"https:\/\/www.swissfoundations.ch\/fr\/\"},{\"@type\":\"ListItem\",\"position\":2,\"name\":\"Initiative sectorielle : Digitalisation\"}]},{\"@type\":\"WebSite\",\"@id\":\"https:\/\/www.swissfoundations.ch\/fr\/#website\",\"url\":\"https:\/\/www.swissfoundations.ch\/fr\/\",\"name\":\"SwissFoundations\",\"description\":\"rderstiftungen setzen sich in der Schweiz mit Kraft und Innovation f\u00fcr das Gemeinwohl ein. Mit SwissFoundations haben sie seit 2001 einen starken Partner an der Seite.&lt;br&gt;Als Gemeinschaftsinitiative von Schweizer Stiftungen gegr\u00fcndet, vertritt SwissFoundations deren Anliegen gegen\u00fcber \u00d6ffentlichkeit, Politik und Beh\u00f6rden und setzt sich f\u00fcr die nachhaltige St\u00e4rkung privaten Stiftungsengagements ein.\",\"potentialAction\":[{\"@type\":\"SearchAction\",\"target\":{\"@type\":\"EntryPoint\",\"urlTemplate\":\"https:\/\/www.swissfoundations.ch\/fr\/?s={search_term_string}\"},\"query-input\":{\"@type\":\"PropertyValueSpecification\",\"valueRequired\":true,\"valueName\":\"search_term_string\"}}],\"inLanguage\":\"fr-FR\"}]}<\/script>\n<!-- \/ Yoast SEO plugin. -->","yoast_head_json":{"title":"Initiative sectorielle : Digitalisation - SwissFoundations","robots":{"index":"index","follow":"follow","max-snippet":"max-snippet:-1","max-image-preview":"max-image-preview:large","max-video-preview":"max-video-preview:-1"},"canonical":"https:\/\/www.swissfoundations.ch\/fr\/secteur\/digitalisation\/","og_locale":"fr_FR","og_type":"article","og_title":"Initiative sectorielle : Digitalisation - SwissFoundations","og_url":"https:\/\/www.swissfoundations.ch\/fr\/secteur\/digitalisation\/","og_site_name":"SwissFoundations","article_modified_time":"2026-03-10T14:45:04+00:00","og_image":[{"width":2560,"height":1230,"url":"https:\/\/www.swissfoundations.ch\/wp-content\/uploads\/2024\/05\/SF_News-quer-1440x692-1-scaled.jpg","type":"image\/jpeg"}],"twitter_card":"summary_large_image","twitter_misc":{"Dur\u00e9e de lecture estim\u00e9e":"1 minute"},"schema":{"@context":"https:\/\/schema.org","@graph":[{"@type":"WebPage","@id":"https:\/\/www.swissfoundations.ch\/fr\/secteur\/digitalisation\/","url":"https:\/\/www.swissfoundations.ch\/fr\/secteur\/digitalisation\/","name":"Initiative sectorielle : Digitalisation - SwissFoundations","isPartOf":{"@id":"https:\/\/www.swissfoundations.ch\/fr\/#website"},"primaryImageOfPage":{"@id":"https:\/\/www.swissfoundations.ch\/fr\/secteur\/digitalisation\/#primaryimage"},"image":{"@id":"https:\/\/www.swissfoundations.ch\/fr\/secteur\/digitalisation\/#primaryimage"},"thumbnailUrl":"https:\/\/www.swissfoundations.ch\/wp-content\/uploads\/2024\/05\/SF_News-quer-1440x692-1-scaled.jpg","datePublished":"2024-01-22T15:02:05+00:00","dateModified":"2026-03-10T14:45:04+00:00","breadcrumb":{"@id":"https:\/\/www.swissfoundations.ch\/fr\/secteur\/digitalisation\/#breadcrumb"},"inLanguage":"fr-FR","potentialAction":[{"@type":"ReadAction","target":["https:\/\/www.swissfoundations.ch\/fr\/secteur\/digitalisation\/"]}]},{"@type":"ImageObject","inLanguage":"fr-FR","@id":"https:\/\/www.swissfoundations.ch\/fr\/secteur\/digitalisation\/#primaryimage","url":"https:\/\/www.swissfoundations.ch\/wp-content\/uploads\/2024\/05\/SF_News-quer-1440x692-1-scaled.jpg","contentUrl":"https:\/\/www.swissfoundations.ch\/wp-content\/uploads\/2024\/05\/SF_News-quer-1440x692-1-scaled.jpg","width":2560,"height":1230},{"@type":"BreadcrumbList","@id":"https:\/\/www.swissfoundations.ch\/fr\/secteur\/digitalisation\/#breadcrumb","itemListElement":[{"@type":"ListItem","position":1,"name":"Home","item":"https:\/\/www.swissfoundations.ch\/fr\/"},{"@type":"ListItem","position":2,"name":"Initiative sectorielle : Digitalisation"}]},{"@type":"WebSite","@id":"https:\/\/www.swissfoundations.ch\/fr\/#website","url":"https:\/\/www.swissfoundations.ch\/fr\/","name":"SwissFoundations","description":"rderstiftungen setzen sich in der Schweiz mit Kraft und Innovation f\u00fcr das Gemeinwohl ein. Mit SwissFoundations haben sie seit 2001 einen starken Partner an der Seite.&lt;br&gt;Als Gemeinschaftsinitiative von Schweizer Stiftungen gegr\u00fcndet, vertritt SwissFoundations deren Anliegen gegen\u00fcber \u00d6ffentlichkeit, Politik und Beh\u00f6rden und setzt sich f\u00fcr die nachhaltige St\u00e4rkung privaten Stiftungsengagements ein.","potentialAction":[{"@type":"SearchAction","target":{"@type":"EntryPoint","urlTemplate":"https:\/\/www.swissfoundations.ch\/fr\/?s={search_term_string}"},"query-input":{"@type":"PropertyValueSpecification","valueRequired":true,"valueName":"search_term_string"}}],"inLanguage":"fr-FR"}]}},"_links":{"self":[{"href":"https:\/\/www.swissfoundations.ch\/fr\/wp-json\/wp\/v2\/sector\/46328","targetHints":{"allow":["GET"]}}],"collection":[{"href":"https:\/\/www.swissfoundations.ch\/fr\/wp-json\/wp\/v2\/sector"}],"about":[{"href":"https:\/\/www.swissfoundations.ch\/fr\/wp-json\/wp\/v2\/types\/sector"}],"version-history":[{"count":66,"href":"https:\/\/www.swissfoundations.ch\/fr\/wp-json\/wp\/v2\/sector\/46328\/revisions"}],"predecessor-version":[{"id":68016,"href":"https:\/\/www.swissfoundations.ch\/fr\/wp-json\/wp\/v2\/sector\/46328\/revisions\/68016"}],"wp:featuredmedia":[{"embeddable":true,"href":"https:\/\/www.swissfoundations.ch\/fr\/wp-json\/wp\/v2\/media\/50099"}],"wp:attachment":[{"href":"https:\/\/www.swissfoundations.ch\/fr\/wp-json\/wp\/v2\/media?parent=46328"}],"curies":[{"name":"wp","href":"https:\/\/api.w.org\/{rel}","templated":true}]}}