{"id":23464,"date":"2019-10-07T00:01:49","date_gmt":"2019-10-07T00:01:49","guid":{"rendered":"https:\/\/www.swissfoundations.ch\/praxis\/senior-experts\/"},"modified":"2026-03-05T08:45:14","modified_gmt":"2026-03-05T08:45:14","slug":"experts-senior","status":"publish","type":"practice","link":"https:\/\/www.swissfoundations.ch\/fr\/pratique\/experts-senior\/","title":{"rendered":"R\u00e9seau d\u2019experts senior"},"content":{"rendered":"<section id=\"content-field-block_cade0d4373d6aa894321c75fec641d33\" class=\"container single-part\">\n        <div class=\"row\">\n            <div class=\"col-lg-12 content-wrap global\">\n                <div class=\"the-content\">\n                    <p>Le r\u00e9seau d\u2019experts senior cofond\u00e9 par SwissFoundations est un regroupement de cadres sup\u00e9rieurs issus du secteur suisse des fondations et de l&rsquo;utilit\u00e9 publique. Ces praticiens chevronn\u00e9s, qui ne sont plus impliqu\u00e9s \u00e0 plein temps dans les affaires op\u00e9rationnelles quotidiennes, conseillent et soutiennent les fondations donatrices existantes et celles en phase de cr\u00e9ation.<\/p>\n<p><strong>Ces experts sont \u00e0 vos c\u00f4t\u00e9s pour vous conseiller dans les domaines suivants :<\/strong><\/p>\n<ul>\n<li>Cr\u00e9ation de fondations, y compris statuts et \u00e9laboration des directives sur les donations<\/li>\n<li>Soutien lors de d\u00e9cisions en mati\u00e8re de personnel et de r\u00e8glement de la succession<\/li>\n<li>Coaching sur les processus strat\u00e9giques<\/li>\n<li>Mod\u00e9ration des workshops<\/li>\n<li>Aide pour les questions de droit fiscal, notamment sur le th\u00e8me de l&rsquo;exon\u00e9ration fiscale<\/li>\n<li>Gestion de fondations donatrices d&rsquo;utilit\u00e9 publique<\/li>\n<\/ul>\n<p>Le conseil initial est gratuit pour <strong>les membres<\/strong> de SwissFoundations. Une participation aux frais de 100 CHF \/ heure est factur\u00e9e aux <strong>non-membres<\/strong>. Les consultations suivantes sont \u00e0 convenir individuellement.<\/p>\n                <\/div>\n            <\/div>\n        <\/div>\n    <\/section><section id=\"contact-info-block_9cb10045e94488094cb9966106dff52a\" class=\"container single-part\">\n\n        <div class=\"row\">\n            <div class=\"col-lg-12 content-wrap global line-after\">\n\n                <div class=\"additional-info-block type-1\">\n                    <div class=\"items-list single-col-contact\">\n\n                        \n                        \n                            <div class=\"contact\">\n                                <p class=\"h2 title\">Contact pour les demandes<\/p>\n                                <div>\n                                    <div>\n                                        <p class=\"name\">Marie Wyss<\/p>\n                                        <p class=\"position\">Directrice Suisse Romande<\/p>\n                                        <a href=\"tel:+41223476184\">+41 22 347 61 84<\/a>\n                                        <a href=\"mailto:wyss@swissfoundations.ch\"\n                                           class=\"email\">wyss@swissfoundations.ch<\/a>\n                                    <\/div>\n                                <\/div>\n                            <\/div>\n                        \n                    <\/div>\n                <\/div>\n\n            <\/div>\n        <\/div>\n    <\/section><div class=\"container single-part\" id=\"experts-list-block_598216b7d610dfb02a214b8bd8879b8f\">\n        <div class=\"row\">\n            <div class=\"col-lg-12 content-wrap global px0\">\n                <div class=\"person-list-g-wrap\">\n                    \n                        <div class=\"item\">\n                            <div class=\"info\">\n                                <h2 class=\"h2\">Evelyn Braun<\/h2>\n                                <p class=\"txt position\">                                    <\/p>\n                                <p class=\"txt\">Evelyn S. Braun leitete als Gesch\u00e4ftsf\u00fchrerin bis Ende 2011 die von Stephan Schmidheiny gegr\u00fcndete AVINA STIFTUNG und war bis im Mai 2014 Vorstandsmitglied von SwissFoundations, dem Verband der Schweizer F\u00f6rderstiftungen. Evelyn ist Stiftungsr\u00e4tin in verschiedenen Organisationen, unter anderem in der Dachstiftung Fondation des Fondateurs, der Arcas Foundation und der Martin Bodmer-Stiftung f\u00fcr den Gottfried Keller-Preis. Als  Gesch\u00e4ftsf\u00fchrerin im Teilzeitmandat leitet sie die ArtEdu Stiftung. Sie ist Mitgr\u00fcnderin der Senior Experts.<\/p>\n                            <\/div>\n                        <\/div>\n\n                    \n                        <div class=\"item\">\n                            <div class=\"info\">\n                                <h2 class=\"h2\">Peter Brey<\/h2>\n                                <p class=\"txt position\">                                    <\/p>\n                                <p class=\"txt\">Peter Brey a une longue exp\u00e9rience dans le domaine philanthropique et notamment dans l\u2019appui et l\u2019accompagnement des processus li\u00e9s aux changements de soci\u00e9t\u00e9. Il a dirig\u00e9 la Fondation Leenaards de 2012 \u00e0 2023. Pr\u00e9c\u00e9demment, il a notamment \u00e9t\u00e9 CEO de la fondation Terre des hommes (Tdh), membre du Conseil de fondation de la Cha\u00eene du Bonheur et consultant aupr\u00e8s du Conseil d\u2019Amnesty International. De 2015 \u00e0 2022, il a \u00e9galement \u00e9t\u00e9 membre et vice-pr\u00e9sident du comit\u00e9 de SwissFoundations.<\/p>\n                            <\/div>\n                        <\/div>\n\n                    \n                        <div class=\"item\">\n                            <div class=\"info\">\n                                <h2 class=\"h2\">Bruno Ferrari-Visca<\/h2>\n                                <p class=\"txt position\">                                    <\/p>\n                                <p class=\"txt\">Bruno Ferrari-Visca leitete von 1996 bis 2008 die eidgen\u00f6ssische Stiftungsaufsicht und war stellvertretender Generalsekret\u00e4r des Eidg. Departement des Inneren. Zuvor stand er w\u00e4hrend 14 Jahren der Rechtsabteilung der Volkswirtschaftsdirektion des Kantons Bern vor, wo er auch als stellvertretender Generalsekret\u00e4r amtete.<\/p>\n                            <\/div>\n                        <\/div>\n\n                    \n                        <div class=\"item\">\n                            <div class=\"info\">\n                                <h2 class=\"h2\">Jean-Fran\u00e7ois Labarthe<\/h2>\n                                <p class=\"txt position\">                                    <\/p>\n                                <p class=\"txt\">Concepteur et initiateur de projets et d\u2019actions dans le domaine humanitaire, social et culturel en Suisse et \u00e0 l\u2019\u00e9tranger, Jean-Fran\u00e7ois Labarthe a \u00e9t\u00e9 attach\u00e9 \u00e0 la Direction des op\u00e9rations du Comit\u00e9 international de la Croix-Rouge. Apr\u00e8s avoir rejoint la direction de la Croix-Rouge genevoise il a \u00e9t\u00e9 en charge des affaires diplomatiques dans un d\u00e9partement de l\u2019Etat de Gen\u00e8ve. Lors de ses activit\u00e9s dans plusieurs conseils de fondations philanthropiques il a d\u00e9velopp\u00e9 la concertation entre les donateurs.<\/p>\n                            <\/div>\n                        <\/div>\n\n                    \n                        <div class=\"item\">\n                            <div class=\"info\">\n                                <h2 class=\"h2\">Christina Ruggli-W\u00fcest<\/h2>\n                                <p class=\"txt position\">                                    <\/p>\n                                <p class=\"txt\">Dr. Christina Ruggli-W\u00fcest hatte von 2012 bis 2021 die Gesamtverantwortung f\u00fcr die operative F\u00fchrung der BSABB, BVG- und Stiftungsaufsicht beider Basel inne. Dies beinhaltete auch die strategische Ausrichtung der Aufsichtsf\u00fchrung im BVG-Bereich sowie im klassischen Stiftungssektor. Zus\u00e4tzlich hat sie als Amtsleiterin, Mitglied der Rechtsabteilung des Justizdepartements des Kantons Basel-Stadt (heute Justiz- und Sicherheitsdepartement), als Rechtsdienst des Regierungsrates sowie als Gesch\u00e4ftsleiterin einer selbst\u00e4ndigen \u00f6ffentlich-rechtlichen Anstalt langj\u00e4hrige F\u00fchrungserfahrung in der \u00f6ffentlichen Verwaltung. Sie schloss als lic. iur. (cum laude) an der Universit\u00e4t Basel ab, ist Rechtsanw\u00e4ltin des Kantons Luzern und doktorierte an der Universit\u00e4t Basel.<\/p>\n                            <\/div>\n                        <\/div>\n\n                    \n                        <div class=\"item\">\n                            <div class=\"info\">\n                                <h2 class=\"h2\">Benno Schubiger<\/h2>\n                                <p class=\"txt position\">                                    <\/p>\n                                <p class=\"txt\">Benno Schubiger war langj\u00e4hriger Direktor der Sophie und Karl Binding Stiftung, die in den Bereichen Umwelt, Soziales, Bildung und Kultur t\u00e4tig ist. Daneben war er Gr\u00fcndungspr\u00e4sident und Vorstandsmitglied von SwissFoundations, Pr\u00e4sident der Stiftung f\u00fcr Schweizerische Kunstgeschichte, Stiftungsrat des Schweizerischen Architekturmuseums und Stiftungsrat der Trafina Personalvorsorgestiftung. Heute ist er unter anderem Stiftungsrat der Bill de Vigier Stiftung und Mitglied der Studiengangkommission des Weiterbildungsangebots Kulturmanagement der Universit\u00e4t Basel. Seit Mitte 2017 ist er ausserdem Partner von SCHUBIGER arts\u2019n\u2019funds, Beratungen und Projekte, in Basel.<\/p>\n                            <\/div>\n                        <\/div>\n\n                                    <\/div>\n            <\/div>\n        <\/div>\n    <\/div><div id=\"links-block_37ae59745f00cd89749ecc9ec33cbf02\"\n             class=\"container links-g-wrap \">\n\n        <div class=\"row\">\n\n            <div class=\"col-lg-6 plate\">\n\n                <p class=\"h2 title\">Plus d&rsquo;informations<\/p>\n            <\/div>\n            <div class=\"col-lg-6\">\n\n                \n    <ul class=\"even\">\n                    <li>\n            <\/li>\n                                        <li><a class=\"h3 title\"\n                       href=\"https:\/\/www.swissfoundations.ch\/fr\/pratique\/constituer-une-fondation\/\" >Constituer une fondation<\/a>\n                <\/li>\n                    \n\n    <\/ul>\n\n\n            <\/div>\n        <\/div>\n\n    <\/div><div id=\"other-pages-links-block_ce7231f31c096c942866020c94633df9\" class=\"container other-pages-g-wrap\">\n        <div class=\"row\">\n            \n            <div class=\"col-small col-small-md plate\">\n                <p class=\"h1 title\">Plus sur la pratique<\/p>\n            <\/div>\n\n            <div class=\"col-rest\">\n                <ul>\n                    \n                        <li><a href=\"https:\/\/www.swissfoundations.ch\/stiftungspraxis\/foundation-governance\/\"  class=\"h2 title\">Foundation Governance<\/a><\/li>\n                    \n                        <li><a href=\"https:\/\/www.swissfoundations.ch\/stiftungspraxis\/forschung-weiterbildung\/\"  class=\"h2 title\">Forschung &#038; Weiterbildung<\/a><\/li>\n                    \n                        <li><a href=\"https:\/\/www.swissfoundations.ch\/stiftungspraxis\/merkblaetter-und-studien\/\"  class=\"h2 title\">Merkbl\u00e4tter<\/a><\/li>\n                    \n                        <li><a href=\"https:\/\/www.swissfoundations.ch\/stiftungspraxis\/publikationen\/\"  class=\"h2 title\">Publikationen<\/a><\/li>\n                    \n                        <li><a href=\"https:\/\/www.swissfoundations.ch\/stiftungspraxis\/stiftungsgruendung\/\"  class=\"h2 title\">Stiftungsgr\u00fcndung<\/a><\/li>\n                    \n                        <li><a href=\"https:\/\/www.swissfoundations.ch\/stiftungspraxis\/senior-experts\/\"  class=\"h2 title\">Senior Experts Beratungsnetzwerk<\/a><\/li>\n                                    <\/ul>\n            <\/div>\n        <\/div>\n    <\/div>","protected":false},"excerpt":{"rendered":"","protected":false},"featured_media":5929,"parent":0,"menu_order":5,"template":"","class_list":["post-23464","practice","type-practice","status-publish","has-post-thumbnail","hentry"],"acf":[],"yoast_head":"<!-- This site is optimized with the Yoast SEO plugin v24.2 - https:\/\/yoast.com\/wordpress\/plugins\/seo\/ -->\n<title>R\u00e9seau d\u2019experts senior - SwissFoundations<\/title>\n<meta name=\"description\" content=\"Das Senior Beratungsnetzwerk ist ein Zusammenschluss von F\u00fchrungskr\u00e4ften aus dem Schweizer Stiftungs- und Gemeinn\u00fctzigkeitsbereich.\" \/>\n<meta name=\"robots\" content=\"index, follow, max-snippet:-1, max-image-preview:large, max-video-preview:-1\" \/>\n<link rel=\"canonical\" href=\"https:\/\/www.swissfoundations.ch\/fr\/pratique\/experts-senior\/\" \/>\n<meta property=\"og:locale\" content=\"fr_FR\" \/>\n<meta property=\"og:type\" content=\"article\" \/>\n<meta property=\"og:title\" content=\"R\u00e9seau d\u2019experts senior - SwissFoundations\" \/>\n<meta property=\"og:description\" content=\"Das Senior Beratungsnetzwerk ist ein Zusammenschluss von F\u00fchrungskr\u00e4ften aus dem Schweizer Stiftungs- und Gemeinn\u00fctzigkeitsbereich.\" \/>\n<meta property=\"og:url\" content=\"https:\/\/www.swissfoundations.ch\/fr\/pratique\/experts-senior\/\" \/>\n<meta property=\"og:site_name\" content=\"SwissFoundations\" \/>\n<meta property=\"article:modified_time\" content=\"2026-03-05T08:45:14+00:00\" \/>\n<meta property=\"og:image\" content=\"https:\/\/www.swissfoundations.ch\/wp-content\/uploads\/2019\/11\/Senior-Experts-Beratungsnetzwerk.jpg\" \/>\n\t<meta property=\"og:image:width\" content=\"700\" \/>\n\t<meta property=\"og:image:height\" content=\"438\" \/>\n\t<meta property=\"og:image:type\" content=\"image\/jpeg\" \/>\n<meta name=\"twitter:card\" content=\"summary_large_image\" \/>\n<meta name=\"twitter:label1\" content=\"Dur\u00e9e de lecture estim\u00e9e\" \/>\n\t<meta name=\"twitter:data1\" content=\"1 minute\" \/>\n<script type=\"application\/ld+json\" class=\"yoast-schema-graph\">{\"@context\":\"https:\/\/schema.org\",\"@graph\":[{\"@type\":\"WebPage\",\"@id\":\"https:\/\/www.swissfoundations.ch\/fr\/pratique\/experts-senior\/\",\"url\":\"https:\/\/www.swissfoundations.ch\/fr\/pratique\/experts-senior\/\",\"name\":\"R\u00e9seau d\u2019experts senior - SwissFoundations\",\"isPartOf\":{\"@id\":\"https:\/\/www.swissfoundations.ch\/fr\/#website\"},\"primaryImageOfPage\":{\"@id\":\"https:\/\/www.swissfoundations.ch\/fr\/pratique\/experts-senior\/#primaryimage\"},\"image\":{\"@id\":\"https:\/\/www.swissfoundations.ch\/fr\/pratique\/experts-senior\/#primaryimage\"},\"thumbnailUrl\":\"https:\/\/www.swissfoundations.ch\/wp-content\/uploads\/2019\/11\/Senior-Experts-Beratungsnetzwerk.jpg\",\"datePublished\":\"2019-10-07T00:01:49+00:00\",\"dateModified\":\"2026-03-05T08:45:14+00:00\",\"description\":\"Das Senior Beratungsnetzwerk ist ein Zusammenschluss von F\u00fchrungskr\u00e4ften aus dem Schweizer Stiftungs- und Gemeinn\u00fctzigkeitsbereich.\",\"breadcrumb\":{\"@id\":\"https:\/\/www.swissfoundations.ch\/fr\/pratique\/experts-senior\/#breadcrumb\"},\"inLanguage\":\"fr-FR\",\"potentialAction\":[{\"@type\":\"ReadAction\",\"target\":[\"https:\/\/www.swissfoundations.ch\/fr\/pratique\/experts-senior\/\"]}]},{\"@type\":\"ImageObject\",\"inLanguage\":\"fr-FR\",\"@id\":\"https:\/\/www.swissfoundations.ch\/fr\/pratique\/experts-senior\/#primaryimage\",\"url\":\"https:\/\/www.swissfoundations.ch\/wp-content\/uploads\/2019\/11\/Senior-Experts-Beratungsnetzwerk.jpg\",\"contentUrl\":\"https:\/\/www.swissfoundations.ch\/wp-content\/uploads\/2019\/11\/Senior-Experts-Beratungsnetzwerk.jpg\",\"width\":700,\"height\":438},{\"@type\":\"BreadcrumbList\",\"@id\":\"https:\/\/www.swissfoundations.ch\/fr\/pratique\/experts-senior\/#breadcrumb\",\"itemListElement\":[{\"@type\":\"ListItem\",\"position\":1,\"name\":\"Home\",\"item\":\"https:\/\/www.swissfoundations.ch\/fr\/\"},{\"@type\":\"ListItem\",\"position\":2,\"name\":\"R\u00e9seau d\u2019experts senior\"}]},{\"@type\":\"WebSite\",\"@id\":\"https:\/\/www.swissfoundations.ch\/fr\/#website\",\"url\":\"https:\/\/www.swissfoundations.ch\/fr\/\",\"name\":\"SwissFoundations\",\"description\":\"rderstiftungen setzen sich in der Schweiz mit Kraft und Innovation f\u00fcr das Gemeinwohl ein. Mit SwissFoundations haben sie seit 2001 einen starken Partner an der Seite.&lt;br&gt;Als Gemeinschaftsinitiative von Schweizer Stiftungen gegr\u00fcndet, vertritt SwissFoundations deren Anliegen gegen\u00fcber \u00d6ffentlichkeit, Politik und Beh\u00f6rden und setzt sich f\u00fcr die nachhaltige St\u00e4rkung privaten Stiftungsengagements ein.\",\"potentialAction\":[{\"@type\":\"SearchAction\",\"target\":{\"@type\":\"EntryPoint\",\"urlTemplate\":\"https:\/\/www.swissfoundations.ch\/fr\/?s={search_term_string}\"},\"query-input\":{\"@type\":\"PropertyValueSpecification\",\"valueRequired\":true,\"valueName\":\"search_term_string\"}}],\"inLanguage\":\"fr-FR\"}]}<\/script>\n<!-- \/ Yoast SEO plugin. -->","yoast_head_json":{"title":"R\u00e9seau d\u2019experts senior - SwissFoundations","description":"Das Senior Beratungsnetzwerk ist ein Zusammenschluss von F\u00fchrungskr\u00e4ften aus dem Schweizer Stiftungs- und Gemeinn\u00fctzigkeitsbereich.","robots":{"index":"index","follow":"follow","max-snippet":"max-snippet:-1","max-image-preview":"max-image-preview:large","max-video-preview":"max-video-preview:-1"},"canonical":"https:\/\/www.swissfoundations.ch\/fr\/pratique\/experts-senior\/","og_locale":"fr_FR","og_type":"article","og_title":"R\u00e9seau d\u2019experts senior - SwissFoundations","og_description":"Das Senior Beratungsnetzwerk ist ein Zusammenschluss von F\u00fchrungskr\u00e4ften aus dem Schweizer Stiftungs- und Gemeinn\u00fctzigkeitsbereich.","og_url":"https:\/\/www.swissfoundations.ch\/fr\/pratique\/experts-senior\/","og_site_name":"SwissFoundations","article_modified_time":"2026-03-05T08:45:14+00:00","og_image":[{"width":700,"height":438,"url":"https:\/\/www.swissfoundations.ch\/wp-content\/uploads\/2019\/11\/Senior-Experts-Beratungsnetzwerk.jpg","type":"image\/jpeg"}],"twitter_card":"summary_large_image","twitter_misc":{"Dur\u00e9e de lecture estim\u00e9e":"1 minute"},"schema":{"@context":"https:\/\/schema.org","@graph":[{"@type":"WebPage","@id":"https:\/\/www.swissfoundations.ch\/fr\/pratique\/experts-senior\/","url":"https:\/\/www.swissfoundations.ch\/fr\/pratique\/experts-senior\/","name":"R\u00e9seau d\u2019experts senior - SwissFoundations","isPartOf":{"@id":"https:\/\/www.swissfoundations.ch\/fr\/#website"},"primaryImageOfPage":{"@id":"https:\/\/www.swissfoundations.ch\/fr\/pratique\/experts-senior\/#primaryimage"},"image":{"@id":"https:\/\/www.swissfoundations.ch\/fr\/pratique\/experts-senior\/#primaryimage"},"thumbnailUrl":"https:\/\/www.swissfoundations.ch\/wp-content\/uploads\/2019\/11\/Senior-Experts-Beratungsnetzwerk.jpg","datePublished":"2019-10-07T00:01:49+00:00","dateModified":"2026-03-05T08:45:14+00:00","description":"Das Senior Beratungsnetzwerk ist ein Zusammenschluss von F\u00fchrungskr\u00e4ften aus dem Schweizer Stiftungs- und Gemeinn\u00fctzigkeitsbereich.","breadcrumb":{"@id":"https:\/\/www.swissfoundations.ch\/fr\/pratique\/experts-senior\/#breadcrumb"},"inLanguage":"fr-FR","potentialAction":[{"@type":"ReadAction","target":["https:\/\/www.swissfoundations.ch\/fr\/pratique\/experts-senior\/"]}]},{"@type":"ImageObject","inLanguage":"fr-FR","@id":"https:\/\/www.swissfoundations.ch\/fr\/pratique\/experts-senior\/#primaryimage","url":"https:\/\/www.swissfoundations.ch\/wp-content\/uploads\/2019\/11\/Senior-Experts-Beratungsnetzwerk.jpg","contentUrl":"https:\/\/www.swissfoundations.ch\/wp-content\/uploads\/2019\/11\/Senior-Experts-Beratungsnetzwerk.jpg","width":700,"height":438},{"@type":"BreadcrumbList","@id":"https:\/\/www.swissfoundations.ch\/fr\/pratique\/experts-senior\/#breadcrumb","itemListElement":[{"@type":"ListItem","position":1,"name":"Home","item":"https:\/\/www.swissfoundations.ch\/fr\/"},{"@type":"ListItem","position":2,"name":"R\u00e9seau d\u2019experts senior"}]},{"@type":"WebSite","@id":"https:\/\/www.swissfoundations.ch\/fr\/#website","url":"https:\/\/www.swissfoundations.ch\/fr\/","name":"SwissFoundations","description":"rderstiftungen setzen sich in der Schweiz mit Kraft und Innovation f\u00fcr das Gemeinwohl ein. Mit SwissFoundations haben sie seit 2001 einen starken Partner an der Seite.&lt;br&gt;Als Gemeinschaftsinitiative von Schweizer Stiftungen gegr\u00fcndet, vertritt SwissFoundations deren Anliegen gegen\u00fcber \u00d6ffentlichkeit, Politik und Beh\u00f6rden und setzt sich f\u00fcr die nachhaltige St\u00e4rkung privaten Stiftungsengagements ein.","potentialAction":[{"@type":"SearchAction","target":{"@type":"EntryPoint","urlTemplate":"https:\/\/www.swissfoundations.ch\/fr\/?s={search_term_string}"},"query-input":{"@type":"PropertyValueSpecification","valueRequired":true,"valueName":"search_term_string"}}],"inLanguage":"fr-FR"}]}},"_links":{"self":[{"href":"https:\/\/www.swissfoundations.ch\/fr\/wp-json\/wp\/v2\/practice\/23464","targetHints":{"allow":["GET"]}}],"collection":[{"href":"https:\/\/www.swissfoundations.ch\/fr\/wp-json\/wp\/v2\/practice"}],"about":[{"href":"https:\/\/www.swissfoundations.ch\/fr\/wp-json\/wp\/v2\/types\/practice"}],"version-history":[{"count":22,"href":"https:\/\/www.swissfoundations.ch\/fr\/wp-json\/wp\/v2\/practice\/23464\/revisions"}],"predecessor-version":[{"id":67825,"href":"https:\/\/www.swissfoundations.ch\/fr\/wp-json\/wp\/v2\/practice\/23464\/revisions\/67825"}],"wp:featuredmedia":[{"embeddable":true,"href":"https:\/\/www.swissfoundations.ch\/fr\/wp-json\/wp\/v2\/media\/5929"}],"wp:attachment":[{"href":"https:\/\/www.swissfoundations.ch\/fr\/wp-json\/wp\/v2\/media?parent=23464"}],"curies":[{"name":"wp","href":"https:\/\/api.w.org\/{rel}","templated":true}]}}