{"id":47189,"date":"2024-03-19T20:48:54","date_gmt":"2024-03-19T20:48:54","guid":{"rendered":"https:\/\/www.swissfoundations.ch\/?page_id=47189"},"modified":"2024-03-20T18:51:34","modified_gmt":"2024-03-20T18:51:34","slug":"cg","status":"publish","type":"page","link":"https:\/\/www.swissfoundations.ch\/fr\/cg\/","title":{"rendered":"Conditions G\u00e9n\u00e9rales"},"content":{"rendered":"<p>Valables \u00e0 partir du : 1er mars 2024<\/p>\n<p><strong>1. Champ d\u2019application<\/strong><br \/>\nLes pr\u00e9sentes Conditions G\u00e9n\u00e9rales (CG) s\u2019appliquent \u00e0 l\u2019ensemble des \u00e9v\u00e9nements organis\u00e9s par SwissFoundations sous sa propre responsabilit\u00e9.<\/p>\n<p><strong>2. Inscription<\/strong><br \/>\nLes inscriptions aux \u00e9v\u00e9nements ont lieu sur les plateformes d\u2019inscription correspondantes ou par courrier \u00e9lectronique. L\u2019inscription n\u2019est juridiquement valable qu\u2019apr\u00e8s l\u2019envoi d\u2019une confirmation \u00e9crite (par voie postale ou \u00e9lectronique).<\/p>\n<p><strong>3. Ex\u00e9cution<\/strong><\/p>\n<p><strong>3.1 Dispositions g\u00e9n\u00e9rales<\/strong><br \/>\nLa personne participant \u00e0 l\u2019\u00e9v\u00e9nement reconna\u00eet qu\u2019elle ne dispose d\u2019aucun droit de r\u00e9tractation pour l\u2019achat du billet de l&rsquo;\u00e9v\u00e9nement effectu\u00e9, sous r\u00e9serve du chiffre 3.4. Les billets achet\u00e9s pour l\u2019\u00e9v\u00e9nement ne peuvent par cons\u00e9quent \u00eatre ni \u00e9chang\u00e9s ni rembours\u00e9s.<\/p>\n<p>Par son inscription, la personne participante accepte les pr\u00e9sentes CG ainsi que les autres dispositions en mati\u00e8re de s\u00e9curit\u00e9, d\u2019acc\u00e8s et d\u2019ex\u00e9cution \u00e9ventuellement \u00e9mises pour l\u2019\u00e9v\u00e9nement concern\u00e9 et s\u2019engage \u00e0 les respecter ainsi que les instructions des collaborateur-trice-s de SwissFoundations (ou de tiers mandat\u00e9s par ses soins). SwissFoundations s&rsquo;engage \u00e0 respecter les principes de l&rsquo;\u00c9tat de droit, notamment l&rsquo;ouverture d&rsquo;esprit et la tol\u00e9rance \u00e0 l&rsquo;\u00e9gard de la dissidence. La personne participante assure \u00eatre tenue de respecter ces m\u00eames principes dans le cadre de ses activit\u00e9s. Aucune forme de discrimination n&rsquo;est tol\u00e9r\u00e9e lors des \u00e9v\u00e9nements.<\/p>\n<p>La personne participante prend acte du fait qu\u2019elle peut \u00eatre exclue de l\u2019\u00e9v\u00e9nement en cas de non-respect de ces r\u00e8gles, instructions, principes et valeurs. L\u2019exclusion ne donne lieu \u00e0 aucune indemnisation ou aucun remboursement du billet d\u2019entr\u00e9e.<\/p>\n<p>SwissFoundations se r\u00e9serve le droit de remplacer les intervenant-e-s annonc\u00e9-e-s et de proc\u00e9der aux modifications du programme n\u00e9cessaires en respectant le caract\u00e8re g\u00e9n\u00e9ral de l\u2019\u00e9v\u00e9nement. Une indemnisation ou le remboursement du billet d\u2019entr\u00e9e pour de tels motifs est exclu.<\/p>\n<p><strong>3.2 Report de l\u2019\u00e9v\u00e9nement<\/strong><br \/>\nSi, pour quelque raison que ce soit, l&rsquo;\u00e9v\u00e9nement doit \u00eatre report\u00e9, le billet achet\u00e9 est automatiquement valable pour la date de report. Le remboursement ou l&rsquo;\u00e9change du billet sont exclus. Les \u00e9ventuels frais suppl\u00e9mentaires occasionn\u00e9s par le report pour la modification des r\u00e9servations effectu\u00e9es \u00e0 titre priv\u00e9 (h\u00f4tel, transport, etc.) sont \u00e0 la charge de la personne participante. Il est possible de c\u00e9der le billet \u00e0 une autre personne pour la date de report ; cette cession doit \u00eatre signal\u00e9e par \u00e9crit.<\/p>\n<p><strong>3.3 Annulation ou interruption de la manifestation en cas de force majeure<\/strong><br \/>\nSi la manifestation doit \u00eatre interrompue ou annul\u00e9e en raison d&rsquo;un cas de force majeure, d&rsquo;influences ext\u00e9rieures (pand\u00e9mies, manifestations, violences, menaces de tiers) ou d&rsquo;autres circonstances ind\u00e9pendantes de la volont\u00e9 de SwissFoundations, les billets achet\u00e9s ne peuvent \u00eatre ni \u00e9chang\u00e9s ni rembours\u00e9s.<\/p>\n<p><strong>3.4 Annulation de la manifestation par SwissFoundations<\/strong><br \/>\nSi la tenue d&rsquo;un \u00e9v\u00e9nement est annul\u00e9e pour des raisons internes \u00e0 SwissFoundations, la personne inscrite peut envoyer son billet par e-mail \u00e0 SwissFoundations dans un d\u00e9lai de 30 jours apr\u00e8s l&rsquo;annulation de l&rsquo;\u00e9v\u00e9nement (info@swissfoundations.ch). Le paiement d\u00e9j\u00e0 effectu\u00e9 sera ensuite int\u00e9gralement rembours\u00e9.<\/p>\n<p><strong>4. R\u00e9tractation de la personne participante<\/strong><br \/>\nLes conditions de r\u00e9tractation et d&rsquo;annulation suivantes s&rsquo;appliquent \u00e0 toutes les r\u00e9servations, inscriptions et r\u00e9servations (congr\u00e8s, h\u00e9bergement en h\u00f4tel, frais de d\u00e9placement arriv\u00e9e\/d\u00e9part, soir\u00e9es) en cas de mise en \u0153uvre analogue : Les billets d\u00e9j\u00e0 achet\u00e9s ne sont pas remboursables. Il est toutefois possible de d\u00e9l\u00e9guer une personne de remplacement, qui doit \u00eatre annonc\u00e9e par \u00e9crit.<\/p>\n<p>Ces dispositions relatives au retrait et \u00e0 l&rsquo;annulation s&rsquo;appliquent \u00e9galement en cas d&#8217;emp\u00eachement pour cause de maladie, d&rsquo;accident ou autre. Pour les manifestations de plusieurs jours, le fractionnement du billet ou le transfert du billet ne sont en principe pas possibles. Des d\u00e9rogations \u00e0 cette r\u00e8gle sont possibles dans des cas exceptionnels, mais sont soumises le cas \u00e9ch\u00e9ant \u00e0 des frais de traitement.<\/p>\n<p><strong>5. Protection des donn\u00e9es<\/strong><br \/>\nSwissFoundations accorde une grande importance \u00e0 la protection des donn\u00e9es. Les donn\u00e9es personnelles sont trait\u00e9es de mani\u00e8re confidentielle et conform\u00e9ment aux dispositions l\u00e9gales en vigueur. Les donn\u00e9es sont trait\u00e9es \u00e0 des fins d\u2019organisation de l\u2019\u00e9v\u00e8nement. Elles sont supprim\u00e9es d\u00e8s qu&rsquo;elles ne sont plus n\u00e9cessaires \u00e0 cette fin. Nous renvoyons par ailleurs \u00e0 notre d\u00e9claration sur la protection des donn\u00e9es, qui se trouve sur notre site web : https:\/\/www.swissfoundations.ch\/fr\/protection-des-donnees\/. Le nom, l&rsquo;organisation et la fonction de toutes les personnes inscrites peuvent, le cas \u00e9ch\u00e9ant, \u00eatre publi\u00e9s sous forme \u00e9lectronique sur une liste de participants prot\u00e9g\u00e9e par un mot de passe ou d&rsquo;une autre mani\u00e8re \u00e0 destination des autres participant-e-s et des intervenant-e-s. Si tel est le cas, il en sera fait mention dans le cadre de la proc\u00e9dure d&rsquo;inscription. Si une prestation demand\u00e9e n&rsquo;est pas fournie par SwissFoundations elle-m\u00eame (p. ex. h\u00e9bergement \u00e0 l&rsquo;h\u00f4tel), SwissFoundations est autoris\u00e9e \u00e0 transmettre les donn\u00e9es personnelles requises aux partenaires de prestations correspondants.<\/p>\n<p><strong>6. Enregistrements multim\u00e9dias<\/strong><br \/>\nDans le cadre de ces \u00e9v\u00e9nements, des images, des sons et\/ou des vid\u00e9os des participant-e-s peuvent \u00eatre enregistr\u00e9s par SwissFoundations ou par des tiers mandat\u00e9s. Ces enregistrements sont utilis\u00e9s par SwissFoundations \u00e0 des fins de communication sur Internet (par exemple sur notre site web et les r\u00e9seaux sociaux), dans nos publications et lors de nos \u00e9v\u00e9nements. Ces enregistrements peuvent \u00e9galement \u00eatre transmis aux partenaires de SwissFoundations pour \u00eatre utilis\u00e9s \u00e0 des fins de communication. En participant \u00e0 un \u00e9v\u00e9nement, la personne accepte que des images, des sons et des vid\u00e9os dans lesquels elle appara\u00eet soient enregistr\u00e9s. La personne participante autorise express\u00e9ment SwissFoundations ainsi que ses partenaires \u00e0 les utiliser sans autres r\u00e9serves \u00e0 des fins de communication ult\u00e9rieures. Si la personne participante ne souhaite pas \u00eatre enregistr\u00e9e et son image utilis\u00e9e de la sorte, elle peut nous le faire savoir par \u00e9crit, par courrier ou par e-mail (info@swissfoundations.ch).<\/p>\n<p>Les prestataires de services externes qui traitent des donn\u00e9es en notre nom, comme par exemple des images, des sons ou des vid\u00e9os, sont tenus par contrat de respecter la protection des donn\u00e9es conform\u00e9ment \u00e0 la loi f\u00e9d\u00e9rale sur la protection des donn\u00e9es (LPD). Nous nous sommes assur\u00e9s que les prestataires de services externes sont en mesure de garantir la s\u00e9curit\u00e9 des donn\u00e9es. Ils ne peuvent confier le traitement des donn\u00e9es personnelles \u00e0 un tiers qu&rsquo;avec notre autorisation pr\u00e9alable.<\/p>\n<p>SwissFoundations se r\u00e9serve le droit de limiter ou d&rsquo;interdire tout enregistrement d&rsquo;images, de sons et\/ou de vid\u00e9os par les participants pendant l&rsquo;\u00e9v\u00e9nement. SwissFoundations n&rsquo;assume aucune responsabilit\u00e9 si les participants enregistrent, utilisent et\/ou diffusent des images, des sons et\/ou des vid\u00e9os d&rsquo;autres participants.<\/p>\n<p><strong>7. Exclusion de responsabilit\u00e9<\/strong><br \/>\nLa responsabilit\u00e9 de SwissFoundations pour des dommages directs ou indirects ainsi que des dommages cons\u00e9cutifs subis par la personne participante en lien avec l\u2019organisation et la tenue de l\u2019\u00e9v\u00e9nement est exclue, dans la mesure admise par la loi.  SwissFoundations ne r\u00e9pond notamment pas des dommages et dommages cons\u00e9cutifs provoqu\u00e9s par l\u2019annulation ou l\u2019interruption de l\u2019\u00e9v\u00e9nement ou par l&rsquo;organisation d\u00e9ficiente de l\u2019\u00e9v\u00e9nement. En tout \u00e9tat de cause, la responsabilit\u00e9 pour l\u2019ensemble des pr\u00e9tentions contractuelles, d\u00e9lictuelles ou autres se limite au co\u00fbt du billet d\u2019entr\u00e9e. Les dommages plus \u00e9tendus quels qu\u2019ils soient ne sont pas rembours\u00e9s.  Les \u00e9ventuelles pr\u00e9tentions en dommages et int\u00e9r\u00eats et autres pr\u00e9tentions de la personne participante au versement d\u2019une somme d\u2019argent expirent un an apr\u00e8s leur d\u00e9couverte.<\/p>\n<p><strong>8. Droit applicable et for<\/strong><br \/>\nLes prestations de SwissFoundations, les \u00e9v\u00e9nements organis\u00e9s par ses soins et les pr\u00e9sentes dispositions rel\u00e8vent exclusivement du droit suisse. Les \u00e9ventuels litiges entre la personne participante et SwissFoundations concernant un \u00e9v\u00e9nement ou en relation avec un \u00e9v\u00e9nement doivent si possible \u00eatre r\u00e9gl\u00e9s par voie de n\u00e9gociation. Dans le cas contraire, les tribunaux ordinaires de Zurich sont comp\u00e9tents.<\/p>\n","protected":false},"excerpt":{"rendered":"<p>Valables \u00e0 partir du : 1er mars 2024 1. Champ d\u2019application Les pr\u00e9sentes Conditions G\u00e9n\u00e9rales (CG) s\u2019appliquent \u00e0 l\u2019ensemble des \u00e9v\u00e9nements organis\u00e9s par SwissFoundations sous sa propre responsabilit\u00e9. 2. Inscription Les inscriptions aux \u00e9v\u00e9nements ont lieu sur les plateformes d\u2019inscription correspondantes ou par courrier \u00e9lectronique. L\u2019inscription n\u2019est juridiquement valable qu\u2019apr\u00e8s l\u2019envoi d\u2019une confirmation \u00e9crite (par [&hellip;]<\/p>\n","protected":false},"author":25,"featured_media":10644,"parent":0,"menu_order":0,"comment_status":"closed","ping_status":"closed","template":"pages\/simple-text-tpl.php","meta":{"_acf_changed":false,"footnotes":""},"class_list":["post-47189","page","type-page","status-publish","has-post-thumbnail","hentry"],"acf":[],"yoast_head":"<!-- This site is optimized with the Yoast SEO plugin v24.2 - https:\/\/yoast.com\/wordpress\/plugins\/seo\/ -->\n<title>Conditions G\u00e9n\u00e9rales - SwissFoundations<\/title>\n<meta name=\"robots\" content=\"index, follow, max-snippet:-1, max-image-preview:large, max-video-preview:-1\" \/>\n<link rel=\"canonical\" href=\"https:\/\/www.swissfoundations.ch\/fr\/cg\/\" \/>\n<meta property=\"og:locale\" content=\"fr_FR\" \/>\n<meta property=\"og:type\" content=\"article\" \/>\n<meta property=\"og:title\" content=\"Conditions G\u00e9n\u00e9rales - SwissFoundations\" \/>\n<meta property=\"og:description\" content=\"Valables \u00e0 partir du : 1er mars 2024 1. Champ d\u2019application Les pr\u00e9sentes Conditions G\u00e9n\u00e9rales (CG) s\u2019appliquent \u00e0 l\u2019ensemble des \u00e9v\u00e9nements organis\u00e9s par SwissFoundations sous sa propre responsabilit\u00e9. 2. Inscription Les inscriptions aux \u00e9v\u00e9nements ont lieu sur les plateformes d\u2019inscription correspondantes ou par courrier \u00e9lectronique. L\u2019inscription n\u2019est juridiquement valable qu\u2019apr\u00e8s l\u2019envoi d\u2019une confirmation \u00e9crite (par [&hellip;]\" \/>\n<meta property=\"og:url\" content=\"https:\/\/www.swissfoundations.ch\/fr\/cg\/\" \/>\n<meta property=\"og:site_name\" content=\"SwissFoundations\" \/>\n<meta property=\"article:modified_time\" content=\"2024-03-20T18:51:34+00:00\" \/>\n<meta property=\"og:image\" content=\"https:\/\/www.swissfoundations.ch\/wp-content\/uploads\/2021\/01\/datenschutz-1.png\" \/>\n\t<meta property=\"og:image:width\" content=\"541\" \/>\n\t<meta property=\"og:image:height\" content=\"449\" \/>\n\t<meta property=\"og:image:type\" content=\"image\/png\" \/>\n<meta name=\"twitter:card\" content=\"summary_large_image\" \/>\n<meta name=\"twitter:label1\" content=\"Dur\u00e9e de lecture estim\u00e9e\" \/>\n\t<meta name=\"twitter:data1\" content=\"6 minutes\" \/>\n<script type=\"application\/ld+json\" class=\"yoast-schema-graph\">{\"@context\":\"https:\/\/schema.org\",\"@graph\":[{\"@type\":\"WebPage\",\"@id\":\"https:\/\/www.swissfoundations.ch\/fr\/cg\/\",\"url\":\"https:\/\/www.swissfoundations.ch\/fr\/cg\/\",\"name\":\"Conditions G\u00e9n\u00e9rales - SwissFoundations\",\"isPartOf\":{\"@id\":\"https:\/\/www.swissfoundations.ch\/fr\/#website\"},\"primaryImageOfPage\":{\"@id\":\"https:\/\/www.swissfoundations.ch\/fr\/cg\/#primaryimage\"},\"image\":{\"@id\":\"https:\/\/www.swissfoundations.ch\/fr\/cg\/#primaryimage\"},\"thumbnailUrl\":\"https:\/\/www.swissfoundations.ch\/wp-content\/uploads\/2021\/01\/datenschutz-1.png\",\"datePublished\":\"2024-03-19T20:48:54+00:00\",\"dateModified\":\"2024-03-20T18:51:34+00:00\",\"breadcrumb\":{\"@id\":\"https:\/\/www.swissfoundations.ch\/fr\/cg\/#breadcrumb\"},\"inLanguage\":\"fr-FR\",\"potentialAction\":[{\"@type\":\"ReadAction\",\"target\":[\"https:\/\/www.swissfoundations.ch\/fr\/cg\/\"]}]},{\"@type\":\"ImageObject\",\"inLanguage\":\"fr-FR\",\"@id\":\"https:\/\/www.swissfoundations.ch\/fr\/cg\/#primaryimage\",\"url\":\"https:\/\/www.swissfoundations.ch\/wp-content\/uploads\/2021\/01\/datenschutz-1.png\",\"contentUrl\":\"https:\/\/www.swissfoundations.ch\/wp-content\/uploads\/2021\/01\/datenschutz-1.png\",\"width\":541,\"height\":449},{\"@type\":\"BreadcrumbList\",\"@id\":\"https:\/\/www.swissfoundations.ch\/fr\/cg\/#breadcrumb\",\"itemListElement\":[{\"@type\":\"ListItem\",\"position\":1,\"name\":\"Home\",\"item\":\"https:\/\/www.swissfoundations.ch\/fr\/\"},{\"@type\":\"ListItem\",\"position\":2,\"name\":\"Conditions G\u00e9n\u00e9rales\"}]},{\"@type\":\"WebSite\",\"@id\":\"https:\/\/www.swissfoundations.ch\/fr\/#website\",\"url\":\"https:\/\/www.swissfoundations.ch\/fr\/\",\"name\":\"SwissFoundations\",\"description\":\"rderstiftungen setzen sich in der Schweiz mit Kraft und Innovation f\u00fcr das Gemeinwohl ein. Mit SwissFoundations haben sie seit 2001 einen starken Partner an der Seite.&lt;br&gt;Als Gemeinschaftsinitiative von Schweizer Stiftungen gegr\u00fcndet, vertritt SwissFoundations deren Anliegen gegen\u00fcber \u00d6ffentlichkeit, Politik und Beh\u00f6rden und setzt sich f\u00fcr die nachhaltige St\u00e4rkung privaten Stiftungsengagements ein.\",\"potentialAction\":[{\"@type\":\"SearchAction\",\"target\":{\"@type\":\"EntryPoint\",\"urlTemplate\":\"https:\/\/www.swissfoundations.ch\/fr\/?s={search_term_string}\"},\"query-input\":{\"@type\":\"PropertyValueSpecification\",\"valueRequired\":true,\"valueName\":\"search_term_string\"}}],\"inLanguage\":\"fr-FR\"}]}<\/script>\n<!-- \/ Yoast SEO plugin. -->","yoast_head_json":{"title":"Conditions G\u00e9n\u00e9rales - SwissFoundations","robots":{"index":"index","follow":"follow","max-snippet":"max-snippet:-1","max-image-preview":"max-image-preview:large","max-video-preview":"max-video-preview:-1"},"canonical":"https:\/\/www.swissfoundations.ch\/fr\/cg\/","og_locale":"fr_FR","og_type":"article","og_title":"Conditions G\u00e9n\u00e9rales - SwissFoundations","og_description":"Valables \u00e0 partir du : 1er mars 2024 1. Champ d\u2019application Les pr\u00e9sentes Conditions G\u00e9n\u00e9rales (CG) s\u2019appliquent \u00e0 l\u2019ensemble des \u00e9v\u00e9nements organis\u00e9s par SwissFoundations sous sa propre responsabilit\u00e9. 2. Inscription Les inscriptions aux \u00e9v\u00e9nements ont lieu sur les plateformes d\u2019inscription correspondantes ou par courrier \u00e9lectronique. L\u2019inscription n\u2019est juridiquement valable qu\u2019apr\u00e8s l\u2019envoi d\u2019une confirmation \u00e9crite (par [&hellip;]","og_url":"https:\/\/www.swissfoundations.ch\/fr\/cg\/","og_site_name":"SwissFoundations","article_modified_time":"2024-03-20T18:51:34+00:00","og_image":[{"width":541,"height":449,"url":"https:\/\/www.swissfoundations.ch\/wp-content\/uploads\/2021\/01\/datenschutz-1.png","type":"image\/png"}],"twitter_card":"summary_large_image","twitter_misc":{"Dur\u00e9e de lecture estim\u00e9e":"6 minutes"},"schema":{"@context":"https:\/\/schema.org","@graph":[{"@type":"WebPage","@id":"https:\/\/www.swissfoundations.ch\/fr\/cg\/","url":"https:\/\/www.swissfoundations.ch\/fr\/cg\/","name":"Conditions G\u00e9n\u00e9rales - SwissFoundations","isPartOf":{"@id":"https:\/\/www.swissfoundations.ch\/fr\/#website"},"primaryImageOfPage":{"@id":"https:\/\/www.swissfoundations.ch\/fr\/cg\/#primaryimage"},"image":{"@id":"https:\/\/www.swissfoundations.ch\/fr\/cg\/#primaryimage"},"thumbnailUrl":"https:\/\/www.swissfoundations.ch\/wp-content\/uploads\/2021\/01\/datenschutz-1.png","datePublished":"2024-03-19T20:48:54+00:00","dateModified":"2024-03-20T18:51:34+00:00","breadcrumb":{"@id":"https:\/\/www.swissfoundations.ch\/fr\/cg\/#breadcrumb"},"inLanguage":"fr-FR","potentialAction":[{"@type":"ReadAction","target":["https:\/\/www.swissfoundations.ch\/fr\/cg\/"]}]},{"@type":"ImageObject","inLanguage":"fr-FR","@id":"https:\/\/www.swissfoundations.ch\/fr\/cg\/#primaryimage","url":"https:\/\/www.swissfoundations.ch\/wp-content\/uploads\/2021\/01\/datenschutz-1.png","contentUrl":"https:\/\/www.swissfoundations.ch\/wp-content\/uploads\/2021\/01\/datenschutz-1.png","width":541,"height":449},{"@type":"BreadcrumbList","@id":"https:\/\/www.swissfoundations.ch\/fr\/cg\/#breadcrumb","itemListElement":[{"@type":"ListItem","position":1,"name":"Home","item":"https:\/\/www.swissfoundations.ch\/fr\/"},{"@type":"ListItem","position":2,"name":"Conditions G\u00e9n\u00e9rales"}]},{"@type":"WebSite","@id":"https:\/\/www.swissfoundations.ch\/fr\/#website","url":"https:\/\/www.swissfoundations.ch\/fr\/","name":"SwissFoundations","description":"rderstiftungen setzen sich in der Schweiz mit Kraft und Innovation f\u00fcr das Gemeinwohl ein. Mit SwissFoundations haben sie seit 2001 einen starken Partner an der Seite.&lt;br&gt;Als Gemeinschaftsinitiative von Schweizer Stiftungen gegr\u00fcndet, vertritt SwissFoundations deren Anliegen gegen\u00fcber \u00d6ffentlichkeit, Politik und Beh\u00f6rden und setzt sich f\u00fcr die nachhaltige St\u00e4rkung privaten Stiftungsengagements ein.","potentialAction":[{"@type":"SearchAction","target":{"@type":"EntryPoint","urlTemplate":"https:\/\/www.swissfoundations.ch\/fr\/?s={search_term_string}"},"query-input":{"@type":"PropertyValueSpecification","valueRequired":true,"valueName":"search_term_string"}}],"inLanguage":"fr-FR"}]}},"_links":{"self":[{"href":"https:\/\/www.swissfoundations.ch\/fr\/wp-json\/wp\/v2\/pages\/47189","targetHints":{"allow":["GET"]}}],"collection":[{"href":"https:\/\/www.swissfoundations.ch\/fr\/wp-json\/wp\/v2\/pages"}],"about":[{"href":"https:\/\/www.swissfoundations.ch\/fr\/wp-json\/wp\/v2\/types\/page"}],"author":[{"embeddable":true,"href":"https:\/\/www.swissfoundations.ch\/fr\/wp-json\/wp\/v2\/users\/25"}],"replies":[{"embeddable":true,"href":"https:\/\/www.swissfoundations.ch\/fr\/wp-json\/wp\/v2\/comments?post=47189"}],"version-history":[{"count":3,"href":"https:\/\/www.swissfoundations.ch\/fr\/wp-json\/wp\/v2\/pages\/47189\/revisions"}],"predecessor-version":[{"id":47204,"href":"https:\/\/www.swissfoundations.ch\/fr\/wp-json\/wp\/v2\/pages\/47189\/revisions\/47204"}],"wp:featuredmedia":[{"embeddable":true,"href":"https:\/\/www.swissfoundations.ch\/fr\/wp-json\/wp\/v2\/media\/10644"}],"wp:attachment":[{"href":"https:\/\/www.swissfoundations.ch\/fr\/wp-json\/wp\/v2\/media?parent=47189"}],"curies":[{"name":"wp","href":"https:\/\/api.w.org\/{rel}","templated":true}]}}