{"id":4843,"date":"2019-10-22T09:48:41","date_gmt":"2019-10-22T09:48:41","guid":{"rendered":"https:\/\/www.swissfoundations.ch\/?post_type=about&#038;p=4843"},"modified":"2026-03-12T15:07:07","modified_gmt":"2026-03-12T15:07:07","slug":"bureau","status":"publish","type":"about","link":"https:\/\/www.swissfoundations.ch\/fr\/a-propos\/bureau\/","title":{"rendered":"Bureau"},"content":{"rendered":"<div class=\"container\">\n        <div class=\"row head-type small\">\n            <div class=\"col-lg-12 plate\">\n                <div class=\"info-wrap\">\n                    <p class=\"h1 title\">Bureau<\/p>\n                <\/div>\n            <\/div>\n        <\/div>\n    <\/div><section id=\"content-field-block_ecbaae0ecd50e200b12cdaafd8b80e90\" class=\"container single-part\">\n        <div class=\"row\">\n            <div class=\"col-lg-12 content-wrap global\">\n                <div class=\"the-content\">\n                    <p><span data-teams=\"true\">SwissFoundations dispose d\u2019un bureau au Haus der Stiftungen \u00e0 Zurich ainsi qu\u2019\u00e0 la Maison des Fondations \u00e0 Gen\u00e8ve. Notre \u00e9quipe collabore \u00e9troitement avec les fondations donatrices d\u2019int\u00e9r\u00eat public et se compose actuellement de 12 collaboratrices et collaborateurs, repr\u00e9sentant un total de 8,35 \u00e9quivalents temps plein (ETP).<\/span><\/p>\n                <\/div>\n            <\/div>\n        <\/div>\n    <\/section><div class=\"container single-part\" id=\"members-list-block_eee0c051221cf690c26edbc37c979548\">\n        <div class=\"row\">\n            <div class=\"col-lg-12 content-wrap global px0\">\n\n                <div class=\"member-list-g-wrap\">\n                    <p style=\"display:none;\">5644<\/p><p style=\"display:none;\">Gesch\u00e4ftsf\u00fchrerin<\/p><p style=\"display:none;\">Gesch\u00e4ftsf\u00fchrerin<\/p>                        <div class=\"item\">\n                            <div class=\"img-wrap\">\n                                                                    <img decoding=\"async\" src=\"https:\/\/www.swissfoundations.ch\/wp-content\/uploads\/2026\/03\/PortraitsJR-144x192.jpg\"\n                                         srcset=\"https:\/\/www.swissfoundations.ch\/wp-content\/uploads\/2026\/03\/PortraitsJR-144x192.jpg 1x, https:\/\/www.swissfoundations.ch\/wp-content\/uploads\/2026\/03\/PortraitsJR.jpg 2x\"\n                                         alt=\"\">\n                                                            <\/div>\n                            <div class=\"info\">\n                                <div class=\"body\">\n                                    <h2 class=\"h2 name\">Jasmina Ritz<\/h2>\n                                    <p class=\"txt position\">Gesch\u00e4ftsf\u00fchrerin                                        <br>Haus der Stiftungen<\/p>\n                                                                                    <a href=\"mailto:ritz@swissfoundations.ch\" class=\"txt email\">ritz@swissfoundations.ch<\/a>                                                                            \n                                <\/div>\n                                <div class=\"liks-wrap\">\n                                                                                                                <a href=\"https:\/\/www.swissfoundations.ch\/wp-content\/uploads\/2026\/03\/PortraitsJR.jpg\" download\n                                           class=\"link\">Portrait<\/a>\n                                                                                                        <\/div>\n                            <\/div>\n                        <\/div>\n                    <p style=\"display:none;\">4387<\/p><p style=\"display:none;\">Directrice Suisse Romande<\/p><p style=\"display:none;\">Directrice Suisse Romande<\/p>                        <div class=\"item\">\n                            <div class=\"img-wrap\">\n                                                                    <img decoding=\"async\" src=\"https:\/\/www.swissfoundations.ch\/wp-content\/uploads\/2025\/01\/marie2-1-144x192.png\"\n                                         srcset=\"https:\/\/www.swissfoundations.ch\/wp-content\/uploads\/2025\/01\/marie2-1-144x192.png 1x, https:\/\/www.swissfoundations.ch\/wp-content\/uploads\/2025\/01\/marie2-1.png 2x\"\n                                         alt=\"\">\n                                                            <\/div>\n                            <div class=\"info\">\n                                <div class=\"body\">\n                                    <h2 class=\"h2 name\">Marie Wyss<\/h2>\n                                    <p class=\"txt position\">Directrice Suisse Romande                                        <br>Maison des Fondations<\/p>\n                                                                                    <a href=\"mailto:wyss@swissfoundations.ch\" class=\"txt email\">wyss@swissfoundations.ch<\/a>                                                                            \n                                <\/div>\n                                <div class=\"liks-wrap\">\n                                                                                                                <a href=\"https:\/\/www.swissfoundations.ch\/wp-content\/uploads\/2025\/01\/marie2-1.png\" download\n                                           class=\"link\">Portrait<\/a>\n                                                                                                        <\/div>\n                            <\/div>\n                        <\/div>\n                    <p style=\"display:none;\">24<\/p><p style=\"display:none;\">Mitglieder<\/p><p style=\"display:none;\">Membres<\/p>                        <div class=\"item\">\n                            <div class=\"img-wrap\">\n                                                                    <img decoding=\"async\" src=\"https:\/\/www.swissfoundations.ch\/wp-content\/uploads\/2024\/07\/Portrait_MB-1-144x192.png\"\n                                         srcset=\"https:\/\/www.swissfoundations.ch\/wp-content\/uploads\/2024\/07\/Portrait_MB-1-144x192.png 1x, https:\/\/www.swissfoundations.ch\/wp-content\/uploads\/2024\/07\/Portrait_MB-1.png 2x\"\n                                         alt=\"\">\n                                                            <\/div>\n                            <div class=\"info\">\n                                <div class=\"body\">\n                                    <h2 class=\"h2 name\">Montserrat Bellprat<\/h2>\n                                    <p class=\"txt position\">Membres                                        <br>Haus der Stiftungen<\/p>\n                                                                                    <a href=\"mailto:bellprat@swissfoundations.ch\" class=\"txt email\">bellprat@swissfoundations.ch<\/a>                                                                            \n                                <\/div>\n                                <div class=\"liks-wrap\">\n                                                                                                                <a href=\"https:\/\/www.swissfoundations.ch\/wp-content\/uploads\/2024\/07\/Portrait_MB-1.png\" download\n                                           class=\"link\">Portrait<\/a>\n                                                                                                        <\/div>\n                            <\/div>\n                        <\/div>\n                    <p style=\"display:none;\">421<\/p><p style=\"display:none;\">Kommunikation<\/p><p style=\"display:none;\">Communication<\/p>                        <div class=\"item\">\n                            <div class=\"img-wrap\">\n                                                                    <img decoding=\"async\" src=\"https:\/\/www.swissfoundations.ch\/wp-content\/uploads\/2024\/07\/Portrait_JG-144x192.png\"\n                                         srcset=\"https:\/\/www.swissfoundations.ch\/wp-content\/uploads\/2024\/07\/Portrait_JG-144x192.png 1x, https:\/\/www.swissfoundations.ch\/wp-content\/uploads\/2024\/07\/Portrait_JG.png 2x\"\n                                         alt=\"\">\n                                                            <\/div>\n                            <div class=\"info\">\n                                <div class=\"body\">\n                                    <h2 class=\"h2 name\">Jasmin Guggisberg<\/h2>\n                                    <p class=\"txt position\">Communication                                        <br>Haus der Stiftungen<\/p>\n                                                                                    <a href=\"mailto:guggisberg@swissfoundations.ch\" class=\"txt email\">guggisberg@swissfoundations.ch<\/a>                                                                            \n                                <\/div>\n                                <div class=\"liks-wrap\">\n                                                                                                                <a href=\"https:\/\/www.swissfoundations.ch\/wp-content\/uploads\/2024\/07\/Portrait_JG.png\" download\n                                           class=\"link\">Portrait<\/a>\n                                                                                                        <\/div>\n                            <\/div>\n                        <\/div>\n                    <p style=\"display:none;\">3599<\/p><p style=\"display:none;\">Project Manager<\/p><p style=\"display:none;\">Project Manager<\/p>                        <div class=\"item\">\n                            <div class=\"img-wrap\">\n                                                                    <img decoding=\"async\" src=\"https:\/\/www.swissfoundations.ch\/wp-content\/uploads\/2024\/07\/Portrait_RS-144x192.png\"\n                                         srcset=\"https:\/\/www.swissfoundations.ch\/wp-content\/uploads\/2024\/07\/Portrait_RS-144x192.png 1x, https:\/\/www.swissfoundations.ch\/wp-content\/uploads\/2024\/07\/Portrait_RS.png 2x\"\n                                         alt=\"\">\n                                                            <\/div>\n                            <div class=\"info\">\n                                <div class=\"body\">\n                                    <h2 class=\"h2 name\">Rahel Staubli<\/h2>\n                                    <p class=\"txt position\">Project Manager                                        <br>Haus der Stiftungen<\/p>\n                                                                                    <a href=\"mailto:staubli@swissfoundations.ch\" class=\"txt email\">staubli@swissfoundations.ch<\/a>                                                                            \n                                <\/div>\n                                <div class=\"liks-wrap\">\n                                                                                                                <a href=\"https:\/\/www.swissfoundations.ch\/wp-content\/uploads\/2024\/07\/Portrait_RS.png\" download\n                                           class=\"link\">Portrait<\/a>\n                                                                                                        <\/div>\n                            <\/div>\n                        <\/div>\n                    <p style=\"display:none;\">763<\/p><p style=\"display:none;\">Project Manager<\/p><p style=\"display:none;\">Project Manager<\/p>                        <div class=\"item\">\n                            <div class=\"img-wrap\">\n                                                                    <img decoding=\"async\" src=\"https:\/\/www.swissfoundations.ch\/wp-content\/uploads\/2024\/07\/Portrait_CB-144x192.png\"\n                                         srcset=\"https:\/\/www.swissfoundations.ch\/wp-content\/uploads\/2024\/07\/Portrait_CB-144x192.png 1x, https:\/\/www.swissfoundations.ch\/wp-content\/uploads\/2024\/07\/Portrait_CB.png 2x\"\n                                         alt=\"\">\n                                                            <\/div>\n                            <div class=\"info\">\n                                <div class=\"body\">\n                                    <h2 class=\"h2 name\">Cynthia Baker<\/h2>\n                                    <p class=\"txt position\">Project Manager                                        <br>Maison des Fondations<\/p>\n                                                                                    <a href=\"mailto:baker@swissfoundations.ch\" class=\"txt email\">baker@swissfoundations.ch<\/a>                                                                            \n                                <\/div>\n                                <div class=\"liks-wrap\">\n                                                                                                                <a href=\"https:\/\/www.swissfoundations.ch\/wp-content\/uploads\/2024\/07\/Portrait_CB.png\" download\n                                           class=\"link\">Portrait<\/a>\n                                                                                                        <\/div>\n                            <\/div>\n                        <\/div>\n                    <p style=\"display:none;\">4719<\/p><p style=\"display:none;\">Events<\/p><p style=\"display:none;\">Events<\/p>                        <div class=\"item\">\n                            <div class=\"img-wrap\">\n                                                                    <img decoding=\"async\" src=\"https:\/\/www.swissfoundations.ch\/wp-content\/uploads\/2025\/09\/Portrait_Simone_Sept.25-144x192.png\"\n                                         srcset=\"https:\/\/www.swissfoundations.ch\/wp-content\/uploads\/2025\/09\/Portrait_Simone_Sept.25-144x192.png 1x, https:\/\/www.swissfoundations.ch\/wp-content\/uploads\/2025\/09\/Portrait_Simone_Sept.25.png 2x\"\n                                         alt=\"\">\n                                                            <\/div>\n                            <div class=\"info\">\n                                <div class=\"body\">\n                                    <h2 class=\"h2 name\">Simone Meinen<\/h2>\n                                    <p class=\"txt position\">Events                                        <br>Haus der Stiftungen<\/p>\n                                                                                    <a href=\"mailto:meinen@swissfoundations.ch\" class=\"txt email\">meinen@swissfoundations.ch<\/a>                                                                            \n                                <\/div>\n                                <div class=\"liks-wrap\">\n                                                                                                                <a href=\"https:\/\/www.swissfoundations.ch\/wp-content\/uploads\/2025\/09\/Portrait_Simone_Sept.25.png\" download\n                                           class=\"link\">Portrait<\/a>\n                                                                                                        <\/div>\n                            <\/div>\n                        <\/div>\n                    <p style=\"display:none;\">4597<\/p><p style=\"display:none;\">Project Manager Kommunikation<\/p><p style=\"display:none;\">Project Manager Communication<\/p>                        <div class=\"item\">\n                            <div class=\"img-wrap\">\n                                                                    <img decoding=\"async\" src=\"https:\/\/www.swissfoundations.ch\/wp-content\/uploads\/2025\/09\/Portrait_Ellen_Sept.25-144x192.png\"\n                                         srcset=\"https:\/\/www.swissfoundations.ch\/wp-content\/uploads\/2025\/09\/Portrait_Ellen_Sept.25-144x192.png 1x, https:\/\/www.swissfoundations.ch\/wp-content\/uploads\/2025\/09\/Portrait_Ellen_Sept.25.png 2x\"\n                                         alt=\"\">\n                                                            <\/div>\n                            <div class=\"info\">\n                                <div class=\"body\">\n                                    <h2 class=\"h2 name\">Ellen Peter<\/h2>\n                                    <p class=\"txt position\">Project Manager Communication                                        <br>Haus der Stiftungen<\/p>\n                                                                                    <a href=\"mailto:peter@swissfoundations.ch\" class=\"txt email\">peter@swissfoundations.ch<\/a>                                                                            \n                                <\/div>\n                                <div class=\"liks-wrap\">\n                                                                                                                <a href=\"https:\/\/www.swissfoundations.ch\/wp-content\/uploads\/2025\/09\/Portrait_Ellen_Sept.25.png\" download\n                                           class=\"link\">Portrait<\/a>\n                                                                                                        <\/div>\n                            <\/div>\n                        <\/div>\n                    <p style=\"display:none;\">733<\/p><p style=\"display:none;\">Administration<\/p><p style=\"display:none;\">Administration<\/p>                        <div class=\"item\">\n                            <div class=\"img-wrap\">\n                                                                    <img decoding=\"async\" src=\"https:\/\/www.swissfoundations.ch\/wp-content\/uploads\/2024\/07\/Portrait_CG-1-144x192.png\"\n                                         srcset=\"https:\/\/www.swissfoundations.ch\/wp-content\/uploads\/2024\/07\/Portrait_CG-1-144x192.png 1x, https:\/\/www.swissfoundations.ch\/wp-content\/uploads\/2024\/07\/Portrait_CG-1.png 2x\"\n                                         alt=\"\">\n                                                            <\/div>\n                            <div class=\"info\">\n                                <div class=\"body\">\n                                    <h2 class=\"h2 name\">Cornelia Gutknecht<\/h2>\n                                    <p class=\"txt position\">Administration                                        <br>Haus der Stiftungen<\/p>\n                                                                                    <a href=\"mailto:gutknecht@swissfoundations.ch\" class=\"txt email\">gutknecht@swissfoundations.ch<\/a>                                                                            \n                                <\/div>\n                                <div class=\"liks-wrap\">\n                                                                                                                <a href=\"https:\/\/www.swissfoundations.ch\/wp-content\/uploads\/2024\/07\/Portrait_CG-1.png\" download\n                                           class=\"link\">Portrait<\/a>\n                                                                                                        <\/div>\n                            <\/div>\n                        <\/div>\n                    <p style=\"display:none;\">4318<\/p><p style=\"display:none;\">Recht &#038; Politik<\/p><p style=\"display:none;\">Droit &#038; Politique<\/p>                        <div class=\"item\">\n                            <div class=\"img-wrap\">\n                                                                    <img decoding=\"async\" src=\"https:\/\/www.swissfoundations.ch\/wp-content\/uploads\/2024\/07\/Portrait_PL2-144x192.png\"\n                                         srcset=\"https:\/\/www.swissfoundations.ch\/wp-content\/uploads\/2024\/07\/Portrait_PL2-144x192.png 1x, https:\/\/www.swissfoundations.ch\/wp-content\/uploads\/2024\/07\/Portrait_PL2.png 2x\"\n                                         alt=\"\">\n                                                            <\/div>\n                            <div class=\"info\">\n                                <div class=\"body\">\n                                    <h2 class=\"h2 name\">Patricia Legler<\/h2>\n                                    <p class=\"txt position\">Droit &#038; Politique                                        <br>Maison des Fondations<\/p>\n                                                                                    <a href=\"mailto:legler@swissfoundations.ch\" class=\"txt email\">legler@swissfoundations.ch<\/a>                                                                            \n                                <\/div>\n                                <div class=\"liks-wrap\">\n                                                                                                                <a href=\"https:\/\/www.swissfoundations.ch\/wp-content\/uploads\/2024\/07\/Portrait_PL2.png\" download\n                                           class=\"link\">Portrait<\/a>\n                                                                                                        <\/div>\n                            <\/div>\n                        <\/div>\n                    <p style=\"display:none;\">4621<\/p><p style=\"display:none;\">Assistenz &#038; \u00dcbersetzung<\/p><p style=\"display:none;\">Assistante &#038; Traductions<\/p>                        <div class=\"item\">\n                            <div class=\"img-wrap\">\n                                                                    <img decoding=\"async\" src=\"https:\/\/www.swissfoundations.ch\/wp-content\/uploads\/2024\/11\/Indira-144x192.png\"\n                                         srcset=\"https:\/\/www.swissfoundations.ch\/wp-content\/uploads\/2024\/11\/Indira-144x192.png 1x, https:\/\/www.swissfoundations.ch\/wp-content\/uploads\/2024\/11\/Indira.png 2x\"\n                                         alt=\"\">\n                                                            <\/div>\n                            <div class=\"info\">\n                                <div class=\"body\">\n                                    <h2 class=\"h2 name\">Indira Dickh\u00e4user<\/h2>\n                                    <p class=\"txt position\">Assistante &#038; Traductions                                        <br>Maison des Fondations<\/p>\n                                                                                    <a href=\"mailto:ge-assistant@swissfoundations.ch\" class=\"txt email\">ge-assistant@swissfoundations.ch<\/a>                                                                            \n                                <\/div>\n                                <div class=\"liks-wrap\">\n                                                                                                                <a href=\"https:\/\/www.swissfoundations.ch\/wp-content\/uploads\/2024\/11\/Indira.png\" download\n                                           class=\"link\">Portrait<\/a>\n                                                                                                        <\/div>\n                            <\/div>\n                        <\/div>\n                    <p style=\"display:none;\">4723<\/p><p style=\"display:none;\">Finanzen<\/p><p style=\"display:none;\">Finance<\/p>                        <div class=\"item\">\n                            <div class=\"img-wrap\">\n                                                                    <img decoding=\"async\" src=\"https:\/\/www.swissfoundations.ch\/wp-content\/uploads\/2025\/10\/Portrait_Lars-1-144x192.png\"\n                                         srcset=\"https:\/\/www.swissfoundations.ch\/wp-content\/uploads\/2025\/10\/Portrait_Lars-1-144x192.png 1x, https:\/\/www.swissfoundations.ch\/wp-content\/uploads\/2025\/10\/Portrait_Lars-1.png 2x\"\n                                         alt=\"\">\n                                                            <\/div>\n                            <div class=\"info\">\n                                <div class=\"body\">\n                                    <h2 class=\"h2 name\">Lars B\u00fcnger<\/h2>\n                                    <p class=\"txt position\">Finance                                        <br>SwissFoundations<\/p>\n                                                                                    <a href=\"mailto:buenger@swissfoundations.ch\" class=\"txt email\">buenger@swissfoundations.ch<\/a>                                                                            \n                                <\/div>\n                                <div class=\"liks-wrap\">\n                                                                                                                <a href=\"https:\/\/www.swissfoundations.ch\/wp-content\/uploads\/2025\/10\/Portrait_Lars-1.png\" download\n                                           class=\"link\">Portrait<\/a>\n                                                                                                        <\/div>\n                            <\/div>\n                        <\/div>\n                    \n                <\/div>\n            <\/div>\n        <\/div>\n    <\/div><div id=\"other-pages-links-block_5082479f7cce6602c48c4dbf89e7dd32\" class=\"container other-pages-g-wrap\">\n        <div class=\"row\">\n            \n            <div class=\"col-small col-small-md plate\">\n                <p class=\"h1 title\">En savoir plus sur nous<\/p>\n            <\/div>\n\n            <div class=\"col-rest\">\n                <ul>\n                    \n                        <li><a href=\"https:\/\/www.swissfoundations.ch\/fr\/a-propos\/portrait\/\"  class=\"h2 title\">Portrait<\/a><\/li>\n                    \n                        <li><a href=\"https:\/\/www.swissfoundations.ch\/fr\/a-propos\/nos-membres\/\"  class=\"h2 title\">Nos membres<\/a><\/li>\n                    \n                        <li><a href=\"https:\/\/www.swissfoundations.ch\/fr\/a-propos\/les-avantages-dune-adhesion\/\"  class=\"h2 title\">Les avantages d\u2019une adh\u00e9sion<\/a><\/li>\n                    \n                        <li><a href=\"https:\/\/www.swissfoundations.ch\/fr\/a-propos\/devenir-membre\/\"  class=\"h2 title\">Devenir membre<\/a><\/li>\n                    \n                        <li><a href=\"https:\/\/www.swissfoundations.ch\/fr\/a-propos\/comite-directeur\/\"  class=\"h2 title\">Comit\u00e9 directeur<\/a><\/li>\n                    \n                        <li><a href=\"https:\/\/www.swissfoundations.ch\/fr\/a-propos\/reseau-et-partenaires\/\"  class=\"h2 title\">R\u00e9seau et partenaires<\/a><\/li>\n                                    <\/ul>\n            <\/div>\n        <\/div>\n    <\/div>","protected":false},"excerpt":{"rendered":"","protected":false},"featured_media":5660,"template":"","class_list":["post-4843","about","type-about","status-publish","has-post-thumbnail","hentry"],"acf":[],"yoast_head":"<!-- This site is optimized with the Yoast SEO plugin v24.2 - https:\/\/yoast.com\/wordpress\/plugins\/seo\/ -->\n<title>Bureau - SwissFoundations<\/title>\n<meta name=\"robots\" content=\"index, follow, max-snippet:-1, max-image-preview:large, max-video-preview:-1\" \/>\n<link rel=\"canonical\" href=\"https:\/\/www.swissfoundations.ch\/fr\/a-propos\/bureau\/\" \/>\n<meta property=\"og:locale\" content=\"fr_FR\" \/>\n<meta property=\"og:type\" content=\"article\" \/>\n<meta property=\"og:title\" content=\"Bureau - SwissFoundations\" \/>\n<meta property=\"og:url\" content=\"https:\/\/www.swissfoundations.ch\/fr\/a-propos\/bureau\/\" \/>\n<meta property=\"og:site_name\" content=\"SwissFoundations\" \/>\n<meta property=\"article:modified_time\" content=\"2026-03-12T15:07:07+00:00\" \/>\n<meta property=\"og:image\" content=\"https:\/\/www.swissfoundations.ch\/wp-content\/uploads\/2019\/07\/Gesch\u00e4ftsstelle-scaled.jpg\" \/>\n\t<meta property=\"og:image:width\" content=\"2560\" \/>\n\t<meta property=\"og:image:height\" content=\"1707\" \/>\n\t<meta property=\"og:image:type\" content=\"image\/jpeg\" \/>\n<meta name=\"twitter:card\" content=\"summary_large_image\" \/>\n<meta name=\"twitter:label1\" content=\"Dur\u00e9e de lecture estim\u00e9e\" \/>\n\t<meta name=\"twitter:data1\" content=\"1 minute\" \/>\n<script type=\"application\/ld+json\" class=\"yoast-schema-graph\">{\"@context\":\"https:\/\/schema.org\",\"@graph\":[{\"@type\":\"WebPage\",\"@id\":\"https:\/\/www.swissfoundations.ch\/fr\/a-propos\/bureau\/\",\"url\":\"https:\/\/www.swissfoundations.ch\/fr\/a-propos\/bureau\/\",\"name\":\"Bureau - SwissFoundations\",\"isPartOf\":{\"@id\":\"https:\/\/www.swissfoundations.ch\/fr\/#website\"},\"primaryImageOfPage\":{\"@id\":\"https:\/\/www.swissfoundations.ch\/fr\/a-propos\/bureau\/#primaryimage\"},\"image\":{\"@id\":\"https:\/\/www.swissfoundations.ch\/fr\/a-propos\/bureau\/#primaryimage\"},\"thumbnailUrl\":\"https:\/\/www.swissfoundations.ch\/wp-content\/uploads\/2019\/07\/Gesch\u00e4ftsstelle-scaled.jpg\",\"datePublished\":\"2019-10-22T09:48:41+00:00\",\"dateModified\":\"2026-03-12T15:07:07+00:00\",\"breadcrumb\":{\"@id\":\"https:\/\/www.swissfoundations.ch\/fr\/a-propos\/bureau\/#breadcrumb\"},\"inLanguage\":\"fr-FR\",\"potentialAction\":[{\"@type\":\"ReadAction\",\"target\":[\"https:\/\/www.swissfoundations.ch\/fr\/a-propos\/bureau\/\"]}]},{\"@type\":\"ImageObject\",\"inLanguage\":\"fr-FR\",\"@id\":\"https:\/\/www.swissfoundations.ch\/fr\/a-propos\/bureau\/#primaryimage\",\"url\":\"https:\/\/www.swissfoundations.ch\/wp-content\/uploads\/2019\/07\/Gesch\u00e4ftsstelle-scaled.jpg\",\"contentUrl\":\"https:\/\/www.swissfoundations.ch\/wp-content\/uploads\/2019\/07\/Gesch\u00e4ftsstelle-scaled.jpg\",\"width\":2560,\"height\":1707,\"caption\":\"SwissFoundations Forum 2019 \u00e0 l'IMD, Lausanne, le 1er octobre 2019. Photo: Rapha\u00ebl Dupertuis\"},{\"@type\":\"BreadcrumbList\",\"@id\":\"https:\/\/www.swissfoundations.ch\/fr\/a-propos\/bureau\/#breadcrumb\",\"itemListElement\":[{\"@type\":\"ListItem\",\"position\":1,\"name\":\"Home\",\"item\":\"https:\/\/www.swissfoundations.ch\/fr\/\"},{\"@type\":\"ListItem\",\"position\":2,\"name\":\"Bureau\"}]},{\"@type\":\"WebSite\",\"@id\":\"https:\/\/www.swissfoundations.ch\/fr\/#website\",\"url\":\"https:\/\/www.swissfoundations.ch\/fr\/\",\"name\":\"SwissFoundations\",\"description\":\"rderstiftungen setzen sich in der Schweiz mit Kraft und Innovation f\u00fcr das Gemeinwohl ein. Mit SwissFoundations haben sie seit 2001 einen starken Partner an der Seite.&lt;br&gt;Als Gemeinschaftsinitiative von Schweizer Stiftungen gegr\u00fcndet, vertritt SwissFoundations deren Anliegen gegen\u00fcber \u00d6ffentlichkeit, Politik und Beh\u00f6rden und setzt sich f\u00fcr die nachhaltige St\u00e4rkung privaten Stiftungsengagements ein.\",\"potentialAction\":[{\"@type\":\"SearchAction\",\"target\":{\"@type\":\"EntryPoint\",\"urlTemplate\":\"https:\/\/www.swissfoundations.ch\/fr\/?s={search_term_string}\"},\"query-input\":{\"@type\":\"PropertyValueSpecification\",\"valueRequired\":true,\"valueName\":\"search_term_string\"}}],\"inLanguage\":\"fr-FR\"}]}<\/script>\n<!-- \/ Yoast SEO plugin. -->","yoast_head_json":{"title":"Bureau - SwissFoundations","robots":{"index":"index","follow":"follow","max-snippet":"max-snippet:-1","max-image-preview":"max-image-preview:large","max-video-preview":"max-video-preview:-1"},"canonical":"https:\/\/www.swissfoundations.ch\/fr\/a-propos\/bureau\/","og_locale":"fr_FR","og_type":"article","og_title":"Bureau - SwissFoundations","og_url":"https:\/\/www.swissfoundations.ch\/fr\/a-propos\/bureau\/","og_site_name":"SwissFoundations","article_modified_time":"2026-03-12T15:07:07+00:00","og_image":[{"width":2560,"height":1707,"url":"https:\/\/www.swissfoundations.ch\/wp-content\/uploads\/2019\/07\/Gesch\u00e4ftsstelle-scaled.jpg","type":"image\/jpeg"}],"twitter_card":"summary_large_image","twitter_misc":{"Dur\u00e9e de lecture estim\u00e9e":"1 minute"},"schema":{"@context":"https:\/\/schema.org","@graph":[{"@type":"WebPage","@id":"https:\/\/www.swissfoundations.ch\/fr\/a-propos\/bureau\/","url":"https:\/\/www.swissfoundations.ch\/fr\/a-propos\/bureau\/","name":"Bureau - SwissFoundations","isPartOf":{"@id":"https:\/\/www.swissfoundations.ch\/fr\/#website"},"primaryImageOfPage":{"@id":"https:\/\/www.swissfoundations.ch\/fr\/a-propos\/bureau\/#primaryimage"},"image":{"@id":"https:\/\/www.swissfoundations.ch\/fr\/a-propos\/bureau\/#primaryimage"},"thumbnailUrl":"https:\/\/www.swissfoundations.ch\/wp-content\/uploads\/2019\/07\/Gesch\u00e4ftsstelle-scaled.jpg","datePublished":"2019-10-22T09:48:41+00:00","dateModified":"2026-03-12T15:07:07+00:00","breadcrumb":{"@id":"https:\/\/www.swissfoundations.ch\/fr\/a-propos\/bureau\/#breadcrumb"},"inLanguage":"fr-FR","potentialAction":[{"@type":"ReadAction","target":["https:\/\/www.swissfoundations.ch\/fr\/a-propos\/bureau\/"]}]},{"@type":"ImageObject","inLanguage":"fr-FR","@id":"https:\/\/www.swissfoundations.ch\/fr\/a-propos\/bureau\/#primaryimage","url":"https:\/\/www.swissfoundations.ch\/wp-content\/uploads\/2019\/07\/Gesch\u00e4ftsstelle-scaled.jpg","contentUrl":"https:\/\/www.swissfoundations.ch\/wp-content\/uploads\/2019\/07\/Gesch\u00e4ftsstelle-scaled.jpg","width":2560,"height":1707,"caption":"SwissFoundations Forum 2019 \u00e0 l'IMD, Lausanne, le 1er octobre 2019. Photo: Rapha\u00ebl Dupertuis"},{"@type":"BreadcrumbList","@id":"https:\/\/www.swissfoundations.ch\/fr\/a-propos\/bureau\/#breadcrumb","itemListElement":[{"@type":"ListItem","position":1,"name":"Home","item":"https:\/\/www.swissfoundations.ch\/fr\/"},{"@type":"ListItem","position":2,"name":"Bureau"}]},{"@type":"WebSite","@id":"https:\/\/www.swissfoundations.ch\/fr\/#website","url":"https:\/\/www.swissfoundations.ch\/fr\/","name":"SwissFoundations","description":"rderstiftungen setzen sich in der Schweiz mit Kraft und Innovation f\u00fcr das Gemeinwohl ein. Mit SwissFoundations haben sie seit 2001 einen starken Partner an der Seite.&lt;br&gt;Als Gemeinschaftsinitiative von Schweizer Stiftungen gegr\u00fcndet, vertritt SwissFoundations deren Anliegen gegen\u00fcber \u00d6ffentlichkeit, Politik und Beh\u00f6rden und setzt sich f\u00fcr die nachhaltige St\u00e4rkung privaten Stiftungsengagements ein.","potentialAction":[{"@type":"SearchAction","target":{"@type":"EntryPoint","urlTemplate":"https:\/\/www.swissfoundations.ch\/fr\/?s={search_term_string}"},"query-input":{"@type":"PropertyValueSpecification","valueRequired":true,"valueName":"search_term_string"}}],"inLanguage":"fr-FR"}]}},"_links":{"self":[{"href":"https:\/\/www.swissfoundations.ch\/fr\/wp-json\/wp\/v2\/about\/4843","targetHints":{"allow":["GET"]}}],"collection":[{"href":"https:\/\/www.swissfoundations.ch\/fr\/wp-json\/wp\/v2\/about"}],"about":[{"href":"https:\/\/www.swissfoundations.ch\/fr\/wp-json\/wp\/v2\/types\/about"}],"version-history":[{"count":82,"href":"https:\/\/www.swissfoundations.ch\/fr\/wp-json\/wp\/v2\/about\/4843\/revisions"}],"predecessor-version":[{"id":68070,"href":"https:\/\/www.swissfoundations.ch\/fr\/wp-json\/wp\/v2\/about\/4843\/revisions\/68070"}],"wp:featuredmedia":[{"embeddable":true,"href":"https:\/\/www.swissfoundations.ch\/fr\/wp-json\/wp\/v2\/media\/5660"}],"wp:attachment":[{"href":"https:\/\/www.swissfoundations.ch\/fr\/wp-json\/wp\/v2\/media?parent=4843"}],"curies":[{"name":"wp","href":"https:\/\/api.w.org\/{rel}","templated":true}]}}