{"id":35375,"date":"2023-12-18T07:36:36","date_gmt":"2023-12-18T07:36:36","guid":{"rendered":"https:\/\/www.swissfoundations.ch\/ueber-uns\/medienseite-development\/"},"modified":"2025-07-07T12:43:03","modified_gmt":"2025-07-07T12:43:03","slug":"medias","status":"publish","type":"about","link":"https:\/\/www.swissfoundations.ch\/fr\/a-propos\/medias\/","title":{"rendered":"M\u00e9dias"},"content":{"rendered":"<div class=\"container\">\n        <div class=\"row head-type small\">\n            <div class=\"col-lg-12 plate\">\n                <div class=\"info-wrap\">\n                    <p class=\"h1 title\">M\u00e9dias<\/p>\n                <\/div>\n            <\/div>\n        <\/div>\n    <\/div><div class=\"container legal_council_list_media single-part\" id=\"members-list-block_405c9ef695b2e20d04b06fd6a2d003f8\">\r\n        <div class=\"row\">\r\n            <div class=\"col-lg-12 content-wrap global px0 legal_council_list_media_w\">\r\n\r\n                <h2 class=\"title_media\">Contact pour les m\u00e9dias<\/h2>\r\n\r\n                <div class=\"member-list-g-wrap\">\r\n                  \r\n                      <div class=\"item\">\r\n                          <div class=\"img-wrap\">\r\n                                                                <img decoding=\"async\" src=\"https:\/\/www.swissfoundations.ch\/wp-content\/uploads\/2024\/07\/Portrait_JG-144x192.png\"\r\n                                       srcset=\"https:\/\/www.swissfoundations.ch\/wp-content\/uploads\/2024\/07\/Portrait_JG-144x192.png 1x, https:\/\/www.swissfoundations.ch\/wp-content\/uploads\/2024\/07\/Portrait_JG.png 2x\"\r\n                                       alt=\"\">\r\n                                                        <\/div>\r\n                          <div class=\"info\">\r\n                              <div class=\"body\">\r\n                                  <h2 class=\"h2 name\">Jasmin Guggisberg<\/h2>\r\n                                  <p class=\"txt position\">Kommunikation                                      <br>Haus der Stiftungen                                                                            <a href=\"mailto:guggisberg@swissfoundations.ch\" class=\"txt email\">guggisberg@swissfoundations.ch<\/a>                                  <\/p>\r\n                              <\/div>\r\n                          <\/div>\r\n                      <\/div>\r\n\r\n                  \r\n\r\n                <\/div>\r\n            <\/div>\r\n        <\/div>\r\n    <\/div><div class=\"legal_council_list_media_info_block container news-column\">\r\n  <div class=\"news-column-w\">\r\n    <h3>Actualit\u00e9:<\/h3>\n<p>Le rapport sur les fondations pr\u00e9sente en un coup d&rsquo;\u0153il tous <strong>les chiffres, faits et tendances actuels et pertinents du secteur des fondations en Suisse<\/strong>. Le Rapport 2023 ainsi que les \u00e9ditions pr\u00e9c\u00e9dentes peuvent \u00eatre t\u00e9l\u00e9charg\u00e9s gratuitement en allemand et en fran\u00e7ais sur <a class=\"\" href=\"http:\/\/www.rapport-fondations.ch\" target=\"_blank\" rel=\"noopener\"><strong>www.rapport-fondations.ch<\/strong><\/a>.<\/p>\n\r\n  <\/div>\r\n<\/div><section class=\"container news-column\">\r\n        <div class=\" news-column-w\">\r\n            <h2 class=\"title_media\">Nos communiqu\u00e9s de presse<\/h2>\r\n            <div class=\"item group-item\">\r\n                <div class=\"news-column-section\">\r\n                                                <div class=\"news-item\">\r\n                                <div class=\"news-item-info\">\r\n                                    <h3>Les fondations donatrices suisses versent chaque ann\u00e9e environ 6 milliards de francs suisses au profit de la soci\u00e9t\u00e9 \u2013 soit deux fois plus que ce que l\u2019on pensait jusqu\u2019\u00e0 pr\u00e9sent<\/h3>\r\n                                    <p class=\"news-date\">\r\n                                        3 juin 2025                                        <a class=\"news-column-link\" href=\"https:\/\/www.swissfoundations.ch\/fr\/actualites\/les-fondations-donatrices-suisses-versent-chaque-annee-environ-6-milliards-de-francs-suisses-au-profit-de-la-societe-soit-deux-fois-plus-que-ce-que-lon-pensait-jusqua-prese\/\">\r\n                                            <span class=\"\">\r\n                                                <svg width=\"20\" height=\"21\" viewBox=\"0 0 20 21\" fill=\"none\" xmlns=\"http:\/\/www.w3.org\/2000\/svg\">\r\n                                                    <g id=\"Arrow\">\r\n                                                        <path id=\"Arrow right\" d=\"M15.1734 14.1667C15.4624 13.5589 15.7418 13.0271 16.0116 12.5712C16.3006 12.1154 16.58 11.7355 16.8497 11.4316H0V10.235H16.8497C16.58 9.91215 16.3006 9.52279 16.0116 9.06695C15.7418 8.61111 15.4624 8.08879 15.1734 7.5H16.185C17.3988 8.88651 18.6705 9.91215 20 10.5769V11.0897C18.6705 11.7355 17.3988 12.7612 16.185 14.1667H15.1734Z\" fill=\"black\" \/>\r\n                                                    <\/g>\r\n                                                <\/svg>\r\n                                                Link\r\n                                            <\/span>\r\n                                        <\/a>\r\n                                    <\/p>\r\n\r\n                                <\/div>\r\n                            <\/div>\r\n                                                <div class=\"news-item\">\r\n                                <div class=\"news-item-info\">\r\n                                    <h3>La philanthropie suisse demeure stable &#8211; Rapport sur les fondations en Suisse 2025 Preview<\/h3>\r\n                                    <p class=\"news-date\">\r\n                                        3 f\u00e9vrier 2025                                        <a class=\"news-column-link\" href=\"https:\/\/www.swissfoundations.ch\/fr\/actualites\/rapport-sur-les-fondations-en-suisse-2025-preview\/\">\r\n                                            <span class=\"\">\r\n                                                <svg width=\"20\" height=\"21\" viewBox=\"0 0 20 21\" fill=\"none\" xmlns=\"http:\/\/www.w3.org\/2000\/svg\">\r\n                                                    <g id=\"Arrow\">\r\n                                                        <path id=\"Arrow right\" d=\"M15.1734 14.1667C15.4624 13.5589 15.7418 13.0271 16.0116 12.5712C16.3006 12.1154 16.58 11.7355 16.8497 11.4316H0V10.235H16.8497C16.58 9.91215 16.3006 9.52279 16.0116 9.06695C15.7418 8.61111 15.4624 8.08879 15.1734 7.5H16.185C17.3988 8.88651 18.6705 9.91215 20 10.5769V11.0897C18.6705 11.7355 17.3988 12.7612 16.185 14.1667H15.1734Z\" fill=\"black\" \/>\r\n                                                    <\/g>\r\n                                                <\/svg>\r\n                                                Link\r\n                                            <\/span>\r\n                                        <\/a>\r\n                                    <\/p>\r\n\r\n                                <\/div>\r\n                            <\/div>\r\n                                                <div class=\"news-item\">\r\n                                <div class=\"news-item-info\">\r\n                                    <h3>Le secteur suisse des fondations se pr\u00e9pare \u00e0 l&#039;avenir \u2013 Par la participation et la digitalisation (Rapport sur les fondations en Suisse 2024)<\/h3>\r\n                                    <p class=\"news-date\">\r\n                                        4 juin 2024                                        <a class=\"news-column-link\" href=\"https:\/\/www.swissfoundations.ch\/fr\/actualites\/apport-sur-les-fondations-en-suisse-2024\/\">\r\n                                            <span class=\"\">\r\n                                                <svg width=\"20\" height=\"21\" viewBox=\"0 0 20 21\" fill=\"none\" xmlns=\"http:\/\/www.w3.org\/2000\/svg\">\r\n                                                    <g id=\"Arrow\">\r\n                                                        <path id=\"Arrow right\" d=\"M15.1734 14.1667C15.4624 13.5589 15.7418 13.0271 16.0116 12.5712C16.3006 12.1154 16.58 11.7355 16.8497 11.4316H0V10.235H16.8497C16.58 9.91215 16.3006 9.52279 16.0116 9.06695C15.7418 8.61111 15.4624 8.08879 15.1734 7.5H16.185C17.3988 8.88651 18.6705 9.91215 20 10.5769V11.0897C18.6705 11.7355 17.3988 12.7612 16.185 14.1667H15.1734Z\" fill=\"black\" \/>\r\n                                                    <\/g>\r\n                                                <\/svg>\r\n                                                Link\r\n                                            <\/span>\r\n                                        <\/a>\r\n                                    <\/p>\r\n\r\n                                <\/div>\r\n                            <\/div>\r\n                                                <div class=\"news-item\">\r\n                                <div class=\"news-item-info\">\r\n                                    <h3>La Suisse romande est de plus en plus pris\u00e9e par les fondations &#8211; Le canton de Gen\u00e8ve enregistre le plus grand nombre de nouvelles fondations en Suisse<\/h3>\r\n                                    <p class=\"news-date\">\r\n                                        31 janvier 2024                                        <a class=\"news-column-link\" href=\"https:\/\/www.swissfoundations.ch\/fr\/actualites\/stiftungsreport2024-preview\/\">\r\n                                            <span class=\"\">\r\n                                                <svg width=\"20\" height=\"21\" viewBox=\"0 0 20 21\" fill=\"none\" xmlns=\"http:\/\/www.w3.org\/2000\/svg\">\r\n                                                    <g id=\"Arrow\">\r\n                                                        <path id=\"Arrow right\" d=\"M15.1734 14.1667C15.4624 13.5589 15.7418 13.0271 16.0116 12.5712C16.3006 12.1154 16.58 11.7355 16.8497 11.4316H0V10.235H16.8497C16.58 9.91215 16.3006 9.52279 16.0116 9.06695C15.7418 8.61111 15.4624 8.08879 15.1734 7.5H16.185C17.3988 8.88651 18.6705 9.91215 20 10.5769V11.0897C18.6705 11.7355 17.3988 12.7612 16.185 14.1667H15.1734Z\" fill=\"black\" \/>\r\n                                                    <\/g>\r\n                                                <\/svg>\r\n                                                Link\r\n                                            <\/span>\r\n                                        <\/a>\r\n                                    <\/p>\r\n\r\n                                <\/div>\r\n                            <\/div>\r\n                                    <\/div>\r\n            <\/div>\r\n        <\/div>\r\n    <\/section><div class=\"container  mentions\" id=\"legal-council-list-block_238de4f4d82b25925bc17b4b4971b2a8\">\r\n        <div class=\"mentions-wrap\">\r\n            <div class=\"col-lg-12 mentions-wrap-section\">\r\n                <h2 class=\"title_media\">Mentions dans les m\u00e9dias<\/h2>\r\n                <div class=\"member-list-g-wrap\">\r\n                                            <div class=\"mentions-item\">\r\n                          <div class=\"\">\r\n                            <span class=\"mentions-item-wrapper-publ\">l`agefi<\/span>\r\n                            <p class=\"mentions-item-wrapper-date\">03\/06\/2025<\/p>\r\n                          <\/div>\r\n                          <div class=\"mentions-item-wrapper\">\r\n                            <h2 class=\"mentions-item-wrapper-title\">Les fondations donatrices distribuent bien plus que pens\u00e9<\/h2>\r\n                            <a href=\"https:\/\/www.media-account.de\/api\/meldung\/d09830f6688ece322f5200009a08efcf40cdf698\/medienblatt?locale=de_CH\" class=\"mentions-item-wrapper-link\" target=\"_blank\">\r\n                                <svg width=\"20\" height=\"21\" viewBox=\"0 0 20 21\" fill=\"none\" xmlns=\"http:\/\/www.w3.org\/2000\/svg\">\r\n                                    <g id=\"Arrow\">\r\n                                        <path id=\"Arrow right\" d=\"M15.1734 14.1667C15.4624 13.5589 15.7418 13.0271 16.0116 12.5712C16.3006 12.1154 16.58 11.7355 16.8497 11.4316H0V10.235H16.8497C16.58 9.91215 16.3006 9.52279 16.0116 9.06695C15.7418 8.61111 15.4624 8.08879 15.1734 7.5H16.185C17.3988 8.88651 18.6705 9.91215 20 10.5769V11.0897C18.6705 11.7355 17.3988 12.7612 16.185 14.1667H15.1734Z\" fill=\"black\" \/>\r\n                                    <\/g>\r\n                                <\/svg>\r\n                            <\/a>\r\n                          <\/div>\r\n                        <\/div>\r\n                                            <div class=\"mentions-item\">\r\n                          <div class=\"\">\r\n                            <span class=\"mentions-item-wrapper-publ\">SRF Tagesgespr\u00e4ch<\/span>\r\n                            <p class=\"mentions-item-wrapper-date\">03\/06\/2025<\/p>\r\n                          <\/div>\r\n                          <div class=\"mentions-item-wrapper\">\r\n                            <h2 class=\"mentions-item-wrapper-title\">Stiftungen sch\u00fctten jedes Jahr sechs Milliarden Franken aus<\/h2>\r\n                            <a href=\"https:\/\/www.srf.ch\/audio\/tagesgespraech\/stiftungen-sind-bedeutender-als-bisher-angenommen?id=AUDI20250603_NR_0029\" class=\"mentions-item-wrapper-link\" target=\"_blank\">\r\n                                <svg width=\"20\" height=\"21\" viewBox=\"0 0 20 21\" fill=\"none\" xmlns=\"http:\/\/www.w3.org\/2000\/svg\">\r\n                                    <g id=\"Arrow\">\r\n                                        <path id=\"Arrow right\" d=\"M15.1734 14.1667C15.4624 13.5589 15.7418 13.0271 16.0116 12.5712C16.3006 12.1154 16.58 11.7355 16.8497 11.4316H0V10.235H16.8497C16.58 9.91215 16.3006 9.52279 16.0116 9.06695C15.7418 8.61111 15.4624 8.08879 15.1734 7.5H16.185C17.3988 8.88651 18.6705 9.91215 20 10.5769V11.0897C18.6705 11.7355 17.3988 12.7612 16.185 14.1667H15.1734Z\" fill=\"black\" \/>\r\n                                    <\/g>\r\n                                <\/svg>\r\n                            <\/a>\r\n                          <\/div>\r\n                        <\/div>\r\n                                    <\/div>\r\n            <\/div>\r\n        <\/div>\r\n    <\/div><div id=\"downloads-block_1a27b6d4114a2ac6a07e63f9f1c22e02\"\r\n         class=\"downloads-g-wrap-full downloads-g-wrap container downloads\">\r\n        <div class=\"row\">\r\n\r\n                            <div class=\"col-sm-12 col-md-3 col-lg-4 downloads-g-wrap-full-title\">\r\n                    <p class=\"h1 title\">T\u00e9l\u00e9chargements<\/p>\r\n                <\/div>\r\n            \r\n            <div class=\"col-sm-12 col-md-9 col-lg-8 download-content-wrap\">\r\n                <ul>\r\n                    \r\n                        <li>\r\n                            <a href=\"https:\/\/www.swissfoundations.ch\/wp-content\/uploads\/2023\/12\/SwissFoundations_2025_FR.pdf\" target=\"_blank\">\r\n                                <div class=\"title-ico\">\r\n                                    <i class=\"pdf\"><\/i>\r\n                                    <span>SwissFoundations &#8211; La voix des fondations donatrices suisses<\/span>\r\n                                <\/div>\r\n                                <div class=\"download \">\r\n                                                                        <i>T\u00e9l\u00e9charger<\/i>\r\n                                <\/div>\r\n                            <\/a>\r\n                        <\/li>\r\n\r\n                    \r\n                        <li>\r\n                            <a href=\"https:\/\/www.swissfoundations.ch\/wp-content\/uploads\/2019\/10\/SF_Vision_Mission_Valeurs_F.pdf\" target=\"_blank\">\r\n                                <div class=\"title-ico\">\r\n                                    <i class=\"pdf\"><\/i>\r\n                                    <span>SwissFoundations: vision, mission et valeurs<\/span>\r\n                                <\/div>\r\n                                <div class=\"download \">\r\n                                                                        <i>T\u00e9l\u00e9charger<\/i>\r\n                                <\/div>\r\n                            <\/a>\r\n                        <\/li>\r\n\r\n                    \r\n                        <li>\r\n                            <a href=\"https:\/\/www.swissfoundations.ch\/wp-content\/uploads\/2019\/07\/24003-Swissfoundations-Jahresbericht-2023-Zeitung_F_DEF_digital.pdf\" target=\"_blank\">\r\n                                <div class=\"title-ico\">\r\n                                    <i class=\"pdf\"><\/i>\r\n                                    <span> Portrait annuel 2023<\/span>\r\n                                <\/div>\r\n                                <div class=\"download \">\r\n                                                                        <i>T\u00e9l\u00e9charger<\/i>\r\n                                <\/div>\r\n                            <\/a>\r\n                        <\/li>\r\n\r\n                                    <\/ul>\r\n            <\/div>\r\n            <div class=\"login-to-access\">\r\n                <div class=\"login-required-wrap\">\r\n                    <form id=\"login-down\" class=\"login-form form-styles ajax-auth\" action=\"login\" method=\"post\" data-redirect=\"https:\/\/www.swissfoundations.ch\/fr\/a-propos\/medias\/\">\r\n                        <h1 class=\"h1 title\">Login<\/h1>\r\n\r\n                        <input type=\"hidden\" id=\"security\" name=\"security\" value=\"4e32ffc60b\" \/><input type=\"hidden\" name=\"_wp_http_referer\" value=\"\/fr\/wp-json\/wp\/v2\/about\/35375\" \/>                        <div class=\"field-wrap\">\r\n\r\n                            <input id=\"username\" type=\"text\" class=\"h2 required\" name=\"username\"\r\n                                   placeholder=\"E-mail\">\r\n                        <\/div>\r\n                        <div class=\"field-wrap\">\r\n                            <input id=\"password\" type=\"password\" class=\"h2 required\" name=\"password\"\r\n                                   placeholder=\"Mot de passe\">\r\n                        <\/div>\r\n                        <div class=\"actions-wrap\">\r\n                            <a class=\"pw-reset\"\r\n                               href=\"https:\/\/www.swissfoundations.ch\/passwort-vergessen\/\">Mot de passe oubli\u00e9? <\/a>\r\n                            <input class=\"submit_button\" type=\"submit\" value=\"\u2192Login\">\r\n                        <\/div>\r\n                        <p class=\"form-status\"><\/p>\r\n                        <div class=\"no-account-text\">\r\n                            <p>Pas encore de compte?                                <a href=\"https:\/\/www.swissfoundations.ch\/fr\/login-inscription\/\">Les membres peuvent s\u2019enregistrer ici<\/a>\r\n                            <\/p>\r\n                        <\/div>\r\n                    <\/form>\r\n                <\/div>\r\n                <div class=\"login-additional-info-wrap\">\n    <div class=\"data-wrap\">\n        <p class=\"h2\">Les avantages des membres:<\/p>\n        <div class=\"title-small text\">\n            <ol>\n                <li>Informations actuelles<\/li>\n                <li>R\u00e9seau<\/li>\n                <li>Communication et plaidoyer<\/li>\n                <li>Conseil<\/li>\n                <li>Formation continue<\/li>\n            <\/ol>\n            <a class=\"h2 btn\" href=\"https:\/\/www.swissfoundations.ch\/fr\/a-propos\/devenir-membre\/\">Devenir membre<\/a>\n        <\/div>\n    <\/div>\n<\/div>            <\/div>\r\n        <\/div>\r\n    <\/div><div id=\"other-pages-links-block_4aba4726cd10c11391af1a4e983d1f23\" class=\"container other-pages-g-wrap\">\n        <div class=\"row\">\n            \n            <div class=\"col-small col-small-md plate\">\n                <p class=\"h1 title\">En savoir plus<\/p>\n            <\/div>\n\n            <div class=\"col-rest\">\n                <ul>\n                    \n                        <li><a href=\"https:\/\/www.swissfoundations.ch\/fr\/secteur\/faits-chiffres\/\" target=\"_blank\" class=\"h2 title\">Faits et chiffres du secteur<\/a><\/li>\n                    \n                        <li><a href=\"https:\/\/www.swissfoundations.ch\/fr\/inscription-newsletter\/\" target=\"_blank\" class=\"h2 title\">L&rsquo;abonnement newsletter<\/a><\/li>\n                    \n                        <li><a href=\"https:\/\/www.swissfoundations.ch\/fr\/actualites\/?t=advocacy-fr\" target=\"_blank\" class=\"h2 title\">Advocacy News<\/a><\/li>\n                    \n                        <li><a href=\"https:\/\/www.swissfoundations.ch\/fr\/a-propos\/portrait\/\" target=\"_blank\" class=\"h2 title\">SwissFoundations Portrait<\/a><\/li>\n                                    <\/ul>\n            <\/div>\n        <\/div>\n    <\/div>","protected":false},"excerpt":{"rendered":"<p>SwissFoundations donne une voix forte et ind\u00e9pendante aux fondations donatrices d&rsquo;utilit\u00e9 publique de Suisse. L&rsquo;association s&rsquo;engage pour une perception positive des fondations donatrices d&rsquo;utilit\u00e9 publique aupr\u00e8s du public. Nous traitons de sujets d&rsquo;actualit\u00e9, r\u00e9fl\u00e9chissons aux d\u00e9veloppements politico-juridiques et publions des ouvrages sur le secteur des fondations.<\/p>\n","protected":false},"featured_media":45613,"template":"page-template-pr-media.php","class_list":["post-35375","about","type-about","status-publish","has-post-thumbnail","hentry"],"acf":[],"yoast_head":"<!-- This site is optimized with the Yoast SEO plugin v24.2 - https:\/\/yoast.com\/wordpress\/plugins\/seo\/ -->\n<title>M\u00e9dias - SwissFoundations<\/title>\n<meta name=\"robots\" content=\"index, follow, max-snippet:-1, max-image-preview:large, max-video-preview:-1\" \/>\n<link rel=\"canonical\" href=\"https:\/\/www.swissfoundations.ch\/fr\/a-propos\/medias\/\" \/>\n<meta property=\"og:locale\" content=\"fr_FR\" \/>\n<meta property=\"og:type\" content=\"article\" \/>\n<meta property=\"og:title\" content=\"M\u00e9dias - SwissFoundations\" \/>\n<meta property=\"og:description\" content=\"SwissFoundations donne une voix forte et ind\u00e9pendante aux fondations donatrices d&#039;utilit\u00e9 publique de Suisse. L&#039;association s&#039;engage pour une perception positive des fondations donatrices d&#039;utilit\u00e9 publique aupr\u00e8s du public. Nous traitons de sujets d&#039;actualit\u00e9, r\u00e9fl\u00e9chissons aux d\u00e9veloppements politico-juridiques et publions des ouvrages sur le secteur des fondations.\" \/>\n<meta property=\"og:url\" content=\"https:\/\/www.swissfoundations.ch\/fr\/a-propos\/medias\/\" \/>\n<meta property=\"og:site_name\" content=\"SwissFoundations\" \/>\n<meta property=\"article:modified_time\" content=\"2025-07-07T12:43:03+00:00\" \/>\n<meta property=\"og:image\" content=\"https:\/\/www.swissfoundations.ch\/wp-content\/uploads\/2023\/12\/media_pic.png\" \/>\n\t<meta property=\"og:image:width\" content=\"1200\" \/>\n\t<meta property=\"og:image:height\" content=\"1200\" \/>\n\t<meta property=\"og:image:type\" content=\"image\/png\" \/>\n<meta name=\"twitter:card\" content=\"summary_large_image\" \/>\n<meta name=\"twitter:label1\" content=\"Dur\u00e9e de lecture estim\u00e9e\" \/>\n\t<meta name=\"twitter:data1\" content=\"1 minute\" \/>\n<script type=\"application\/ld+json\" class=\"yoast-schema-graph\">{\"@context\":\"https:\/\/schema.org\",\"@graph\":[{\"@type\":\"WebPage\",\"@id\":\"https:\/\/www.swissfoundations.ch\/fr\/a-propos\/medias\/\",\"url\":\"https:\/\/www.swissfoundations.ch\/fr\/a-propos\/medias\/\",\"name\":\"M\u00e9dias - SwissFoundations\",\"isPartOf\":{\"@id\":\"https:\/\/www.swissfoundations.ch\/fr\/#website\"},\"primaryImageOfPage\":{\"@id\":\"https:\/\/www.swissfoundations.ch\/fr\/a-propos\/medias\/#primaryimage\"},\"image\":{\"@id\":\"https:\/\/www.swissfoundations.ch\/fr\/a-propos\/medias\/#primaryimage\"},\"thumbnailUrl\":\"https:\/\/www.swissfoundations.ch\/wp-content\/uploads\/2023\/12\/media_pic.png\",\"datePublished\":\"2023-12-18T07:36:36+00:00\",\"dateModified\":\"2025-07-07T12:43:03+00:00\",\"breadcrumb\":{\"@id\":\"https:\/\/www.swissfoundations.ch\/fr\/a-propos\/medias\/#breadcrumb\"},\"inLanguage\":\"fr-FR\",\"potentialAction\":[{\"@type\":\"ReadAction\",\"target\":[\"https:\/\/www.swissfoundations.ch\/fr\/a-propos\/medias\/\"]}]},{\"@type\":\"ImageObject\",\"inLanguage\":\"fr-FR\",\"@id\":\"https:\/\/www.swissfoundations.ch\/fr\/a-propos\/medias\/#primaryimage\",\"url\":\"https:\/\/www.swissfoundations.ch\/wp-content\/uploads\/2023\/12\/media_pic.png\",\"contentUrl\":\"https:\/\/www.swissfoundations.ch\/wp-content\/uploads\/2023\/12\/media_pic.png\",\"width\":1200,\"height\":1200},{\"@type\":\"BreadcrumbList\",\"@id\":\"https:\/\/www.swissfoundations.ch\/fr\/a-propos\/medias\/#breadcrumb\",\"itemListElement\":[{\"@type\":\"ListItem\",\"position\":1,\"name\":\"Home\",\"item\":\"https:\/\/www.swissfoundations.ch\/fr\/\"},{\"@type\":\"ListItem\",\"position\":2,\"name\":\"M\u00e9dias\"}]},{\"@type\":\"WebSite\",\"@id\":\"https:\/\/www.swissfoundations.ch\/fr\/#website\",\"url\":\"https:\/\/www.swissfoundations.ch\/fr\/\",\"name\":\"SwissFoundations\",\"description\":\"rderstiftungen setzen sich in der Schweiz mit Kraft und Innovation f\u00fcr das Gemeinwohl ein. Mit SwissFoundations haben sie seit 2001 einen starken Partner an der Seite.&lt;br&gt;Als Gemeinschaftsinitiative von Schweizer Stiftungen gegr\u00fcndet, vertritt SwissFoundations deren Anliegen gegen\u00fcber \u00d6ffentlichkeit, Politik und Beh\u00f6rden und setzt sich f\u00fcr die nachhaltige St\u00e4rkung privaten Stiftungsengagements ein.\",\"potentialAction\":[{\"@type\":\"SearchAction\",\"target\":{\"@type\":\"EntryPoint\",\"urlTemplate\":\"https:\/\/www.swissfoundations.ch\/fr\/?s={search_term_string}\"},\"query-input\":{\"@type\":\"PropertyValueSpecification\",\"valueRequired\":true,\"valueName\":\"search_term_string\"}}],\"inLanguage\":\"fr-FR\"}]}<\/script>\n<!-- \/ Yoast SEO plugin. -->","yoast_head_json":{"title":"M\u00e9dias - SwissFoundations","robots":{"index":"index","follow":"follow","max-snippet":"max-snippet:-1","max-image-preview":"max-image-preview:large","max-video-preview":"max-video-preview:-1"},"canonical":"https:\/\/www.swissfoundations.ch\/fr\/a-propos\/medias\/","og_locale":"fr_FR","og_type":"article","og_title":"M\u00e9dias - SwissFoundations","og_description":"SwissFoundations donne une voix forte et ind\u00e9pendante aux fondations donatrices d'utilit\u00e9 publique de Suisse. L'association s'engage pour une perception positive des fondations donatrices d'utilit\u00e9 publique aupr\u00e8s du public. Nous traitons de sujets d'actualit\u00e9, r\u00e9fl\u00e9chissons aux d\u00e9veloppements politico-juridiques et publions des ouvrages sur le secteur des fondations.","og_url":"https:\/\/www.swissfoundations.ch\/fr\/a-propos\/medias\/","og_site_name":"SwissFoundations","article_modified_time":"2025-07-07T12:43:03+00:00","og_image":[{"width":1200,"height":1200,"url":"https:\/\/www.swissfoundations.ch\/wp-content\/uploads\/2023\/12\/media_pic.png","type":"image\/png"}],"twitter_card":"summary_large_image","twitter_misc":{"Dur\u00e9e de lecture estim\u00e9e":"1 minute"},"schema":{"@context":"https:\/\/schema.org","@graph":[{"@type":"WebPage","@id":"https:\/\/www.swissfoundations.ch\/fr\/a-propos\/medias\/","url":"https:\/\/www.swissfoundations.ch\/fr\/a-propos\/medias\/","name":"M\u00e9dias - SwissFoundations","isPartOf":{"@id":"https:\/\/www.swissfoundations.ch\/fr\/#website"},"primaryImageOfPage":{"@id":"https:\/\/www.swissfoundations.ch\/fr\/a-propos\/medias\/#primaryimage"},"image":{"@id":"https:\/\/www.swissfoundations.ch\/fr\/a-propos\/medias\/#primaryimage"},"thumbnailUrl":"https:\/\/www.swissfoundations.ch\/wp-content\/uploads\/2023\/12\/media_pic.png","datePublished":"2023-12-18T07:36:36+00:00","dateModified":"2025-07-07T12:43:03+00:00","breadcrumb":{"@id":"https:\/\/www.swissfoundations.ch\/fr\/a-propos\/medias\/#breadcrumb"},"inLanguage":"fr-FR","potentialAction":[{"@type":"ReadAction","target":["https:\/\/www.swissfoundations.ch\/fr\/a-propos\/medias\/"]}]},{"@type":"ImageObject","inLanguage":"fr-FR","@id":"https:\/\/www.swissfoundations.ch\/fr\/a-propos\/medias\/#primaryimage","url":"https:\/\/www.swissfoundations.ch\/wp-content\/uploads\/2023\/12\/media_pic.png","contentUrl":"https:\/\/www.swissfoundations.ch\/wp-content\/uploads\/2023\/12\/media_pic.png","width":1200,"height":1200},{"@type":"BreadcrumbList","@id":"https:\/\/www.swissfoundations.ch\/fr\/a-propos\/medias\/#breadcrumb","itemListElement":[{"@type":"ListItem","position":1,"name":"Home","item":"https:\/\/www.swissfoundations.ch\/fr\/"},{"@type":"ListItem","position":2,"name":"M\u00e9dias"}]},{"@type":"WebSite","@id":"https:\/\/www.swissfoundations.ch\/fr\/#website","url":"https:\/\/www.swissfoundations.ch\/fr\/","name":"SwissFoundations","description":"rderstiftungen setzen sich in der Schweiz mit Kraft und Innovation f\u00fcr das Gemeinwohl ein. Mit SwissFoundations haben sie seit 2001 einen starken Partner an der Seite.&lt;br&gt;Als Gemeinschaftsinitiative von Schweizer Stiftungen gegr\u00fcndet, vertritt SwissFoundations deren Anliegen gegen\u00fcber \u00d6ffentlichkeit, Politik und Beh\u00f6rden und setzt sich f\u00fcr die nachhaltige St\u00e4rkung privaten Stiftungsengagements ein.","potentialAction":[{"@type":"SearchAction","target":{"@type":"EntryPoint","urlTemplate":"https:\/\/www.swissfoundations.ch\/fr\/?s={search_term_string}"},"query-input":{"@type":"PropertyValueSpecification","valueRequired":true,"valueName":"search_term_string"}}],"inLanguage":"fr-FR"}]}},"_links":{"self":[{"href":"https:\/\/www.swissfoundations.ch\/fr\/wp-json\/wp\/v2\/about\/35375","targetHints":{"allow":["GET"]}}],"collection":[{"href":"https:\/\/www.swissfoundations.ch\/fr\/wp-json\/wp\/v2\/about"}],"about":[{"href":"https:\/\/www.swissfoundations.ch\/fr\/wp-json\/wp\/v2\/types\/about"}],"version-history":[{"count":37,"href":"https:\/\/www.swissfoundations.ch\/fr\/wp-json\/wp\/v2\/about\/35375\/revisions"}],"predecessor-version":[{"id":61601,"href":"https:\/\/www.swissfoundations.ch\/fr\/wp-json\/wp\/v2\/about\/35375\/revisions\/61601"}],"wp:featuredmedia":[{"embeddable":true,"href":"https:\/\/www.swissfoundations.ch\/fr\/wp-json\/wp\/v2\/media\/45613"}],"wp:attachment":[{"href":"https:\/\/www.swissfoundations.ch\/fr\/wp-json\/wp\/v2\/media?parent=35375"}],"curies":[{"name":"wp","href":"https:\/\/api.w.org\/{rel}","templated":true}]}}